{"id":10279,"date":"2023-05-19T14:55:30","date_gmt":"2023-05-19T12:55:30","guid":{"rendered":"https:\/\/chateau-la-clyde.fr\/?page_id=10279"},"modified":"2026-01-14T23:12:39","modified_gmt":"2026-01-14T22:12:39","slug":"les-vins-rouges-bio-du-chateau-la-clyde","status":"publish","type":"page","link":"https:\/\/chateau-la-clyde.fr\/en\/les-vins-rouges-bio-du-chateau-la-clyde\/","title":{"rendered":"Les vins rouges bio du Ch\u00e2teau La Clyde"},"content":{"rendered":"<p>[et_pb_section fb_built=\u00a0\u00bb1&Prime; fullwidth=\u00a0\u00bbon\u00a0\u00bb _builder_version=\u00a0\u00bb4.20.0&Prime; _module_preset=\u00a0\u00bbdefault\u00a0\u00bb custom_margin=\u00a0\u00bb||||false|false\u00a0\u00bb custom_padding=\u00a0\u00bb0px||||false|false\u00a0\u00bb global_colors_info=\u00a0\u00bb{}\u00a0\u00bb][et_pb_fullwidth_header title=\u00a0\u00bbNos vins rouges\u00a0\u00bb text_orientation=\u00a0\u00bbcenter\u00a0\u00bb header_scroll_down=\u00a0\u00bbon\u00a0\u00bb logo_image_url=\u00a0\u00bbhttps:\/\/chateau-la-clyde.fr\/wp-content\/uploads\/2023\/03\/chateau-la-clyde-logos-biodynamie-demeter-ecocert.png\u00a0\u00bb scroll_down_icon_size_tablet=\u00a0\u00bb42px\u00a0\u00bb scroll_down_icon_size_phone=\u00a0\u00bb31px\u00a0\u00bb scroll_down_icon_size_last_edited=\u00a0\u00bbon|desktop\u00a0\u00bb logo_image_url_tablet=\u00a0\u00bbhttps:\/\/chateau-la-clyde.fr\/wp-content\/uploads\/2023\/03\/chateau-la-clyde-logos-biodynamie-demeter-ecocert.png\u00a0\u00bb logo_image_url_phone=\u00a0\u00bbhttps:\/\/chateau-la-clyde.fr\/wp-content\/uploads\/2023\/03\/ecocert-demeter-logos-chateau-la-clyde.png\u00a0\u00bb logo_image_url_last_edited=\u00a0\u00bbon|phone\u00a0\u00bb _builder_version=\u00a0\u00bb4.21.0&Prime; _module_preset=\u00a0\u00bbdefault\u00a0\u00bb title_font=\u00a0\u00bbRoboto|700|||||||\u00a0\u00bb title_text_align=\u00a0\u00bbleft\u00a0\u00bb title_font_size=\u00a0\u00bb44px\u00a0\u00bb content_font=\u00a0\u00bbRoboto|500|||||||\u00a0\u00bb content_text_align=\u00a0\u00bbleft\u00a0\u00bb background_enable_color=\u00a0\u00bboff\u00a0\u00bb background_image=\u00a0\u00bbhttps:\/\/chateau-la-clyde.fr\/wp-content\/uploads\/2023\/03\/chateau-la-clyde-nos-vins-bio-demeter-ecocert.jpg\u00a0\u00bb module_alignment=\u00a0\u00bbcenter\u00a0\u00bb custom_margin=\u00a0\u00bb-12px||0px|0px|false|false\u00a0\u00bb custom_margin_tablet=\u00a0\u00bb-12px||0px|0px|false|false\u00a0\u00bb custom_margin_phone=\u00a0\u00bb9px||0px|0px|false|false\u00a0\u00bb custom_margin_last_edited=\u00a0\u00bbon|tablet\u00a0\u00bb custom_padding=\u00a0\u00bb0px|0px|74px|0px|false|false\u00a0\u00bb custom_padding_tablet=\u00a0\u00bb0px|0px|74px|0px|false|false\u00a0\u00bb custom_padding_phone=\u00a0\u00bb||52px||false|false\u00a0\u00bb custom_padding_last_edited=\u00a0\u00bbon|phone\u00a0\u00bb title_font_size_tablet=\u00a0\u00bb40px\u00a0\u00bb title_font_size_phone=\u00a0\u00bb37px\u00a0\u00bb title_font_size_last_edited=\u00a0\u00bbon|phone\u00a0\u00bb title_text_shadow_style=\u00a0\u00bbpreset4&Prime; content_text_shadow_style=\u00a0\u00bbpreset1&Prime; global_colors_info=\u00a0\u00bb{}\u00a0\u00bb]<\/p>\n<p>Vendanges manuelles , production limit\u00e9e.<br \/>Ni herbicide, ni pesticide.<br \/>Certifications Bio 2021 et Biodynamie 2021 .<\/p>\n<p>[\/et_pb_fullwidth_header][\/et_pb_section][et_pb_section fb_built=\u00a0\u00bb1&Prime; _builder_version=\u00a0\u00bb4.21.0&Prime; _module_preset=\u00a0\u00bbdefault\u00a0\u00bb custom_padding=\u00a0\u00bb13px||13px|||\u00a0\u00bb global_colors_info=\u00a0\u00bb{}\u00a0\u00bb][et_pb_row _builder_version=\u00a0\u00bb4.21.0&Prime; _module_preset=\u00a0\u00bbdefault\u00a0\u00bb custom_padding=\u00a0\u00bb||17px|||\u00a0\u00bb global_colors_info=\u00a0\u00bb{}\u00a0\u00bb][et_pb_column type=\u00a0\u00bb4_4&Prime; _builder_version=\u00a0\u00bb4.21.0&Prime; _module_preset=\u00a0\u00bbdefault\u00a0\u00bb global_colors_info=\u00a0\u00bb{}\u00a0\u00bb][et_pb_text _builder_version=\u00a0\u00bb4.21.0&Prime; _module_preset=\u00a0\u00bbdefault\u00a0\u00bb header_2_font=\u00a0\u00bbRoboto|700|||||||\u00a0\u00bb header_2_text_align=\u00a0\u00bbcenter\u00a0\u00bb header_2_text_color=\u00a0\u00bb#1F3B67&Prime; header_2_font_size=\u00a0\u00bb29px\u00a0\u00bb header_3_font=\u00a0\u00bbRoboto|700|||||||\u00a0\u00bb header_3_text_align=\u00a0\u00bbcenter\u00a0\u00bb header_3_text_color=\u00a0\u00bb#1F3B67&Prime; global_colors_info=\u00a0\u00bb{}\u00a0\u00bb]<\/p>\n<h2>Les vins rouges du Ch\u00e2teau La Clyde<\/h2>\n<h3>C\u00d4TES DE BORDEAUX<\/h3>\n<p>[\/et_pb_text][\/et_pb_column][\/et_pb_row][\/et_pb_section][et_pb_section fb_built=\u00a0\u00bb1&Prime; admin_label=\u00a0\u00bbLe Parpagnas\u00a0\u00bb _builder_version=\u00a0\u00bb4.21.0&Prime; _module_preset=\u00a0\u00bbdefault\u00a0\u00bb background_enable_image=\u00a0\u00bboff\u00a0\u00bb custom_padding=\u00a0\u00bb14px||2px|||\u00a0\u00bb locked=\u00a0\u00bboff\u00a0\u00bb collapsed=\u00a0\u00bboff\u00a0\u00bb global_colors_info=\u00a0\u00bb{}\u00a0\u00bb][et_pb_row _builder_version=\u00a0\u00bb4.16&Prime; _module_preset=\u00a0\u00bbdefault\u00a0\u00bb custom_padding=\u00a0\u00bb13px||7px|||\u00a0\u00bb global_colors_info=\u00a0\u00bb{}\u00a0\u00bb][et_pb_column type=\u00a0\u00bb4_4&Prime; _builder_version=\u00a0\u00bb4.16&Prime; _module_preset=\u00a0\u00bbdefault\u00a0\u00bb global_colors_info=\u00a0\u00bb{}\u00a0\u00bb][et_pb_text admin_label=\u00a0\u00bbParpagnas 2018. Collines de la Moure.\u00a0\u00bb _builder_version=\u00a0\u00bb4.21.0&Prime; _module_preset=\u00a0\u00bbdefault\u00a0\u00bb header_3_font=\u00a0\u00bbRoboto||on||||||\u00a0\u00bb header_3_text_align=\u00a0\u00bbcenter\u00a0\u00bb header_3_text_color=\u00a0\u00bb#1F3B67&Prime; global_colors_info=\u00a0\u00bb{}\u00a0\u00bb]<\/p>\n<h3 style=\"text-align: center;\"><strong>2020 &#8211; C\u00f4tes de Bordeaux H\u00c9DON\u00c9<br \/><\/strong><\/h3>\n<p>[\/et_pb_text][\/et_pb_column][\/et_pb_row][et_pb_row _builder_version=\u00a0\u00bb4.16&Prime; _module_preset=\u00a0\u00bbdefault\u00a0\u00bb custom_padding=\u00a0\u00bb10px||2px|||\u00a0\u00bb global_colors_info=\u00a0\u00bb{}\u00a0\u00bb][et_pb_column type=\u00a0\u00bb4_4&Prime; _builder_version=\u00a0\u00bb4.16&Prime; _module_preset=\u00a0\u00bbdefault\u00a0\u00bb global_colors_info=\u00a0\u00bb{}\u00a0\u00bb][et_pb_divider color=\u00a0\u00bb#1F3B67&Prime; divider_weight=\u00a0\u00bb2px\u00a0\u00bb _builder_version=\u00a0\u00bb4.21.0&Prime; _module_preset=\u00a0\u00bbdefault\u00a0\u00bb width=\u00a0\u00bb25%\u00a0\u00bb module_alignment=\u00a0\u00bbcenter\u00a0\u00bb global_colors_info=\u00a0\u00bb{}\u00a0\u00bb][\/et_pb_divider][\/et_pb_column][\/et_pb_row][et_pb_row column_structure=\u00a0\u00bb1_2,1_2&Prime; _builder_version=\u00a0\u00bb4.21.0&Prime; _module_preset=\u00a0\u00bbdefault\u00a0\u00bb min_height=\u00a0\u00bb708px\u00a0\u00bb height=\u00a0\u00bb750px\u00a0\u00bb max_height=\u00a0\u00bb100px\u00a0\u00bb custom_padding=\u00a0\u00bb12px|||||\u00a0\u00bb global_colors_info=\u00a0\u00bb{}\u00a0\u00bb][et_pb_column type=\u00a0\u00bb1_2&Prime; _builder_version=\u00a0\u00bb4.21.0&Prime; _module_preset=\u00a0\u00bbdefault\u00a0\u00bb custom_padding=\u00a0\u00bb10px||1px||false|false\u00a0\u00bb border_color_all=\u00a0\u00bb#1F3B67&Prime; border_width_right=\u00a0\u00bb3px\u00a0\u00bb border_width_all_tablet=\u00a0\u00bb\u00a0\u00bb border_width_all_phone=\u00a0\u00bb\u00a0\u00bb border_width_all_last_edited=\u00a0\u00bbon|desktop\u00a0\u00bb border_width_right_tablet=\u00a0\u00bb0px\u00a0\u00bb border_width_right_phone=\u00a0\u00bb\u00a0\u00bb border_width_right_last_edited=\u00a0\u00bbon|phone\u00a0\u00bb global_colors_info=\u00a0\u00bb{}\u00a0\u00bb][et_pb_image src=\u00a0\u00bbhttps:\/\/chateau-la-clyde.fr\/wp-content\/uploads\/2023\/10\/chateau-la-clyde-cote-de-bordeaux-hedone-2020.jpg\u00a0\u00bb title_text=\u00a0\u00bbDesign sans titre &#8211; 1&Prime; show_bottom_space=\u00a0\u00bboff\u00a0\u00bb align=\u00a0\u00bbcenter\u00a0\u00bb _builder_version=\u00a0\u00bb4.21.0&Prime; _module_preset=\u00a0\u00bbdefault\u00a0\u00bb width=\u00a0\u00bb79%\u00a0\u00bb module_alignment=\u00a0\u00bbcenter\u00a0\u00bb custom_margin=\u00a0\u00bb|0px|||false|false\u00a0\u00bb custom_padding=\u00a0\u00bb|10px|||false|false\u00a0\u00bb box_shadow_style=\u00a0\u00bbpreset2&Prime; global_colors_info=\u00a0\u00bb{}\u00a0\u00bb][\/et_pb_image][\/et_pb_column][et_pb_column type=\u00a0\u00bb1_2&Prime; _builder_version=\u00a0\u00bb4.16&Prime; _module_preset=\u00a0\u00bbdefault\u00a0\u00bb global_colors_info=\u00a0\u00bb{}\u00a0\u00bb][et_pb_text _builder_version=\u00a0\u00bb4.21.0&Prime; _module_preset=\u00a0\u00bbdefault\u00a0\u00bb text_font=\u00a0\u00bb|600|||||||\u00a0\u00bb text_text_color=\u00a0\u00bb#000000&Prime; header_4_font=\u00a0\u00bbRoboto|700|||||||\u00a0\u00bb header_4_text_color=\u00a0\u00bb#1F3B67&Prime; custom_margin_tablet=\u00a0\u00bb16px||||false|false\u00a0\u00bb custom_margin_phone=\u00a0\u00bb14px||||false|false\u00a0\u00bb custom_margin_last_edited=\u00a0\u00bbon|tablet\u00a0\u00bb global_colors_info=\u00a0\u00bb{}\u00a0\u00bb]<\/p>\n<h4>COMMENTAIRE DU SOMMELIER<\/h4>\n<p>[\/et_pb_text][et_pb_text _builder_version=\u00a0\u00bb4.21.0&Prime; _module_preset=\u00a0\u00bbdefault\u00a0\u00bb text_font=\u00a0\u00bbRoboto|500|||||||\u00a0\u00bb text_text_color=\u00a0\u00bb#1F3B67&Prime; global_colors_info=\u00a0\u00bb{}\u00a0\u00bb]<\/p>\n<p>Apr\u00e8s 15 minutes de carafage, ce beau mill\u00e9sime r\u00e9v\u00e8le une bouche ample et des tanins tr\u00e8s souples.<\/p>\n<p>Robe rubis \u00e0 reflets noirs, complexit\u00e9 de son bouquet et puissance de son palais. De la framboise au cassis, joli fruit\u00e9. Belle mati\u00e8re ample et tanique, bien arm\u00e9 pour la garde.<\/p>\n<p>&nbsp;<\/p>\n<blockquote>\n<h4><strong>Coup de coeur et 2 \u00e9toiles au guide HACHETTE<\/strong><\/h4>\n<p>&nbsp;<\/p>\n<\/blockquote>\n<p><strong><br \/>C\u00e9pages :<\/strong> Merlot (80%), Cabernet Franc (10%), Cabernet Sauvignon (10%)<\/p>\n<p><strong>Conduite de la vigne :<\/strong> Vendanges manuelles, Bio &amp; Biodynamie<\/p>\n<p><strong>Type d\u2019\u00e9levage :<\/strong> Barriques en ch\u00eane fran\u00e7ais 15 mois<\/p>\n<p>&nbsp;<\/p>\n<h4 style=\"text-align: left;\"><\/h4>\n<p>[\/et_pb_text][\/et_pb_column][\/et_pb_row][et_pb_row column_structure=\u00a0\u00bb1_2,1_2&Prime; admin_label=\u00a0\u00bbLigne Tarif \/ Acheter\u00a0\u00bb _builder_version=\u00a0\u00bb4.21.0&Prime; _module_preset=\u00a0\u00bbdefault\u00a0\u00bb custom_margin=\u00a0\u00bb-143px||||false|false\u00a0\u00bb global_colors_info=\u00a0\u00bb{}\u00a0\u00bb][et_pb_column type=\u00a0\u00bb1_2&Prime; _builder_version=\u00a0\u00bb4.16&Prime; _module_preset=\u00a0\u00bbdefault\u00a0\u00bb global_colors_info=\u00a0\u00bb{}\u00a0\u00bb][\/et_pb_column][et_pb_column type=\u00a0\u00bb1_2&Prime; _builder_version=\u00a0\u00bb4.16&Prime; _module_preset=\u00a0\u00bbdefault\u00a0\u00bb global_colors_info=\u00a0\u00bb{}\u00a0\u00bb][et_pb_button button_url=\u00a0\u00bbhttps:\/\/chateau-la-clyde.fr\/acheter-les-vins-bio-du-chateau-la-clyde\/#commander\u00a0\u00bb url_new_window=\u00a0\u00bbon\u00a0\u00bb button_text=\u00a0\u00bbAcheter ce vin\u00a0\u00bb button_alignment=\u00a0\u00bbcenter\u00a0\u00bb _builder_version=\u00a0\u00bb4.21.0&Prime; _module_preset=\u00a0\u00bbdefault\u00a0\u00bb custom_button=\u00a0\u00bbon\u00a0\u00bb button_text_size=\u00a0\u00bb18px\u00a0\u00bb button_bg_color=\u00a0\u00bb#1f3b67&Prime; button_border_width=\u00a0\u00bb0px\u00a0\u00bb button_font=\u00a0\u00bbRoboto||||||||\u00a0\u00bb background_layout=\u00a0\u00bbdark\u00a0\u00bb custom_margin=\u00a0\u00bb-33px|58px||0px|false|false\u00a0\u00bb custom_margin_tablet=\u00a0\u00bb12px|33px|-10px||false|false\u00a0\u00bb custom_margin_phone=\u00a0\u00bb12px|31px||0px|false|false\u00a0\u00bb custom_margin_last_edited=\u00a0\u00bbon|phone\u00a0\u00bb custom_padding=\u00a0\u00bb5px||||false|false\u00a0\u00bb button_text_size_tablet=\u00a0\u00bb15px\u00a0\u00bb button_text_size_phone=\u00a0\u00bb15px\u00a0\u00bb button_text_size_last_edited=\u00a0\u00bbon|tablet\u00a0\u00bb box_shadow_style=\u00a0\u00bbpreset2&Prime; global_colors_info=\u00a0\u00bb{}\u00a0\u00bb][\/et_pb_button][\/et_pb_column][\/et_pb_row][\/et_pb_section][et_pb_section fb_built=\u00a0\u00bb1&Prime; admin_label=\u00a0\u00bbLe Parpagnas\u00a0\u00bb _builder_version=\u00a0\u00bb4.21.0&Prime; _module_preset=\u00a0\u00bbdefault\u00a0\u00bb background_enable_image=\u00a0\u00bboff\u00a0\u00bb custom_padding=\u00a0\u00bb12px||45px|||\u00a0\u00bb collapsed=\u00a0\u00bboff\u00a0\u00bb global_colors_info=\u00a0\u00bb{}\u00a0\u00bb][et_pb_row _builder_version=\u00a0\u00bb4.16&Prime; _module_preset=\u00a0\u00bbdefault\u00a0\u00bb custom_padding=\u00a0\u00bb15px||7px|||\u00a0\u00bb global_colors_info=\u00a0\u00bb{}\u00a0\u00bb][et_pb_column type=\u00a0\u00bb4_4&Prime; _builder_version=\u00a0\u00bb4.16&Prime; _module_preset=\u00a0\u00bbdefault\u00a0\u00bb global_colors_info=\u00a0\u00bb{}\u00a0\u00bb][et_pb_text admin_label=\u00a0\u00bbParpagnas 2018. Collines de la Moure.\u00a0\u00bb _builder_version=\u00a0\u00bb4.21.0&Prime; _module_preset=\u00a0\u00bbdefault\u00a0\u00bb header_3_font=\u00a0\u00bbRoboto||on||||||\u00a0\u00bb header_3_text_align=\u00a0\u00bbcenter\u00a0\u00bb header_3_text_color=\u00a0\u00bb#1F3B67&Prime; global_colors_info=\u00a0\u00bb{}\u00a0\u00bb]<\/p>\n<h3 style=\"text-align: center;\"><strong>2017 &#8211; C\u00f4tes de Bordeaux<br \/><\/strong><\/h3>\n<p>[\/et_pb_text][\/et_pb_column][\/et_pb_row][et_pb_row _builder_version=\u00a0\u00bb4.16&Prime; _module_preset=\u00a0\u00bbdefault\u00a0\u00bb custom_padding=\u00a0\u00bb10px|||||\u00a0\u00bb global_colors_info=\u00a0\u00bb{}\u00a0\u00bb][et_pb_column type=\u00a0\u00bb4_4&Prime; _builder_version=\u00a0\u00bb4.16&Prime; _module_preset=\u00a0\u00bbdefault\u00a0\u00bb global_colors_info=\u00a0\u00bb{}\u00a0\u00bb][et_pb_divider color=\u00a0\u00bb#1F3B67&Prime; divider_weight=\u00a0\u00bb2px\u00a0\u00bb _builder_version=\u00a0\u00bb4.21.0&Prime; _module_preset=\u00a0\u00bbdefault\u00a0\u00bb width=\u00a0\u00bb25%\u00a0\u00bb module_alignment=\u00a0\u00bbcenter\u00a0\u00bb global_colors_info=\u00a0\u00bb{}\u00a0\u00bb][\/et_pb_divider][\/et_pb_column][\/et_pb_row][et_pb_row column_structure=\u00a0\u00bb1_2,1_2&Prime; make_equal=\u00a0\u00bbon\u00a0\u00bb _builder_version=\u00a0\u00bb4.21.0&Prime; _module_preset=\u00a0\u00bbdefault\u00a0\u00bb module_alignment=\u00a0\u00bbcenter\u00a0\u00bb min_height=\u00a0\u00bb567px\u00a0\u00bb height=\u00a0\u00bb572px\u00a0\u00bb max_height=\u00a0\u00bb567px\u00a0\u00bb custom_margin=\u00a0\u00bb||0px||false|false\u00a0\u00bb custom_padding=\u00a0\u00bb||0px||false|false\u00a0\u00bb global_colors_info=\u00a0\u00bb{}\u00a0\u00bb][et_pb_column type=\u00a0\u00bb1_2&Prime; _builder_version=\u00a0\u00bb4.21.0&Prime; _module_preset=\u00a0\u00bbdefault\u00a0\u00bb custom_padding=\u00a0\u00bb0px||0px||false|false\u00a0\u00bb border_color_all=\u00a0\u00bb#1F3B67&Prime; border_width_right=\u00a0\u00bb3px\u00a0\u00bb border_width_all_tablet=\u00a0\u00bb\u00a0\u00bb border_width_all_phone=\u00a0\u00bb\u00a0\u00bb border_width_all_last_edited=\u00a0\u00bbon|desktop\u00a0\u00bb border_width_right_tablet=\u00a0\u00bb0px\u00a0\u00bb border_width_right_phone=\u00a0\u00bb\u00a0\u00bb border_width_right_last_edited=\u00a0\u00bbon|phone\u00a0\u00bb global_colors_info=\u00a0\u00bb{}\u00a0\u00bb][et_pb_code _builder_version=\u00a0\u00bb4.21.0&Prime; _module_preset=\u00a0\u00bbdefault\u00a0\u00bb width=\u00a0\u00bb100%\u00a0\u00bb max_width=\u00a0\u00bb82%\u00a0\u00bb max_width_tablet=\u00a0\u00bb70%\u00a0\u00bb max_width_phone=\u00a0\u00bb70%\u00a0\u00bb max_width_last_edited=\u00a0\u00bbon|tablet\u00a0\u00bb module_alignment=\u00a0\u00bbcenter\u00a0\u00bb min_height=\u00a0\u00bb1000px\u00a0\u00bb min_height_tablet=\u00a0\u00bb591px\u00a0\u00bb min_height_phone=\u00a0\u00bb591px\u00a0\u00bb min_height_last_edited=\u00a0\u00bbon|phone\u00a0\u00bb height=\u00a0\u00bb1000px\u00a0\u00bb height_tablet=\u00a0\u00bb764px\u00a0\u00bb height_phone=\u00a0\u00bb703px\u00a0\u00bb height_last_edited=\u00a0\u00bbon|desktop\u00a0\u00bb max_height=\u00a0\u00bb1000px\u00a0\u00bb max_height_tablet=\u00a0\u00bb816px\u00a0\u00bb max_height_phone=\u00a0\u00bb1000px\u00a0\u00bb max_height_last_edited=\u00a0\u00bbon|tablet\u00a0\u00bb custom_margin=\u00a0\u00bb-31px||||false|false\u00a0\u00bb custom_margin_tablet=\u00a0\u00bb-31px||||false|false\u00a0\u00bb custom_margin_phone=\u00a0\u00bb-72px||||false|false\u00a0\u00bb custom_margin_last_edited=\u00a0\u00bbon|tablet\u00a0\u00bb custom_padding=\u00a0\u00bb0px||||false|false\u00a0\u00bb global_colors_info=\u00a0\u00bb{}\u00a0\u00bb]  [\/et_pb_code][\/et_pb_column][et_pb_column type=\u00a0\u00bb1_2&Prime; _builder_version=\u00a0\u00bb4.21.0&Prime; _module_preset=\u00a0\u00bbdefault\u00a0\u00bb global_colors_info=\u00a0\u00bb{}\u00a0\u00bb][et_pb_text _builder_version=\u00a0\u00bb4.21.0&Prime; _module_preset=\u00a0\u00bbdefault\u00a0\u00bb text_font=\u00a0\u00bb|600|||||||\u00a0\u00bb text_text_color=\u00a0\u00bb#000000&Prime; header_4_font=\u00a0\u00bbRoboto|700|||||||\u00a0\u00bb header_4_text_color=\u00a0\u00bb#1F3B67&Prime; custom_margin_tablet=\u00a0\u00bb-25px||||false|false\u00a0\u00bb custom_margin_phone=\u00a0\u00bb-25px||||false|false\u00a0\u00bb custom_margin_last_edited=\u00a0\u00bbon|phone\u00a0\u00bb global_colors_info=\u00a0\u00bb{}\u00a0\u00bb]<\/p>\n<h4>COMMENTAIRE DU SOMMELIER<\/h4>\n<p>[\/et_pb_text][et_pb_text _builder_version=\u00a0\u00bb4.21.0&Prime; _module_preset=\u00a0\u00bbdefault\u00a0\u00bb text_font=\u00a0\u00bbRoboto|500|||||||\u00a0\u00bb text_text_color=\u00a0\u00bb#1F3B67&Prime; global_colors_info=\u00a0\u00bb{}\u00a0\u00bb]<\/p>\n<p>Belle robe pourpre tirant sur le grenat.<\/p>\n<p>Un nez r\u00e9gliss\u00e9 digne d\u2019un grand vin des appellations connues de tous.<\/p>\n<p>La bouche est ample, de belles notes de fruits.<\/p>\n<p>Le vieillissement est agr\u00e9able et rend le vin gouleyant.<\/p>\n<p>Une envie de consommation journali\u00e8re (avec mod\u00e9ration tout de m\u00eame).<br \/>Il a encore de belles ann\u00e9es devant lui.<\/p>\n<p>Ce vin pourrait \u00eatre celui des amis, de la table \u00e0 partager.<\/p>\n<p>Il invite \u00e0 \u00eatre consomm\u00e9 autour de plats en sauces, tomate ou cr\u00e8me, et mijot\u00e9s. Les classiques de la gastronomie fran\u00e7aise.<\/p>\n<p><strong>C\u00e9pages :<\/strong> Merlot (80%), Cabernet Franc (10%), Cabernet Sauvignon (10%)<\/p>\n<p><strong>Conduite de la vigne :<\/strong> Vendanges manuelles, Bio &amp; Biodynamie<\/p>\n<p><strong>Type d\u2019\u00e9levage :<\/strong> Cuve<\/p>\n<p>[\/et_pb_text][\/et_pb_column][\/et_pb_row][et_pb_row column_structure=\u00a0\u00bb1_2,1_2&Prime; admin_label=\u00a0\u00bbLigne Tarif \/ Acheter\u00a0\u00bb _builder_version=\u00a0\u00bb4.16&Prime; _module_preset=\u00a0\u00bbdefault\u00a0\u00bb custom_padding=\u00a0\u00bb||13px|||\u00a0\u00bb global_colors_info=\u00a0\u00bb{}\u00a0\u00bb][et_pb_column type=\u00a0\u00bb1_2&Prime; _builder_version=\u00a0\u00bb4.16&Prime; _module_preset=\u00a0\u00bbdefault\u00a0\u00bb global_colors_info=\u00a0\u00bb{}\u00a0\u00bb][\/et_pb_column][et_pb_column type=\u00a0\u00bb1_2&Prime; _builder_version=\u00a0\u00bb4.16&Prime; _module_preset=\u00a0\u00bbdefault\u00a0\u00bb global_colors_info=\u00a0\u00bb{}\u00a0\u00bb][et_pb_button button_url=\u00a0\u00bbhttps:\/\/chateau-la-clyde.fr\/acheter-les-vins-bio-du-chateau-la-clyde\/\u00a0\u00bb url_new_window=\u00a0\u00bbon\u00a0\u00bb button_text=\u00a0\u00bbAcheter ce vin\u00a0\u00bb button_alignment=\u00a0\u00bbcenter\u00a0\u00bb _builder_version=\u00a0\u00bb4.21.0&Prime; _module_preset=\u00a0\u00bbdefault\u00a0\u00bb custom_button=\u00a0\u00bbon\u00a0\u00bb button_text_size=\u00a0\u00bb18px\u00a0\u00bb button_bg_color=\u00a0\u00bb#1f3b67&Prime; button_border_width=\u00a0\u00bb0px\u00a0\u00bb button_font=\u00a0\u00bbRoboto||||||||\u00a0\u00bb background_layout=\u00a0\u00bbdark\u00a0\u00bb custom_margin=\u00a0\u00bb-6px|58px||0px|false|false\u00a0\u00bb custom_margin_tablet=\u00a0\u00bb8px|37px||22px|false|false\u00a0\u00bb custom_margin_phone=\u00a0\u00bb23px|||25px|false|false\u00a0\u00bb custom_margin_last_edited=\u00a0\u00bbon|phone\u00a0\u00bb custom_padding=\u00a0\u00bb8px||||false|false\u00a0\u00bb button_text_size_tablet=\u00a0\u00bb16px\u00a0\u00bb button_text_size_phone=\u00a0\u00bb16px\u00a0\u00bb button_text_size_last_edited=\u00a0\u00bbon|tablet\u00a0\u00bb box_shadow_style=\u00a0\u00bbpreset2&Prime; global_colors_info=\u00a0\u00bb{}\u00a0\u00bb][\/et_pb_button][\/et_pb_column][\/et_pb_row][\/et_pb_section][et_pb_section fb_built=\u00a0\u00bb1&Prime; admin_label=\u00a0\u00bbLe Parpagnas\u00a0\u00bb _builder_version=\u00a0\u00bb4.21.0&Prime; _module_preset=\u00a0\u00bbdefault\u00a0\u00bb background_enable_image=\u00a0\u00bboff\u00a0\u00bb custom_padding=\u00a0\u00bb36px||2px|||\u00a0\u00bb collapsed=\u00a0\u00bboff\u00a0\u00bb global_colors_info=\u00a0\u00bb{}\u00a0\u00bb][et_pb_row _builder_version=\u00a0\u00bb4.16&Prime; _module_preset=\u00a0\u00bbdefault\u00a0\u00bb custom_padding=\u00a0\u00bb13px||7px|||\u00a0\u00bb global_colors_info=\u00a0\u00bb{}\u00a0\u00bb][et_pb_column type=\u00a0\u00bb4_4&Prime; _builder_version=\u00a0\u00bb4.16&Prime; _module_preset=\u00a0\u00bbdefault\u00a0\u00bb global_colors_info=\u00a0\u00bb{}\u00a0\u00bb][et_pb_text admin_label=\u00a0\u00bbParpagnas 2018. Collines de la Moure.\u00a0\u00bb _builder_version=\u00a0\u00bb4.21.0&Prime; _module_preset=\u00a0\u00bbdefault\u00a0\u00bb header_3_font=\u00a0\u00bbRoboto||on||||||\u00a0\u00bb header_3_text_align=\u00a0\u00bbcenter\u00a0\u00bb header_3_text_color=\u00a0\u00bb#1F3B67&Prime; global_colors_info=\u00a0\u00bb{}\u00a0\u00bb]<\/p>\n<h3 style=\"text-align: center;\"><strong>2018 &#8211; C\u00f4tes de Bordeaux H\u00c9DON\u00c9<br \/><\/strong><\/h3>\n<p>[\/et_pb_text][\/et_pb_column][\/et_pb_row][et_pb_row _builder_version=\u00a0\u00bb4.16&Prime; _module_preset=\u00a0\u00bbdefault\u00a0\u00bb custom_padding=\u00a0\u00bb10px||2px|||\u00a0\u00bb global_colors_info=\u00a0\u00bb{}\u00a0\u00bb][et_pb_column type=\u00a0\u00bb4_4&Prime; _builder_version=\u00a0\u00bb4.16&Prime; _module_preset=\u00a0\u00bbdefault\u00a0\u00bb global_colors_info=\u00a0\u00bb{}\u00a0\u00bb][et_pb_divider color=\u00a0\u00bb#1F3B67&Prime; divider_weight=\u00a0\u00bb2px\u00a0\u00bb _builder_version=\u00a0\u00bb4.21.0&Prime; _module_preset=\u00a0\u00bbdefault\u00a0\u00bb width=\u00a0\u00bb25%\u00a0\u00bb module_alignment=\u00a0\u00bbcenter\u00a0\u00bb global_colors_info=\u00a0\u00bb{}\u00a0\u00bb][\/et_pb_divider][\/et_pb_column][\/et_pb_row][et_pb_row column_structure=\u00a0\u00bb1_2,1_2&Prime; _builder_version=\u00a0\u00bb4.21.0&Prime; _module_preset=\u00a0\u00bbdefault\u00a0\u00bb min_height=\u00a0\u00bb708px\u00a0\u00bb height=\u00a0\u00bb750px\u00a0\u00bb max_height=\u00a0\u00bb100px\u00a0\u00bb custom_padding=\u00a0\u00bb12px|||||\u00a0\u00bb global_colors_info=\u00a0\u00bb{}\u00a0\u00bb][et_pb_column type=\u00a0\u00bb1_2&Prime; _builder_version=\u00a0\u00bb4.21.0&Prime; _module_preset=\u00a0\u00bbdefault\u00a0\u00bb custom_padding=\u00a0\u00bb10px||1px||false|false\u00a0\u00bb border_color_all=\u00a0\u00bb#1F3B67&Prime; border_width_right=\u00a0\u00bb3px\u00a0\u00bb border_width_all_tablet=\u00a0\u00bb\u00a0\u00bb border_width_all_phone=\u00a0\u00bb\u00a0\u00bb border_width_all_last_edited=\u00a0\u00bbon|desktop\u00a0\u00bb border_width_right_tablet=\u00a0\u00bb0px\u00a0\u00bb border_width_right_phone=\u00a0\u00bb\u00a0\u00bb border_width_right_last_edited=\u00a0\u00bbon|phone\u00a0\u00bb global_colors_info=\u00a0\u00bb{}\u00a0\u00bb][et_pb_image src=\u00a0\u00bbhttps:\/\/chateau-la-clyde.fr\/wp-content\/uploads\/2023\/05\/chateau-la-clyde-cote-de-bordeaux-hedone-2018.jpg\u00a0\u00bb title_text=\u00a0\u00bbchateau-la-clyde-cote-de-bordeaux-hedone-2018&Prime; show_bottom_space=\u00a0\u00bboff\u00a0\u00bb align=\u00a0\u00bbcenter\u00a0\u00bb _builder_version=\u00a0\u00bb4.21.0&Prime; _module_preset=\u00a0\u00bbdefault\u00a0\u00bb width=\u00a0\u00bb79%\u00a0\u00bb module_alignment=\u00a0\u00bbcenter\u00a0\u00bb custom_margin=\u00a0\u00bb|0px|||false|false\u00a0\u00bb custom_padding=\u00a0\u00bb|10px|||false|false\u00a0\u00bb box_shadow_style=\u00a0\u00bbpreset2&Prime; global_colors_info=\u00a0\u00bb{}\u00a0\u00bb][\/et_pb_image][\/et_pb_column][et_pb_column type=\u00a0\u00bb1_2&Prime; _builder_version=\u00a0\u00bb4.16&Prime; _module_preset=\u00a0\u00bbdefault\u00a0\u00bb global_colors_info=\u00a0\u00bb{}\u00a0\u00bb][et_pb_text _builder_version=\u00a0\u00bb4.21.0&Prime; _module_preset=\u00a0\u00bbdefault\u00a0\u00bb text_font=\u00a0\u00bb|600|||||||\u00a0\u00bb text_text_color=\u00a0\u00bb#000000&Prime; header_4_font=\u00a0\u00bbRoboto|700|||||||\u00a0\u00bb header_4_text_color=\u00a0\u00bb#1F3B67&Prime; custom_margin_tablet=\u00a0\u00bb16px||||false|false\u00a0\u00bb custom_margin_phone=\u00a0\u00bb14px||||false|false\u00a0\u00bb custom_margin_last_edited=\u00a0\u00bbon|tablet\u00a0\u00bb global_colors_info=\u00a0\u00bb{}\u00a0\u00bb]<\/p>\n<h4>COMMENTAIRE DU SOMMELIER<\/h4>\n<p>[\/et_pb_text][et_pb_text _builder_version=\u00a0\u00bb4.21.0&Prime; _module_preset=\u00a0\u00bbdefault\u00a0\u00bb text_font=\u00a0\u00bbRoboto|500|||||||\u00a0\u00bb text_text_color=\u00a0\u00bb#1F3B67&Prime; global_colors_info=\u00a0\u00bb{}\u00a0\u00bb]<\/p>\n<p>Apr\u00e8s 15 minutes de carafage, ce beau mill\u00e9sime r\u00e9v\u00e8le une bouche ample et des tanins tr\u00e8s souples. <\/p>\n<p>Des notes de fruits noirs, l\u00e9g\u00e8rement confitur\u00e9s, conf\u00e8rent \u00e0 ce mill\u00e9sime \u00e0 la dominante de merlot une garde exceptionnelle.<\/p>\n<p>&nbsp;<\/p>\n<p><strong>C\u00e9pages :<\/strong> Merlot (80%), Cabernet Franc (10%), Cabernet Sauvignon (10%)<\/p>\n<p>&nbsp;<\/p>\n<p><strong>Conduite de la vigne :<\/strong> Vendanges manuelles, Bio &amp; Biodynamie<\/p>\n<p>&nbsp;<\/p>\n<p><strong>Type d\u2019\u00e9levage :<\/strong> Barriques en ch\u00eane fran\u00e7ais 15 mois<\/p>\n<p>[\/et_pb_text][\/et_pb_column][\/et_pb_row][et_pb_row column_structure=\u00a0\u00bb1_2,1_2&Prime; admin_label=\u00a0\u00bbLigne Tarif \/ Acheter\u00a0\u00bb _builder_version=\u00a0\u00bb4.21.0&Prime; _module_preset=\u00a0\u00bbdefault\u00a0\u00bb custom_margin=\u00a0\u00bb-143px||||false|false\u00a0\u00bb global_colors_info=\u00a0\u00bb{}\u00a0\u00bb][et_pb_column type=\u00a0\u00bb1_2&Prime; _builder_version=\u00a0\u00bb4.16&Prime; _module_preset=\u00a0\u00bbdefault\u00a0\u00bb global_colors_info=\u00a0\u00bb{}\u00a0\u00bb][\/et_pb_column][et_pb_column type=\u00a0\u00bb1_2&Prime; _builder_version=\u00a0\u00bb4.16&Prime; _module_preset=\u00a0\u00bbdefault\u00a0\u00bb global_colors_info=\u00a0\u00bb{}\u00a0\u00bb][et_pb_button button_url=\u00a0\u00bbhttps:\/\/chateau-la-clyde.fr\/acheter-les-vins-bio-du-chateau-la-clyde\/\u00a0\u00bb url_new_window=\u00a0\u00bbon\u00a0\u00bb button_text=\u00a0\u00bbAcheter ce vin\u00a0\u00bb button_alignment=\u00a0\u00bbcenter\u00a0\u00bb _builder_version=\u00a0\u00bb4.21.0&Prime; _module_preset=\u00a0\u00bbdefault\u00a0\u00bb custom_button=\u00a0\u00bbon\u00a0\u00bb button_text_size=\u00a0\u00bb18px\u00a0\u00bb button_bg_color=\u00a0\u00bb#1f3b67&Prime; button_border_width=\u00a0\u00bb0px\u00a0\u00bb button_font=\u00a0\u00bbRoboto||||||||\u00a0\u00bb background_layout=\u00a0\u00bbdark\u00a0\u00bb custom_margin=\u00a0\u00bb-33px|58px||0px|false|false\u00a0\u00bb custom_margin_tablet=\u00a0\u00bb12px|33px|-10px||false|false\u00a0\u00bb custom_margin_phone=\u00a0\u00bb12px|31px||0px|false|false\u00a0\u00bb custom_margin_last_edited=\u00a0\u00bbon|phone\u00a0\u00bb custom_padding=\u00a0\u00bb5px||||false|false\u00a0\u00bb button_text_size_tablet=\u00a0\u00bb15px\u00a0\u00bb button_text_size_phone=\u00a0\u00bb15px\u00a0\u00bb button_text_size_last_edited=\u00a0\u00bbon|tablet\u00a0\u00bb box_shadow_style=\u00a0\u00bbpreset2&Prime; global_colors_info=\u00a0\u00bb{}\u00a0\u00bb][\/et_pb_button][\/et_pb_column][\/et_pb_row][\/et_pb_section][et_pb_section fb_built=\u00a0\u00bb1&Prime; admin_label=\u00a0\u00bbLe Parpagnas\u00a0\u00bb _builder_version=\u00a0\u00bb4.21.0&Prime; _module_preset=\u00a0\u00bbdefault\u00a0\u00bb background_enable_image=\u00a0\u00bboff\u00a0\u00bb min_height=\u00a0\u00bb847.8px\u00a0\u00bb custom_padding=\u00a0\u00bb12px||11px|||\u00a0\u00bb collapsed=\u00a0\u00bboff\u00a0\u00bb global_colors_info=\u00a0\u00bb{}\u00a0\u00bb][et_pb_row _builder_version=\u00a0\u00bb4.16&Prime; _module_preset=\u00a0\u00bbdefault\u00a0\u00bb custom_padding=\u00a0\u00bb15px||7px|||\u00a0\u00bb global_colors_info=\u00a0\u00bb{}\u00a0\u00bb][et_pb_column type=\u00a0\u00bb4_4&Prime; _builder_version=\u00a0\u00bb4.16&Prime; _module_preset=\u00a0\u00bbdefault\u00a0\u00bb global_colors_info=\u00a0\u00bb{}\u00a0\u00bb][et_pb_text admin_label=\u00a0\u00bbParpagnas 2018. Collines de la Moure.\u00a0\u00bb _builder_version=\u00a0\u00bb4.21.0&Prime; _module_preset=\u00a0\u00bbdefault\u00a0\u00bb header_3_font=\u00a0\u00bbRoboto||on||||||\u00a0\u00bb header_3_text_align=\u00a0\u00bbcenter\u00a0\u00bb header_3_text_color=\u00a0\u00bb#1F3B67&Prime; global_colors_info=\u00a0\u00bb{}\u00a0\u00bb]<\/p>\n<h3 style=\"text-align: center;\"><strong>2019 &#8211; C\u00f4tes de Bordeaux<br \/><\/strong><\/h3>\n<p>[\/et_pb_text][\/et_pb_column][\/et_pb_row][et_pb_row _builder_version=\u00a0\u00bb4.16&Prime; _module_preset=\u00a0\u00bbdefault\u00a0\u00bb custom_padding=\u00a0\u00bb10px|||||\u00a0\u00bb global_colors_info=\u00a0\u00bb{}\u00a0\u00bb][et_pb_column type=\u00a0\u00bb4_4&Prime; _builder_version=\u00a0\u00bb4.16&Prime; _module_preset=\u00a0\u00bbdefault\u00a0\u00bb global_colors_info=\u00a0\u00bb{}\u00a0\u00bb][et_pb_divider color=\u00a0\u00bb#1F3B67&Prime; divider_weight=\u00a0\u00bb2px\u00a0\u00bb _builder_version=\u00a0\u00bb4.21.0&Prime; _module_preset=\u00a0\u00bbdefault\u00a0\u00bb width=\u00a0\u00bb25%\u00a0\u00bb module_alignment=\u00a0\u00bbcenter\u00a0\u00bb global_colors_info=\u00a0\u00bb{}\u00a0\u00bb][\/et_pb_divider][\/et_pb_column][\/et_pb_row][et_pb_row column_structure=\u00a0\u00bb1_2,1_2&Prime; make_equal=\u00a0\u00bbon\u00a0\u00bb _builder_version=\u00a0\u00bb4.21.0&Prime; _module_preset=\u00a0\u00bbdefault\u00a0\u00bb module_alignment=\u00a0\u00bbcenter\u00a0\u00bb min_height=\u00a0\u00bb567px\u00a0\u00bb height=\u00a0\u00bb572px\u00a0\u00bb max_height=\u00a0\u00bb567px\u00a0\u00bb custom_margin=\u00a0\u00bb||0px||false|false\u00a0\u00bb custom_padding=\u00a0\u00bb||0px||false|false\u00a0\u00bb global_colors_info=\u00a0\u00bb{}\u00a0\u00bb][et_pb_column type=\u00a0\u00bb1_2&Prime; _builder_version=\u00a0\u00bb4.21.0&Prime; _module_preset=\u00a0\u00bbdefault\u00a0\u00bb custom_padding=\u00a0\u00bb0px||0px||false|false\u00a0\u00bb border_color_all=\u00a0\u00bb#1F3B67&Prime; border_width_right=\u00a0\u00bb3px\u00a0\u00bb border_width_all_tablet=\u00a0\u00bb\u00a0\u00bb border_width_all_phone=\u00a0\u00bb\u00a0\u00bb border_width_all_last_edited=\u00a0\u00bbon|desktop\u00a0\u00bb border_width_right_tablet=\u00a0\u00bb0px\u00a0\u00bb border_width_right_phone=\u00a0\u00bb\u00a0\u00bb border_width_right_last_edited=\u00a0\u00bbon|phone\u00a0\u00bb global_colors_info=\u00a0\u00bb{}\u00a0\u00bb][et_pb_code _builder_version=\u00a0\u00bb4.21.0&Prime; _module_preset=\u00a0\u00bbdefault\u00a0\u00bb width=\u00a0\u00bb100%\u00a0\u00bb max_width=\u00a0\u00bb82%\u00a0\u00bb max_width_tablet=\u00a0\u00bb70%\u00a0\u00bb max_width_phone=\u00a0\u00bb70%\u00a0\u00bb max_width_last_edited=\u00a0\u00bbon|tablet\u00a0\u00bb module_alignment=\u00a0\u00bbcenter\u00a0\u00bb min_height=\u00a0\u00bb1000px\u00a0\u00bb min_height_tablet=\u00a0\u00bb591px\u00a0\u00bb min_height_phone=\u00a0\u00bb591px\u00a0\u00bb min_height_last_edited=\u00a0\u00bbon|phone\u00a0\u00bb height=\u00a0\u00bb1000px\u00a0\u00bb height_tablet=\u00a0\u00bb764px\u00a0\u00bb height_phone=\u00a0\u00bb703px\u00a0\u00bb height_last_edited=\u00a0\u00bbon|desktop\u00a0\u00bb max_height=\u00a0\u00bb1000px\u00a0\u00bb max_height_tablet=\u00a0\u00bb816px\u00a0\u00bb max_height_phone=\u00a0\u00bb1000px\u00a0\u00bb max_height_last_edited=\u00a0\u00bbon|tablet\u00a0\u00bb custom_margin=\u00a0\u00bb-31px||||false|false\u00a0\u00bb custom_margin_tablet=\u00a0\u00bb-31px||||false|false\u00a0\u00bb custom_margin_phone=\u00a0\u00bb-75px||||false|false\u00a0\u00bb custom_margin_last_edited=\u00a0\u00bbon|tablet\u00a0\u00bb custom_padding=\u00a0\u00bb0px||||false|false\u00a0\u00bb global_colors_info=\u00a0\u00bb{}\u00a0\u00bb][\/et_pb_code][\/et_pb_column][et_pb_column type=\u00a0\u00bb1_2&Prime; _builder_version=\u00a0\u00bb4.21.0&Prime; _module_preset=\u00a0\u00bbdefault\u00a0\u00bb global_colors_info=\u00a0\u00bb{}\u00a0\u00bb][et_pb_text _builder_version=\u00a0\u00bb4.21.0&Prime; _module_preset=\u00a0\u00bbdefault\u00a0\u00bb text_font=\u00a0\u00bb|600|||||||\u00a0\u00bb text_text_color=\u00a0\u00bb#000000&Prime; header_4_font=\u00a0\u00bbRoboto|700|||||||\u00a0\u00bb header_4_text_color=\u00a0\u00bb#1F3B67&Prime; custom_margin_tablet=\u00a0\u00bb-25px||||false|false\u00a0\u00bb custom_margin_phone=\u00a0\u00bb-25px||||false|false\u00a0\u00bb custom_margin_last_edited=\u00a0\u00bbon|phone\u00a0\u00bb global_colors_info=\u00a0\u00bb{}\u00a0\u00bb]<\/p>\n<h4>COMMENTAIRE DU SOMMELIER<\/h4>\n<p>[\/et_pb_text][et_pb_text _builder_version=\u00a0\u00bb4.21.0&Prime; _module_preset=\u00a0\u00bbdefault\u00a0\u00bb text_font=\u00a0\u00bbRoboto|500|||||||\u00a0\u00bb text_text_color=\u00a0\u00bb#1F3B67&Prime; global_colors_info=\u00a0\u00bb{}\u00a0\u00bb]<\/p>\n<p>Un c\u00f4t\u00e9 plus r\u00e9duit, un nez plus subtil que 2017, avec, semble-t-il, un cabernet franc plus pr\u00e9sent.<\/p>\n<p>Il pr\u00e9sage un beau potentiel au vu du 2017, avec une complexit\u00e9 aromatique plus nette.<\/p>\n<p>En revanche il s\u2019accordera beaucoup mieux avec des plats mijot\u00e9s \u00e0 base de tomates ou de l\u00e9gumes juteux.<\/p>\n<p><strong>C\u00e9pages :<\/strong> Merlot (80%), Cabernet Franc (10%), Cabernet Sauvignon (10%)<\/p>\n<p><strong>Conduite de la vigne :<\/strong> Vendanges manuelles, Bio &amp; Biodynamie<\/p>\n<p><strong>Type d\u2019\u00e9levage :<\/strong> Cuve<\/p>\n<p>[\/et_pb_text][\/et_pb_column][\/et_pb_row][et_pb_row column_structure=\u00a0\u00bb1_2,1_2&Prime; admin_label=\u00a0\u00bbLigne Tarif \/ Acheter\u00a0\u00bb _builder_version=\u00a0\u00bb4.16&Prime; _module_preset=\u00a0\u00bbdefault\u00a0\u00bb custom_padding=\u00a0\u00bb||13px|||\u00a0\u00bb global_colors_info=\u00a0\u00bb{}\u00a0\u00bb][et_pb_column type=\u00a0\u00bb1_2&Prime; _builder_version=\u00a0\u00bb4.16&Prime; _module_preset=\u00a0\u00bbdefault\u00a0\u00bb global_colors_info=\u00a0\u00bb{}\u00a0\u00bb][\/et_pb_column][et_pb_column type=\u00a0\u00bb1_2&Prime; _builder_version=\u00a0\u00bb4.16&Prime; _module_preset=\u00a0\u00bbdefault\u00a0\u00bb global_colors_info=\u00a0\u00bb{}\u00a0\u00bb][et_pb_button button_url=\u00a0\u00bbhttps:\/\/chateau-la-clyde.fr\/acheter-les-vins-bio-du-chateau-la-clyde\/\u00a0\u00bb url_new_window=\u00a0\u00bbon\u00a0\u00bb button_text=\u00a0\u00bbAcheter ce vin\u00a0\u00bb button_alignment=\u00a0\u00bbcenter\u00a0\u00bb _builder_version=\u00a0\u00bb4.21.0&Prime; _module_preset=\u00a0\u00bbdefault\u00a0\u00bb custom_button=\u00a0\u00bbon\u00a0\u00bb button_text_size=\u00a0\u00bb18px\u00a0\u00bb button_bg_color=\u00a0\u00bb#1f3b67&Prime; button_border_width=\u00a0\u00bb0px\u00a0\u00bb button_font=\u00a0\u00bbRoboto||||||||\u00a0\u00bb background_layout=\u00a0\u00bbdark\u00a0\u00bb custom_margin=\u00a0\u00bb-6px|58px||0px|false|false\u00a0\u00bb custom_margin_tablet=\u00a0\u00bb8px|37px||22px|false|false\u00a0\u00bb custom_margin_phone=\u00a0\u00bb23px|||25px|false|false\u00a0\u00bb custom_margin_last_edited=\u00a0\u00bbon|phone\u00a0\u00bb custom_padding=\u00a0\u00bb8px||||false|false\u00a0\u00bb button_text_size_tablet=\u00a0\u00bb16px\u00a0\u00bb button_text_size_phone=\u00a0\u00bb16px\u00a0\u00bb button_text_size_last_edited=\u00a0\u00bbon|tablet\u00a0\u00bb box_shadow_style=\u00a0\u00bbpreset2&Prime; global_colors_info=\u00a0\u00bb{}\u00a0\u00bb][\/et_pb_button][\/et_pb_column][\/et_pb_row][\/et_pb_section][et_pb_section fb_built=\u00a0\u00bb1&Prime; admin_label=\u00a0\u00bbLe Parpagnas\u00a0\u00bb _builder_version=\u00a0\u00bb4.21.0&Prime; _module_preset=\u00a0\u00bbdefault\u00a0\u00bb background_enable_image=\u00a0\u00bboff\u00a0\u00bb custom_padding=\u00a0\u00bb36px||22px|||\u00a0\u00bb collapsed=\u00a0\u00bboff\u00a0\u00bb global_colors_info=\u00a0\u00bb{}\u00a0\u00bb][et_pb_row _builder_version=\u00a0\u00bb4.16&Prime; _module_preset=\u00a0\u00bbdefault\u00a0\u00bb custom_padding=\u00a0\u00bb13px||7px|||\u00a0\u00bb global_colors_info=\u00a0\u00bb{}\u00a0\u00bb][et_pb_column type=\u00a0\u00bb4_4&Prime; _builder_version=\u00a0\u00bb4.16&Prime; _module_preset=\u00a0\u00bbdefault\u00a0\u00bb global_colors_info=\u00a0\u00bb{}\u00a0\u00bb][et_pb_text admin_label=\u00a0\u00bbParpagnas 2018. Collines de la Moure.\u00a0\u00bb _builder_version=\u00a0\u00bb4.21.0&Prime; _module_preset=\u00a0\u00bbdefault\u00a0\u00bb header_3_font=\u00a0\u00bbRoboto||on||||||\u00a0\u00bb header_3_text_align=\u00a0\u00bbcenter\u00a0\u00bb header_3_text_color=\u00a0\u00bb#1F3B67&Prime; global_colors_info=\u00a0\u00bb{}\u00a0\u00bb]<\/p>\n<h3 style=\"text-align: center;\"><strong>2019 &#8211; C\u00f4tes de Bordeaux F\u00fbt<br \/><\/strong><\/h3>\n<p>[\/et_pb_text][\/et_pb_column][\/et_pb_row][et_pb_row _builder_version=\u00a0\u00bb4.16&Prime; _module_preset=\u00a0\u00bbdefault\u00a0\u00bb custom_padding=\u00a0\u00bb10px||2px|||\u00a0\u00bb global_colors_info=\u00a0\u00bb{}\u00a0\u00bb][et_pb_column type=\u00a0\u00bb4_4&Prime; _builder_version=\u00a0\u00bb4.16&Prime; _module_preset=\u00a0\u00bbdefault\u00a0\u00bb global_colors_info=\u00a0\u00bb{}\u00a0\u00bb][et_pb_divider color=\u00a0\u00bb#1F3B67&Prime; divider_weight=\u00a0\u00bb2px\u00a0\u00bb _builder_version=\u00a0\u00bb4.21.0&Prime; _module_preset=\u00a0\u00bbdefault\u00a0\u00bb width=\u00a0\u00bb25%\u00a0\u00bb module_alignment=\u00a0\u00bbcenter\u00a0\u00bb global_colors_info=\u00a0\u00bb{}\u00a0\u00bb][\/et_pb_divider][\/et_pb_column][\/et_pb_row][et_pb_row column_structure=\u00a0\u00bb1_2,1_2&Prime; _builder_version=\u00a0\u00bb4.21.0&Prime; _module_preset=\u00a0\u00bbdefault\u00a0\u00bb min_height=\u00a0\u00bb708px\u00a0\u00bb height=\u00a0\u00bb750px\u00a0\u00bb max_height=\u00a0\u00bb100px\u00a0\u00bb custom_padding=\u00a0\u00bb12px|||||\u00a0\u00bb global_colors_info=\u00a0\u00bb{}\u00a0\u00bb][et_pb_column type=\u00a0\u00bb1_2&Prime; _builder_version=\u00a0\u00bb4.21.0&Prime; _module_preset=\u00a0\u00bbdefault\u00a0\u00bb custom_padding=\u00a0\u00bb10px||1px||false|false\u00a0\u00bb border_color_all=\u00a0\u00bb#1F3B67&Prime; border_width_right=\u00a0\u00bb3px\u00a0\u00bb border_width_all_tablet=\u00a0\u00bb\u00a0\u00bb border_width_all_phone=\u00a0\u00bb\u00a0\u00bb border_width_all_last_edited=\u00a0\u00bbon|desktop\u00a0\u00bb border_width_right_tablet=\u00a0\u00bb0px\u00a0\u00bb border_width_right_phone=\u00a0\u00bb\u00a0\u00bb border_width_right_last_edited=\u00a0\u00bbon|phone\u00a0\u00bb global_colors_info=\u00a0\u00bb{}\u00a0\u00bb][et_pb_image src=\u00a0\u00bbhttps:\/\/chateau-la-clyde.fr\/wp-content\/uploads\/2023\/10\/la-clyde-cote-de-bordeaux-bio-rouge-2020.jpg\u00a0\u00bb title_text=\u00a0\u00bbDesign sans titre &#8211; 1&Prime; show_bottom_space=\u00a0\u00bboff\u00a0\u00bb align=\u00a0\u00bbcenter\u00a0\u00bb _builder_version=\u00a0\u00bb4.21.0&Prime; _module_preset=\u00a0\u00bbdefault\u00a0\u00bb width=\u00a0\u00bb83%\u00a0\u00bb module_alignment=\u00a0\u00bbcenter\u00a0\u00bb custom_margin=\u00a0\u00bb-25px|0px|||false|false\u00a0\u00bb custom_padding=\u00a0\u00bb|0px|||false|false\u00a0\u00bb global_colors_info=\u00a0\u00bb{}\u00a0\u00bb][\/et_pb_image][\/et_pb_column][et_pb_column type=\u00a0\u00bb1_2&Prime; _builder_version=\u00a0\u00bb4.16&Prime; _module_preset=\u00a0\u00bbdefault\u00a0\u00bb global_colors_info=\u00a0\u00bb{}\u00a0\u00bb][et_pb_text _builder_version=\u00a0\u00bb4.21.0&Prime; _module_preset=\u00a0\u00bbdefault\u00a0\u00bb text_font=\u00a0\u00bb|600|||||||\u00a0\u00bb text_text_color=\u00a0\u00bb#000000&Prime; header_4_font=\u00a0\u00bbRoboto|700|||||||\u00a0\u00bb header_4_text_color=\u00a0\u00bb#1F3B67&Prime; custom_margin=\u00a0\u00bb||9px|||\u00a0\u00bb custom_margin_tablet=\u00a0\u00bb16px||||false|false\u00a0\u00bb custom_margin_phone=\u00a0\u00bb14px||||false|false\u00a0\u00bb custom_margin_last_edited=\u00a0\u00bbon|tablet\u00a0\u00bb global_colors_info=\u00a0\u00bb{}\u00a0\u00bb]<\/p>\n<h4>COMMENTAIRE DU SOMMELIER<\/h4>\n<p>[\/et_pb_text][et_pb_text _builder_version=\u00a0\u00bb4.21.0&Prime; _module_preset=\u00a0\u00bbdefault\u00a0\u00bb text_font=\u00a0\u00bbRoboto|500|||||||\u00a0\u00bb text_text_color=\u00a0\u00bb#1F3B67&Prime; header_4_text_color=\u00a0\u00bb#1F3B67&Prime; global_colors_info=\u00a0\u00bb{}\u00a0\u00bb]<\/p>\n<p>Une parfaite harmonie entre le fruit, la fraicheur et les tannins soyeux. Un nez tirant sur les fruits rouges, la bouche nous propose une partition franche sans faux semblants. Un Bordeaux souple, facile \u00e0 boire, pour accompagner les repas les plus conviviaux. Une viande rouge, des abats, mijot\u00e9s etc.<\/p>\n<p><strong>C\u00e9pages :<\/strong> Merlot (80%), Cabernet Franc (10%), Cabernet Sauvignon (10%)<br \/><strong>Conduite de la vigne :<\/strong> Vendanges manuelles, Bio &amp; Biodynamie<br \/><strong>Type d\u2019\u00e9levage :<\/strong> Barriques en ch\u00eane fran\u00e7ais 12 mois<\/p>\n<h4><strong>PAZ LEVISON \u2013 D\u00c9GUSTATION AVRIL 2021<\/strong><\/h4>\n<p><strong>Robe :<\/strong> rubis clair, brillant, rouge \u00e0 bord violet. Le vin a une concentration moyenne et les jambes sont color\u00e9es.<br \/><strong>Nez :<\/strong> le premier nez est \u00e9pic\u00e9 avec des ar\u00f4mes de cannelle, de muscade et de clou de girofle. Les fruits sont m\u00fbrs et pr\u00e9cis avec principalement des fruits noirs comme le cassis et la myrtille. Les ar\u00f4mes sont beaux avec des notes cr\u00e9meuses m\u00eal\u00e9es de poivre rose.<br \/><strong>Bouche :<\/strong> le vin est sec, avec une acidit\u00e9 mod\u00e9r\u00e9e, mais bien \u00e9quilibr\u00e9e. L\u2019alcool est l\u00e9g\u00e8rement \u00e9lev\u00e9, mais int\u00e9gr\u00e9 et les tanins sont polis et travaill\u00e9s. La finale est fruit\u00e9e et florale, la longueur est mod\u00e9r\u00e9e.<br \/><strong>Accords :<\/strong> raviolis farcis \u00e0 la sauce bolognaise.<br \/><strong>Commentaire :<\/strong> un vin rouge juteux \u00e0 boire jeune, sur une viticulture biodynamique. <br \/><strong>Garde :<\/strong> 2021-2025.<br \/><strong>Note : 91\/100<\/strong><\/p>\n<p>[\/et_pb_text][\/et_pb_column][\/et_pb_row][et_pb_row column_structure=\u00a0\u00bb1_2,1_2&Prime; admin_label=\u00a0\u00bbLigne Tarif \/ Acheter\u00a0\u00bb _builder_version=\u00a0\u00bb4.21.0&Prime; _module_preset=\u00a0\u00bbdefault\u00a0\u00bb custom_margin=\u00a0\u00bb-77px||||false|false\u00a0\u00bb global_colors_info=\u00a0\u00bb{}\u00a0\u00bb][et_pb_column type=\u00a0\u00bb1_2&Prime; _builder_version=\u00a0\u00bb4.16&Prime; _module_preset=\u00a0\u00bbdefault\u00a0\u00bb global_colors_info=\u00a0\u00bb{}\u00a0\u00bb][\/et_pb_column][et_pb_column type=\u00a0\u00bb1_2&Prime; _builder_version=\u00a0\u00bb4.16&Prime; _module_preset=\u00a0\u00bbdefault\u00a0\u00bb global_colors_info=\u00a0\u00bb{}\u00a0\u00bb][et_pb_button button_url=\u00a0\u00bbhttps:\/\/chateau-la-clyde.fr\/acheter-les-vins-bio-du-chateau-la-clyde\/\u00a0\u00bb url_new_window=\u00a0\u00bbon\u00a0\u00bb button_text=\u00a0\u00bbAcheter ce vin\u00a0\u00bb button_alignment=\u00a0\u00bbcenter\u00a0\u00bb _builder_version=\u00a0\u00bb4.21.0&Prime; _module_preset=\u00a0\u00bbdefault\u00a0\u00bb custom_button=\u00a0\u00bbon\u00a0\u00bb button_text_size=\u00a0\u00bb18px\u00a0\u00bb button_bg_color=\u00a0\u00bb#1f3b67&Prime; button_border_width=\u00a0\u00bb0px\u00a0\u00bb button_font=\u00a0\u00bbRoboto||||||||\u00a0\u00bb background_layout=\u00a0\u00bbdark\u00a0\u00bb custom_margin=\u00a0\u00bb-33px|58px||0px|false|false\u00a0\u00bb custom_margin_tablet=\u00a0\u00bb9px|33px|-10px||false|false\u00a0\u00bb custom_margin_phone=\u00a0\u00bb16px|31px||0px|false|false\u00a0\u00bb custom_margin_last_edited=\u00a0\u00bbon|tablet\u00a0\u00bb custom_padding=\u00a0\u00bb5px||||false|false\u00a0\u00bb button_text_size_tablet=\u00a0\u00bb15px\u00a0\u00bb button_text_size_phone=\u00a0\u00bb15px\u00a0\u00bb button_text_size_last_edited=\u00a0\u00bbon|tablet\u00a0\u00bb box_shadow_style=\u00a0\u00bbpreset2&Prime; global_colors_info=\u00a0\u00bb{}\u00a0\u00bb][\/et_pb_button][\/et_pb_column][\/et_pb_row][\/et_pb_section][et_pb_section fb_built=\u00a0\u00bb1&Prime; admin_label=\u00a0\u00bbLe Parpagnas\u00a0\u00bb _builder_version=\u00a0\u00bb4.21.0&Prime; _module_preset=\u00a0\u00bbdefault\u00a0\u00bb background_enable_image=\u00a0\u00bboff\u00a0\u00bb custom_padding=\u00a0\u00bb12px||45px|||\u00a0\u00bb collapsed=\u00a0\u00bboff\u00a0\u00bb global_colors_info=\u00a0\u00bb{}\u00a0\u00bb][et_pb_row _builder_version=\u00a0\u00bb4.16&Prime; _module_preset=\u00a0\u00bbdefault\u00a0\u00bb custom_padding=\u00a0\u00bb15px||7px|||\u00a0\u00bb global_colors_info=\u00a0\u00bb{}\u00a0\u00bb][et_pb_column type=\u00a0\u00bb4_4&Prime; _builder_version=\u00a0\u00bb4.16&Prime; _module_preset=\u00a0\u00bbdefault\u00a0\u00bb global_colors_info=\u00a0\u00bb{}\u00a0\u00bb][et_pb_text admin_label=\u00a0\u00bbParpagnas 2018. Collines de la Moure.\u00a0\u00bb _builder_version=\u00a0\u00bb4.21.0&Prime; _module_preset=\u00a0\u00bbdefault\u00a0\u00bb header_3_font=\u00a0\u00bbRoboto||on||||||\u00a0\u00bb header_3_text_align=\u00a0\u00bbcenter\u00a0\u00bb header_3_text_color=\u00a0\u00bb#1F3B67&Prime; global_colors_info=\u00a0\u00bb{}\u00a0\u00bb]<\/p>\n<h3 style=\"text-align: center;\"><strong>2019 &#8211; C\u00f4tes de Bordeaux H\u00c9DON\u00c9<br \/><\/strong><\/h3>\n<p>[\/et_pb_text][\/et_pb_column][\/et_pb_row][et_pb_row _builder_version=\u00a0\u00bb4.16&Prime; _module_preset=\u00a0\u00bbdefault\u00a0\u00bb custom_padding=\u00a0\u00bb10px|||||\u00a0\u00bb global_colors_info=\u00a0\u00bb{}\u00a0\u00bb][et_pb_column type=\u00a0\u00bb4_4&Prime; _builder_version=\u00a0\u00bb4.16&Prime; _module_preset=\u00a0\u00bbdefault\u00a0\u00bb global_colors_info=\u00a0\u00bb{}\u00a0\u00bb][et_pb_divider color=\u00a0\u00bb#1F3B67&Prime; divider_weight=\u00a0\u00bb2px\u00a0\u00bb _builder_version=\u00a0\u00bb4.21.0&Prime; _module_preset=\u00a0\u00bbdefault\u00a0\u00bb width=\u00a0\u00bb25%\u00a0\u00bb module_alignment=\u00a0\u00bbcenter\u00a0\u00bb global_colors_info=\u00a0\u00bb{}\u00a0\u00bb][\/et_pb_divider][\/et_pb_column][\/et_pb_row][et_pb_row column_structure=\u00a0\u00bb1_2,1_2&Prime; make_equal=\u00a0\u00bbon\u00a0\u00bb _builder_version=\u00a0\u00bb4.21.0&Prime; _module_preset=\u00a0\u00bbdefault\u00a0\u00bb module_alignment=\u00a0\u00bbcenter\u00a0\u00bb min_height=\u00a0\u00bb567px\u00a0\u00bb height=\u00a0\u00bb572px\u00a0\u00bb max_height=\u00a0\u00bb567px\u00a0\u00bb custom_margin=\u00a0\u00bb||0px||false|false\u00a0\u00bb custom_padding=\u00a0\u00bb||0px||false|false\u00a0\u00bb global_colors_info=\u00a0\u00bb{}\u00a0\u00bb][et_pb_column type=\u00a0\u00bb1_2&Prime; _builder_version=\u00a0\u00bb4.21.0&Prime; _module_preset=\u00a0\u00bbdefault\u00a0\u00bb custom_padding=\u00a0\u00bb0px||0px||false|false\u00a0\u00bb border_color_all=\u00a0\u00bb#1F3B67&Prime; border_width_right=\u00a0\u00bb3px\u00a0\u00bb border_width_all_tablet=\u00a0\u00bb\u00a0\u00bb border_width_all_phone=\u00a0\u00bb\u00a0\u00bb border_width_all_last_edited=\u00a0\u00bbon|desktop\u00a0\u00bb border_width_right_tablet=\u00a0\u00bb0px\u00a0\u00bb border_width_right_phone=\u00a0\u00bb\u00a0\u00bb border_width_right_last_edited=\u00a0\u00bbon|phone\u00a0\u00bb global_colors_info=\u00a0\u00bb{}\u00a0\u00bb][et_pb_code _builder_version=\u00a0\u00bb4.21.0&Prime; _module_preset=\u00a0\u00bbdefault\u00a0\u00bb width=\u00a0\u00bb100%\u00a0\u00bb max_width=\u00a0\u00bb82%\u00a0\u00bb max_width_tablet=\u00a0\u00bb70%\u00a0\u00bb max_width_phone=\u00a0\u00bb70%\u00a0\u00bb max_width_last_edited=\u00a0\u00bbon|tablet\u00a0\u00bb module_alignment=\u00a0\u00bbcenter\u00a0\u00bb min_height=\u00a0\u00bb1000px\u00a0\u00bb min_height_tablet=\u00a0\u00bb591px\u00a0\u00bb min_height_phone=\u00a0\u00bb591px\u00a0\u00bb min_height_last_edited=\u00a0\u00bbon|phone\u00a0\u00bb height=\u00a0\u00bb1000px\u00a0\u00bb height_tablet=\u00a0\u00bb764px\u00a0\u00bb height_phone=\u00a0\u00bb703px\u00a0\u00bb height_last_edited=\u00a0\u00bbon|desktop\u00a0\u00bb max_height=\u00a0\u00bb1000px\u00a0\u00bb max_height_tablet=\u00a0\u00bb816px\u00a0\u00bb max_height_phone=\u00a0\u00bb1000px\u00a0\u00bb max_height_last_edited=\u00a0\u00bbon|tablet\u00a0\u00bb custom_margin=\u00a0\u00bb-31px||||false|false\u00a0\u00bb custom_margin_tablet=\u00a0\u00bb-31px||||false|false\u00a0\u00bb custom_margin_phone=\u00a0\u00bb-114px||||false|false\u00a0\u00bb custom_margin_last_edited=\u00a0\u00bbon|tablet\u00a0\u00bb custom_padding=\u00a0\u00bb31px||||false|false\u00a0\u00bb global_colors_info=\u00a0\u00bb{}\u00a0\u00bb]  [\/et_pb_code][\/et_pb_column][et_pb_column type=\u00a0\u00bb1_2&Prime; _builder_version=\u00a0\u00bb4.21.0&Prime; _module_preset=\u00a0\u00bbdefault\u00a0\u00bb global_colors_info=\u00a0\u00bb{}\u00a0\u00bb][et_pb_text _builder_version=\u00a0\u00bb4.21.0&Prime; _module_preset=\u00a0\u00bbdefault\u00a0\u00bb text_font=\u00a0\u00bb|600|||||||\u00a0\u00bb text_text_color=\u00a0\u00bb#000000&Prime; header_4_font=\u00a0\u00bbRoboto|700|||||||\u00a0\u00bb header_4_text_color=\u00a0\u00bb#1F3B67&Prime; custom_margin_tablet=\u00a0\u00bb-25px||||false|false\u00a0\u00bb custom_margin_phone=\u00a0\u00bb-25px||||false|false\u00a0\u00bb custom_margin_last_edited=\u00a0\u00bbon|phone\u00a0\u00bb global_colors_info=\u00a0\u00bb{}\u00a0\u00bb]<\/p>\n<h4><\/h4>\n<h4><\/h4>\n<h4>COMMENTAIRE DU SOMMELIER<\/h4>\n<p>[\/et_pb_text][et_pb_text _builder_version=\u00a0\u00bb4.21.0&Prime; _module_preset=\u00a0\u00bbdefault\u00a0\u00bb text_font=\u00a0\u00bbRoboto|500|||||||\u00a0\u00bb text_text_color=\u00a0\u00bb#1F3B67&Prime; header_4_font=\u00a0\u00bb|700|||||||\u00a0\u00bb header_4_text_color=\u00a0\u00bb#1F3B67&Prime; global_colors_info=\u00a0\u00bb{}\u00a0\u00bb]<\/p>\n<p>Un beau vin pour une belle table \u00e9toil\u00e9e.<\/p>\n<p>L\u2019\u00e9levage est discret, les tanins sont souples, presque soyeux.<\/p>\n<p>Il r\u00e9clame des plats aux \u00e9pices douces, orientales, des gibiers et m\u00eame un beau plateau de fromage.<\/p>\n<p>&nbsp;<\/p>\n<h4>3 TULIPES \/4<\/h4>\n<p>&nbsp;<\/p>\n<p><strong>C\u00e9pages :<\/strong> Merlot (80%), Cabernet Franc (10%), Cabernet Sauvignon (10%)<\/p>\n<p><strong>Conduite de la vigne :<\/strong> Vendanges manuelles, Bio &amp; Biodynamie<\/p>\n<p><strong>Type d\u2019\u00e9levage :<\/strong> Barriques en ch\u00eane fran\u00e7ais 15 mois<\/p>\n<p><strong>Micro cuv\u00e9e<\/strong><\/p>\n<p>[\/et_pb_text][\/et_pb_column][\/et_pb_row][et_pb_row column_structure=\u00a0\u00bb1_2,1_2&Prime; admin_label=\u00a0\u00bbLigne Tarif \/ Acheter\u00a0\u00bb _builder_version=\u00a0\u00bb4.16&Prime; _module_preset=\u00a0\u00bbdefault\u00a0\u00bb custom_padding=\u00a0\u00bb||13px|||\u00a0\u00bb global_colors_info=\u00a0\u00bb{}\u00a0\u00bb][et_pb_column type=\u00a0\u00bb1_2&Prime; _builder_version=\u00a0\u00bb4.16&Prime; _module_preset=\u00a0\u00bbdefault\u00a0\u00bb global_colors_info=\u00a0\u00bb{}\u00a0\u00bb][\/et_pb_column][et_pb_column type=\u00a0\u00bb1_2&Prime; _builder_version=\u00a0\u00bb4.16&Prime; _module_preset=\u00a0\u00bbdefault\u00a0\u00bb global_colors_info=\u00a0\u00bb{}\u00a0\u00bb][et_pb_button button_url=\u00a0\u00bbhttps:\/\/chateau-la-clyde.fr\/acheter-les-vins-bio-du-chateau-la-clyde\/\u00a0\u00bb url_new_window=\u00a0\u00bbon\u00a0\u00bb button_text=\u00a0\u00bbAcheter ce vin\u00a0\u00bb button_alignment=\u00a0\u00bbcenter\u00a0\u00bb _builder_version=\u00a0\u00bb4.21.0&Prime; _module_preset=\u00a0\u00bbdefault\u00a0\u00bb custom_button=\u00a0\u00bbon\u00a0\u00bb button_text_size=\u00a0\u00bb18px\u00a0\u00bb button_bg_color=\u00a0\u00bb#1f3b67&Prime; button_border_width=\u00a0\u00bb0px\u00a0\u00bb button_font=\u00a0\u00bbRoboto||||||||\u00a0\u00bb background_layout=\u00a0\u00bbdark\u00a0\u00bb custom_margin=\u00a0\u00bb-6px|58px||0px|false|false\u00a0\u00bb custom_margin_tablet=\u00a0\u00bb8px|37px||22px|false|false\u00a0\u00bb custom_margin_phone=\u00a0\u00bb23px|||25px|false|false\u00a0\u00bb custom_margin_last_edited=\u00a0\u00bbon|phone\u00a0\u00bb custom_padding=\u00a0\u00bb8px||||false|false\u00a0\u00bb button_text_size_tablet=\u00a0\u00bb16px\u00a0\u00bb button_text_size_phone=\u00a0\u00bb16px\u00a0\u00bb button_text_size_last_edited=\u00a0\u00bbon|tablet\u00a0\u00bb box_shadow_style=\u00a0\u00bbpreset2&Prime; global_colors_info=\u00a0\u00bb{}\u00a0\u00bb][\/et_pb_button][\/et_pb_column][\/et_pb_row][\/et_pb_section][et_pb_section fb_built=\u00a0\u00bb1&Prime; _builder_version=\u00a0\u00bb4.21.0&Prime; _module_preset=\u00a0\u00bbdefault\u00a0\u00bb global_colors_info=\u00a0\u00bb{}\u00a0\u00bb][\/et_pb_section][et_pb_section fb_built=\u00a0\u00bb1&Prime; admin_label=\u00a0\u00bbLe Parpagnas\u00a0\u00bb _builder_version=\u00a0\u00bb4.21.0&Prime; _module_preset=\u00a0\u00bbdefault\u00a0\u00bb background_enable_image=\u00a0\u00bboff\u00a0\u00bb custom_padding=\u00a0\u00bb36px||22px|||\u00a0\u00bb locked=\u00a0\u00bboff\u00a0\u00bb collapsed=\u00a0\u00bboff\u00a0\u00bb global_colors_info=\u00a0\u00bb{}\u00a0\u00bb][et_pb_row _builder_version=\u00a0\u00bb4.16&Prime; _module_preset=\u00a0\u00bbdefault\u00a0\u00bb custom_padding=\u00a0\u00bb13px||7px|||\u00a0\u00bb global_colors_info=\u00a0\u00bb{}\u00a0\u00bb][et_pb_column type=\u00a0\u00bb4_4&Prime; _builder_version=\u00a0\u00bb4.16&Prime; _module_preset=\u00a0\u00bbdefault\u00a0\u00bb global_colors_info=\u00a0\u00bb{}\u00a0\u00bb][et_pb_text admin_label=\u00a0\u00bbParpagnas 2018. Collines de la Moure.\u00a0\u00bb _builder_version=\u00a0\u00bb4.21.0&Prime; _module_preset=\u00a0\u00bbdefault\u00a0\u00bb header_3_font=\u00a0\u00bbRoboto||on||||||\u00a0\u00bb header_3_text_align=\u00a0\u00bbcenter\u00a0\u00bb header_3_text_color=\u00a0\u00bb#1F3B67&Prime; global_colors_info=\u00a0\u00bb{}\u00a0\u00bb]<\/p>\n<h3 style=\"text-align: center;\"><strong>2020 &#8211; C\u00f4tes de Bordeaux F\u00fbt<br \/><\/strong><\/h3>\n<p>[\/et_pb_text][\/et_pb_column][\/et_pb_row][et_pb_row _builder_version=\u00a0\u00bb4.16&Prime; _module_preset=\u00a0\u00bbdefault\u00a0\u00bb custom_padding=\u00a0\u00bb10px||2px|||\u00a0\u00bb global_colors_info=\u00a0\u00bb{}\u00a0\u00bb][et_pb_column type=\u00a0\u00bb4_4&Prime; _builder_version=\u00a0\u00bb4.16&Prime; _module_preset=\u00a0\u00bbdefault\u00a0\u00bb global_colors_info=\u00a0\u00bb{}\u00a0\u00bb][et_pb_divider color=\u00a0\u00bb#1F3B67&Prime; divider_weight=\u00a0\u00bb2px\u00a0\u00bb _builder_version=\u00a0\u00bb4.21.0&Prime; _module_preset=\u00a0\u00bbdefault\u00a0\u00bb width=\u00a0\u00bb25%\u00a0\u00bb module_alignment=\u00a0\u00bbcenter\u00a0\u00bb global_colors_info=\u00a0\u00bb{}\u00a0\u00bb][\/et_pb_divider][\/et_pb_column][\/et_pb_row][et_pb_row column_structure=\u00a0\u00bb1_2,1_2&Prime; _builder_version=\u00a0\u00bb4.21.0&Prime; _module_preset=\u00a0\u00bbdefault\u00a0\u00bb min_height=\u00a0\u00bb708px\u00a0\u00bb height=\u00a0\u00bb750px\u00a0\u00bb max_height=\u00a0\u00bb100px\u00a0\u00bb custom_padding=\u00a0\u00bb12px|||||\u00a0\u00bb global_colors_info=\u00a0\u00bb{}\u00a0\u00bb][et_pb_column type=\u00a0\u00bb1_2&Prime; _builder_version=\u00a0\u00bb4.21.0&Prime; _module_preset=\u00a0\u00bbdefault\u00a0\u00bb custom_padding=\u00a0\u00bb10px||1px||false|false\u00a0\u00bb border_color_all=\u00a0\u00bb#1F3B67&Prime; border_width_right=\u00a0\u00bb3px\u00a0\u00bb border_width_all_tablet=\u00a0\u00bb\u00a0\u00bb border_width_all_phone=\u00a0\u00bb\u00a0\u00bb border_width_all_last_edited=\u00a0\u00bbon|desktop\u00a0\u00bb border_width_right_tablet=\u00a0\u00bb0px\u00a0\u00bb border_width_right_phone=\u00a0\u00bb\u00a0\u00bb border_width_right_last_edited=\u00a0\u00bbon|phone\u00a0\u00bb global_colors_info=\u00a0\u00bb{}\u00a0\u00bb][et_pb_image src=\u00a0\u00bbhttps:\/\/chateau-la-clyde.fr\/wp-content\/uploads\/2023\/10\/la-clyde-cote-de-bordeaux-bio-rouge-2020.jpg\u00a0\u00bb title_text=\u00a0\u00bbDesign sans titre &#8211; 1&Prime; show_bottom_space=\u00a0\u00bboff\u00a0\u00bb align=\u00a0\u00bbcenter\u00a0\u00bb _builder_version=\u00a0\u00bb4.21.0&Prime; _module_preset=\u00a0\u00bbdefault\u00a0\u00bb width=\u00a0\u00bb83%\u00a0\u00bb module_alignment=\u00a0\u00bbcenter\u00a0\u00bb custom_margin=\u00a0\u00bb-25px|0px|||false|false\u00a0\u00bb custom_padding=\u00a0\u00bb|0px|||false|false\u00a0\u00bb global_colors_info=\u00a0\u00bb{}\u00a0\u00bb][\/et_pb_image][\/et_pb_column][et_pb_column type=\u00a0\u00bb1_2&Prime; _builder_version=\u00a0\u00bb4.16&Prime; _module_preset=\u00a0\u00bbdefault\u00a0\u00bb global_colors_info=\u00a0\u00bb{}\u00a0\u00bb][et_pb_text _builder_version=\u00a0\u00bb4.21.0&Prime; _module_preset=\u00a0\u00bbdefault\u00a0\u00bb text_font=\u00a0\u00bb|600|||||||\u00a0\u00bb text_text_color=\u00a0\u00bb#000000&Prime; header_4_font=\u00a0\u00bbRoboto|700|||||||\u00a0\u00bb header_4_text_color=\u00a0\u00bb#1F3B67&Prime; custom_margin=\u00a0\u00bb||9px|||\u00a0\u00bb custom_margin_tablet=\u00a0\u00bb16px||||false|false\u00a0\u00bb custom_margin_phone=\u00a0\u00bb14px||||false|false\u00a0\u00bb custom_margin_last_edited=\u00a0\u00bbon|tablet\u00a0\u00bb global_colors_info=\u00a0\u00bb{}\u00a0\u00bb]<\/p>\n<h4>COMMENTAIRE DU SOMMELIER<\/h4>\n<p>[\/et_pb_text][et_pb_text _builder_version=\u00a0\u00bb4.21.0&Prime; _module_preset=\u00a0\u00bbdefault\u00a0\u00bb text_font=\u00a0\u00bbRoboto|500|||||||\u00a0\u00bb text_text_color=\u00a0\u00bb#1F3B67&Prime; header_4_text_color=\u00a0\u00bb#1F3B67&Prime; global_colors_info=\u00a0\u00bb{}\u00a0\u00bb]<\/p>\n<p>Note de fruits noirs m\u00fbrs, confiture de cerises, cr\u00e8me de violette et vanille bois\u00e9.<\/p>\n<p><strong>C\u00e9pages :<\/strong> Merlot (80%), Cabernet Franc (10%), Cabernet Sauvignon (10%)<\/p>\n<p><strong>Conduite de la vigne :<\/strong> Vendanges manuelles, Bio &amp; Biodynamie<\/p>\n<p><strong>Type d\u2019\u00e9levage :<\/strong> Barriques en ch\u00eane fran\u00e7ais 12 mois<\/p>\n<p>&nbsp;<\/p>\n<p>&nbsp;<\/p>\n<h4><strong><b><span>\u00a0<\/span>Salvatore CASTANO,<\/b>\u2013 D\u00c9GUSTATION AVRIL 2023<\/strong><\/h4>\n<p>&nbsp;<\/p>\n<p>[\/et_pb_text][\/et_pb_column][\/et_pb_row][et_pb_row column_structure=\u00a0\u00bb1_2,1_2&Prime; admin_label=\u00a0\u00bbLigne Tarif \/ Acheter\u00a0\u00bb _builder_version=\u00a0\u00bb4.21.0&Prime; _module_preset=\u00a0\u00bbdefault\u00a0\u00bb custom_margin=\u00a0\u00bb-77px||||false|false\u00a0\u00bb global_colors_info=\u00a0\u00bb{}\u00a0\u00bb][et_pb_column type=\u00a0\u00bb1_2&Prime; _builder_version=\u00a0\u00bb4.16&Prime; _module_preset=\u00a0\u00bbdefault\u00a0\u00bb global_colors_info=\u00a0\u00bb{}\u00a0\u00bb][\/et_pb_column][et_pb_column type=\u00a0\u00bb1_2&Prime; _builder_version=\u00a0\u00bb4.16&Prime; _module_preset=\u00a0\u00bbdefault\u00a0\u00bb global_colors_info=\u00a0\u00bb{}\u00a0\u00bb][et_pb_button button_url=\u00a0\u00bbhttps:\/\/chateau-la-clyde.fr\/acheter-les-vins-bio-du-chateau-la-clyde\/\u00a0\u00bb url_new_window=\u00a0\u00bbon\u00a0\u00bb button_text=\u00a0\u00bbAcheter ce vin\u00a0\u00bb button_alignment=\u00a0\u00bbcenter\u00a0\u00bb _builder_version=\u00a0\u00bb4.21.0&Prime; _module_preset=\u00a0\u00bbdefault\u00a0\u00bb custom_button=\u00a0\u00bbon\u00a0\u00bb button_text_size=\u00a0\u00bb18px\u00a0\u00bb button_bg_color=\u00a0\u00bb#1f3b67&Prime; button_border_width=\u00a0\u00bb0px\u00a0\u00bb button_font=\u00a0\u00bbRoboto||||||||\u00a0\u00bb background_layout=\u00a0\u00bbdark\u00a0\u00bb custom_margin=\u00a0\u00bb-33px|58px||0px|false|false\u00a0\u00bb custom_margin_tablet=\u00a0\u00bb9px|33px|-10px||false|false\u00a0\u00bb custom_margin_phone=\u00a0\u00bb16px|31px||0px|false|false\u00a0\u00bb custom_margin_last_edited=\u00a0\u00bbon|tablet\u00a0\u00bb custom_padding=\u00a0\u00bb5px||||false|false\u00a0\u00bb button_text_size_tablet=\u00a0\u00bb15px\u00a0\u00bb button_text_size_phone=\u00a0\u00bb15px\u00a0\u00bb button_text_size_last_edited=\u00a0\u00bbon|tablet\u00a0\u00bb box_shadow_style=\u00a0\u00bbpreset2&Prime; global_colors_info=\u00a0\u00bb{}\u00a0\u00bb][\/et_pb_button][\/et_pb_column][\/et_pb_row][\/et_pb_section][et_pb_section fb_built=\u00a0\u00bb1&Prime; admin_label=\u00a0\u00bbLe Parpagnas\u00a0\u00bb _builder_version=\u00a0\u00bb4.21.0&Prime; _module_preset=\u00a0\u00bbdefault\u00a0\u00bb background_enable_image=\u00a0\u00bboff\u00a0\u00bb custom_padding=\u00a0\u00bb36px||22px|||\u00a0\u00bb locked=\u00a0\u00bboff\u00a0\u00bb collapsed=\u00a0\u00bboff\u00a0\u00bb global_colors_info=\u00a0\u00bb{}\u00a0\u00bb][et_pb_row _builder_version=\u00a0\u00bb4.16&Prime; _module_preset=\u00a0\u00bbdefault\u00a0\u00bb custom_padding=\u00a0\u00bb13px||7px|||\u00a0\u00bb global_colors_info=\u00a0\u00bb{}\u00a0\u00bb][et_pb_column type=\u00a0\u00bb4_4&Prime; _builder_version=\u00a0\u00bb4.16&Prime; _module_preset=\u00a0\u00bbdefault\u00a0\u00bb global_colors_info=\u00a0\u00bb{}\u00a0\u00bb][et_pb_text admin_label=\u00a0\u00bbParpagnas 2018. Collines de la Moure.\u00a0\u00bb _builder_version=\u00a0\u00bb4.21.0&Prime; _module_preset=\u00a0\u00bbdefault\u00a0\u00bb header_3_font=\u00a0\u00bbRoboto||on||||||\u00a0\u00bb header_3_text_align=\u00a0\u00bbcenter\u00a0\u00bb header_3_text_color=\u00a0\u00bb#1F3B67&Prime; hover_enabled=\u00a0\u00bb0&Prime; global_colors_info=\u00a0\u00bb{}\u00a0\u00bb sticky_enabled=\u00a0\u00bb0&Prime;]<\/p>\n<h3 style=\"text-align: center;\"><strong>2022 &#8211; Vin de France &#8211; H\u00c9DON\u00c9<br \/><\/strong><\/h3>\n<p>[\/et_pb_text][\/et_pb_column][\/et_pb_row][et_pb_row _builder_version=\u00a0\u00bb4.16&Prime; _module_preset=\u00a0\u00bbdefault\u00a0\u00bb custom_padding=\u00a0\u00bb10px||2px|||\u00a0\u00bb global_colors_info=\u00a0\u00bb{}\u00a0\u00bb][et_pb_column type=\u00a0\u00bb4_4&Prime; _builder_version=\u00a0\u00bb4.16&Prime; _module_preset=\u00a0\u00bbdefault\u00a0\u00bb global_colors_info=\u00a0\u00bb{}\u00a0\u00bb][et_pb_divider color=\u00a0\u00bb#1F3B67&Prime; divider_weight=\u00a0\u00bb2px\u00a0\u00bb _builder_version=\u00a0\u00bb4.21.0&Prime; _module_preset=\u00a0\u00bbdefault\u00a0\u00bb width=\u00a0\u00bb25%\u00a0\u00bb module_alignment=\u00a0\u00bbcenter\u00a0\u00bb global_colors_info=\u00a0\u00bb{}\u00a0\u00bb][\/et_pb_divider][\/et_pb_column][\/et_pb_row][et_pb_row column_structure=\u00a0\u00bb1_2,1_2&Prime; _builder_version=\u00a0\u00bb4.21.0&Prime; _module_preset=\u00a0\u00bbdefault\u00a0\u00bb min_height=\u00a0\u00bb708px\u00a0\u00bb height=\u00a0\u00bb750px\u00a0\u00bb max_height=\u00a0\u00bb100px\u00a0\u00bb custom_padding=\u00a0\u00bb12px|||||\u00a0\u00bb global_colors_info=\u00a0\u00bb{}\u00a0\u00bb][et_pb_column type=\u00a0\u00bb1_2&Prime; _builder_version=\u00a0\u00bb4.21.0&Prime; _module_preset=\u00a0\u00bbdefault\u00a0\u00bb custom_padding=\u00a0\u00bb10px||1px||false|false\u00a0\u00bb border_color_all=\u00a0\u00bb#1F3B67&Prime; border_width_right=\u00a0\u00bb3px\u00a0\u00bb border_width_all_tablet=\u00a0\u00bb\u00a0\u00bb border_width_all_phone=\u00a0\u00bb\u00a0\u00bb border_width_all_last_edited=\u00a0\u00bbon|desktop\u00a0\u00bb border_width_right_tablet=\u00a0\u00bb0px\u00a0\u00bb border_width_right_phone=\u00a0\u00bb\u00a0\u00bb border_width_right_last_edited=\u00a0\u00bbon|phone\u00a0\u00bb global_colors_info=\u00a0\u00bb{}\u00a0\u00bb][et_pb_image src=\u00a0\u00bbhttps:\/\/chateau-la-clyde.fr\/wp-content\/uploads\/2026\/01\/Photoroom_20250817_162126.png\u00a0\u00bb title_text=\u00a0\u00bbPhotoroom_20250817_162126&Prime; show_bottom_space=\u00a0\u00bboff\u00a0\u00bb align=\u00a0\u00bbcenter\u00a0\u00bb _builder_version=\u00a0\u00bb4.21.0&Prime; _module_preset=\u00a0\u00bbdefault\u00a0\u00bb width=\u00a0\u00bb83%\u00a0\u00bb module_alignment=\u00a0\u00bbcenter\u00a0\u00bb custom_margin=\u00a0\u00bb-25px|0px|||false|false\u00a0\u00bb custom_padding=\u00a0\u00bb|0px|||false|false\u00a0\u00bb hover_enabled=\u00a0\u00bb0&Prime; global_colors_info=\u00a0\u00bb{}\u00a0\u00bb sticky_enabled=\u00a0\u00bb0&Prime;][\/et_pb_image][\/et_pb_column][et_pb_column type=\u00a0\u00bb1_2&Prime; _builder_version=\u00a0\u00bb4.16&Prime; _module_preset=\u00a0\u00bbdefault\u00a0\u00bb global_colors_info=\u00a0\u00bb{}\u00a0\u00bb][et_pb_text _builder_version=\u00a0\u00bb4.21.0&Prime; _module_preset=\u00a0\u00bbdefault\u00a0\u00bb text_font=\u00a0\u00bb|600|||||||\u00a0\u00bb text_text_color=\u00a0\u00bb#000000&Prime; header_4_font=\u00a0\u00bbRoboto|700|||||||\u00a0\u00bb header_4_text_color=\u00a0\u00bb#1F3B67&Prime; custom_margin=\u00a0\u00bb||9px|||\u00a0\u00bb custom_margin_tablet=\u00a0\u00bb16px||||false|false\u00a0\u00bb custom_margin_phone=\u00a0\u00bb14px||||false|false\u00a0\u00bb custom_margin_last_edited=\u00a0\u00bbon|tablet\u00a0\u00bb global_colors_info=\u00a0\u00bb{}\u00a0\u00bb]<\/p>\n<h4>COMMENTAIRE DU SOMMELIER<\/h4>\n<p>[\/et_pb_text][et_pb_text _builder_version=\u00a0\u00bb4.21.0&Prime; _module_preset=\u00a0\u00bbdefault\u00a0\u00bb text_font=\u00a0\u00bbRoboto|500|||||||\u00a0\u00bb text_text_color=\u00a0\u00bb#1F3B67&Prime; header_4_text_color=\u00a0\u00bb#1F3B67&Prime; hover_enabled=\u00a0\u00bb0&Prime; global_colors_info=\u00a0\u00bb{}\u00a0\u00bb sticky_enabled=\u00a0\u00bb0&Prime;]<\/p>\n<p>&nbsp;<\/p>\n<p>Note de fruits rouges m\u00fbrs, confiture de cerises, cr\u00e8me de mures et vanille bois\u00e9.<\/p>\n<p><strong>C\u00e9pages :<\/strong> Merlot (80%), Cabernet Franc (10%), Cabernet Sauvignon (10%)<\/p>\n<p><strong>Conduite de la vigne :<\/strong> Vendanges manuelles, Bio &amp; Biodynamie<\/p>\n<p><strong>Type d\u2019\u00e9levage :<\/strong> Barriques en ch\u00eane fran\u00e7ais 12 mois<\/p>\n<p>&nbsp;<\/p>\n<p><strong>MEDAILLE D&rsquo;OR \u00a0 \u00a0 \u00a0 \u00a0 \u00a0 \u00a0 \u00a0 \u00a0 \u00a0 \u00a0 \u00a0 \u00a0 \u00a0 \u00a0 \u00a0 \u00a0 \u00a0 \u00a0 \u00a0 \u00a0 \u00a0 \u00a0 \u00a0 \u00a0 \u00a0 \u00a0 \u00a0 \u00a0 \u00a0 \u00a0 \u00a0 \u00a0 \u00a0 \u00a0 \u00a0 \u00a0 \u00a0 \u00a0 \u00a0 \u00a0 \u00a0 \u00a0 \u00a0 \u00a0 \u00a0 \u00a0 \u00a0 \u00a0 \u00a0 \u00a0 \u00a0 \u00a0 \u00a0 CONCOURS INTERNATIONAL DES PRODUITS BIOLOGIQUES<\/strong><\/p>\n<p>&nbsp;<\/p>\n<p>&nbsp;<\/p>\n<p>&nbsp;<\/p>\n<p>[\/et_pb_text][\/et_pb_column][\/et_pb_row][et_pb_row column_structure=\u00a0\u00bb1_2,1_2&Prime; admin_label=\u00a0\u00bbLigne Tarif \/ Acheter\u00a0\u00bb _builder_version=\u00a0\u00bb4.21.0&Prime; _module_preset=\u00a0\u00bbdefault\u00a0\u00bb custom_margin=\u00a0\u00bb-77px||||false|false\u00a0\u00bb global_colors_info=\u00a0\u00bb{}\u00a0\u00bb][et_pb_column type=\u00a0\u00bb1_2&Prime; _builder_version=\u00a0\u00bb4.16&Prime; _module_preset=\u00a0\u00bbdefault\u00a0\u00bb global_colors_info=\u00a0\u00bb{}\u00a0\u00bb][\/et_pb_column][et_pb_column type=\u00a0\u00bb1_2&Prime; _builder_version=\u00a0\u00bb4.16&Prime; _module_preset=\u00a0\u00bbdefault\u00a0\u00bb global_colors_info=\u00a0\u00bb{}\u00a0\u00bb][et_pb_button button_url=\u00a0\u00bbhttps:\/\/chateau-la-clyde.fr\/acheter-les-vins-bio-du-chateau-la-clyde\/\u00a0\u00bb url_new_window=\u00a0\u00bbon\u00a0\u00bb button_text=\u00a0\u00bbAcheter ce vin\u00a0\u00bb button_alignment=\u00a0\u00bbcenter\u00a0\u00bb _builder_version=\u00a0\u00bb4.21.0&Prime; _module_preset=\u00a0\u00bbdefault\u00a0\u00bb custom_button=\u00a0\u00bbon\u00a0\u00bb button_text_size=\u00a0\u00bb18px\u00a0\u00bb button_bg_color=\u00a0\u00bb#1f3b67&Prime; button_border_width=\u00a0\u00bb0px\u00a0\u00bb button_font=\u00a0\u00bbRoboto||||||||\u00a0\u00bb background_layout=\u00a0\u00bbdark\u00a0\u00bb custom_margin=\u00a0\u00bb-33px|58px||0px|false|false\u00a0\u00bb custom_margin_tablet=\u00a0\u00bb9px|33px|-10px||false|false\u00a0\u00bb custom_margin_phone=\u00a0\u00bb16px|31px||0px|false|false\u00a0\u00bb custom_margin_last_edited=\u00a0\u00bbon|tablet\u00a0\u00bb custom_padding=\u00a0\u00bb5px||||false|false\u00a0\u00bb button_text_size_tablet=\u00a0\u00bb15px\u00a0\u00bb button_text_size_phone=\u00a0\u00bb15px\u00a0\u00bb button_text_size_last_edited=\u00a0\u00bbon|tablet\u00a0\u00bb box_shadow_style=\u00a0\u00bbpreset2&Prime; global_colors_info=\u00a0\u00bb{}\u00a0\u00bb][\/et_pb_button][\/et_pb_column][\/et_pb_row][\/et_pb_section]<\/p>\n","protected":false},"excerpt":{"rendered":"<p>Vendanges manuelles , production limit\u00e9e.Ni herbicide, ni pesticide.Certifications Bio 2021 et Biodynamie 2021 .Les vins rouges du Ch\u00e2teau La Clyde C\u00d4TES DE BORDEAUX2020 &#8211; C\u00f4tes de Bordeaux H\u00c9DON\u00c9COMMENTAIRE DU SOMMELIERApr\u00e8s 15 minutes de carafage, ce beau mill\u00e9sime r\u00e9v\u00e8le une bouche ample et des tanins tr\u00e8s souples. Robe rubis \u00e0 reflets noirs, complexit\u00e9 de son bouquet [&hellip;]<\/p>\n","protected":false},"author":1,"featured_media":0,"parent":0,"menu_order":0,"comment_status":"closed","ping_status":"closed","template":"","meta":{"_et_pb_use_builder":"on","_et_pb_old_content":"","_et_gb_content_width":""},"yoast_head":"<!-- This site is optimized with the Yoast SEO plugin v21.8.1 - https:\/\/yoast.com\/wordpress\/plugins\/seo\/ -->\n<title>Les vins rouges bio du Ch\u00e2teau La Clyde - Ch\u00e2teau La CLYDE. Vins de Bordeaux Bio et Biodynamie<\/title>\n<meta name=\"robots\" content=\"index, follow, max-snippet:-1, max-image-preview:large, max-video-preview:-1\" \/>\n<link rel=\"canonical\" href=\"https:\/\/chateau-la-clyde.fr\/en\/les-vins-rouges-bio-du-chateau-la-clyde\/\" \/>\n<meta property=\"og:locale\" content=\"en_GB\" \/>\n<meta property=\"og:type\" content=\"article\" \/>\n<meta property=\"og:title\" content=\"Les vins rouges bio du Ch\u00e2teau La Clyde - Ch\u00e2teau La CLYDE. Vins de Bordeaux Bio et Biodynamie\" \/>\n<meta property=\"og:description\" content=\"Vendanges manuelles , production limit\u00e9e.Ni herbicide, ni pesticide.Certifications Bio 2021 et Biodynamie 2021 .Les vins rouges du Ch\u00e2teau La Clyde C\u00d4TES DE BORDEAUX2020 - C\u00f4tes de Bordeaux H\u00c9DON\u00c9COMMENTAIRE DU SOMMELIERApr\u00e8s 15 minutes de carafage, ce beau mill\u00e9sime r\u00e9v\u00e8le une bouche ample et des tanins tr\u00e8s souples. Robe rubis \u00e0 reflets noirs, complexit\u00e9 de son bouquet [&hellip;]\" \/>\n<meta property=\"og:url\" content=\"https:\/\/chateau-la-clyde.fr\/en\/les-vins-rouges-bio-du-chateau-la-clyde\/\" \/>\n<meta property=\"og:site_name\" content=\"Ch\u00e2teau La CLYDE. Vins de Bordeaux Bio et Biodynamie\" \/>\n<meta property=\"article:publisher\" content=\"https:\/\/www.facebook.com\/CHATEAULACLYDE\" \/>\n<meta property=\"article:modified_time\" content=\"2026-01-14T22:12:39+00:00\" \/>\n<script type=\"application\/ld+json\" class=\"yoast-schema-graph\">{\"@context\":\"https:\/\/schema.org\",\"@graph\":[{\"@type\":\"WebPage\",\"@id\":\"https:\/\/chateau-la-clyde.fr\/les-vins-rouges-bio-du-chateau-la-clyde\/\",\"url\":\"https:\/\/chateau-la-clyde.fr\/les-vins-rouges-bio-du-chateau-la-clyde\/\",\"name\":\"Les vins rouges bio du Ch\u00e2teau La Clyde - Ch\u00e2teau La CLYDE. Vins de Bordeaux Bio et Biodynamie\",\"isPartOf\":{\"@id\":\"https:\/\/chateau-la-clyde.fr\/#website\"},\"datePublished\":\"2023-05-19T12:55:30+00:00\",\"dateModified\":\"2026-01-14T22:12:39+00:00\",\"breadcrumb\":{\"@id\":\"https:\/\/chateau-la-clyde.fr\/les-vins-rouges-bio-du-chateau-la-clyde\/#breadcrumb\"},\"inLanguage\":\"en-GB\",\"potentialAction\":[{\"@type\":\"ReadAction\",\"target\":[\"https:\/\/chateau-la-clyde.fr\/les-vins-rouges-bio-du-chateau-la-clyde\/\"]}]},{\"@type\":\"BreadcrumbList\",\"@id\":\"https:\/\/chateau-la-clyde.fr\/les-vins-rouges-bio-du-chateau-la-clyde\/#breadcrumb\",\"itemListElement\":[{\"@type\":\"ListItem\",\"position\":1,\"name\":\"Accueil\",\"item\":\"https:\/\/chateau-la-clyde.fr\/\"},{\"@type\":\"ListItem\",\"position\":2,\"name\":\"Les vins rouges bio du Ch\u00e2teau La Clyde\"}]},{\"@type\":\"WebSite\",\"@id\":\"https:\/\/chateau-la-clyde.fr\/#website\",\"url\":\"https:\/\/chateau-la-clyde.fr\/\",\"name\":\"Ch\u00e2teau La CLYDE. Vins de Bordeaux Bio et Biodynamie\",\"description\":\"Le complice indispensable de vos repas gastronomiques\",\"publisher\":{\"@id\":\"https:\/\/chateau-la-clyde.fr\/#organization\"},\"alternateName\":\"Ch\u00e2teau La Clyde\",\"potentialAction\":[{\"@type\":\"SearchAction\",\"target\":{\"@type\":\"EntryPoint\",\"urlTemplate\":\"https:\/\/chateau-la-clyde.fr\/?s={search_term_string}\"},\"query-input\":\"required name=search_term_string\"}],\"inLanguage\":\"en-GB\"},{\"@type\":\"Organization\",\"@id\":\"https:\/\/chateau-la-clyde.fr\/#organization\",\"name\":\"Ch\u00e2teau La CLYDE\",\"url\":\"https:\/\/chateau-la-clyde.fr\/\",\"logo\":{\"@type\":\"ImageObject\",\"inLanguage\":\"en-GB\",\"@id\":\"https:\/\/chateau-la-clyde.fr\/#\/schema\/logo\/image\/\",\"url\":\"https:\/\/chateau-la-clyde.fr\/wp-content\/uploads\/2023\/05\/chateau-la-clyde-logo-300.png\",\"contentUrl\":\"https:\/\/chateau-la-clyde.fr\/wp-content\/uploads\/2023\/05\/chateau-la-clyde-logo-300.png\",\"width\":300,\"height\":300,\"caption\":\"Ch\u00e2teau La CLYDE\"},\"image\":{\"@id\":\"https:\/\/chateau-la-clyde.fr\/#\/schema\/logo\/image\/\"},\"sameAs\":[\"https:\/\/www.facebook.com\/CHATEAULACLYDE\",\"https:\/\/www.instagram.com\/chateau.la.clyde\/\",\"https:\/\/www.linkedin.com\/company\/chteau-la-clyde\/\"]}]}<\/script>\n<!-- \/ Yoast SEO plugin. -->","yoast_head_json":{"title":"Les vins rouges bio du Ch\u00e2teau La Clyde - Ch\u00e2teau La CLYDE. Vins de Bordeaux Bio et Biodynamie","robots":{"index":"index","follow":"follow","max-snippet":"max-snippet:-1","max-image-preview":"max-image-preview:large","max-video-preview":"max-video-preview:-1"},"canonical":"https:\/\/chateau-la-clyde.fr\/en\/les-vins-rouges-bio-du-chateau-la-clyde\/","og_locale":"en_GB","og_type":"article","og_title":"Les vins rouges bio du Ch\u00e2teau La Clyde - Ch\u00e2teau La CLYDE. Vins de Bordeaux Bio et Biodynamie","og_description":"Vendanges manuelles , production limit\u00e9e.Ni herbicide, ni pesticide.Certifications Bio 2021 et Biodynamie 2021 .Les vins rouges du Ch\u00e2teau La Clyde C\u00d4TES DE BORDEAUX2020 - C\u00f4tes de Bordeaux H\u00c9DON\u00c9COMMENTAIRE DU SOMMELIERApr\u00e8s 15 minutes de carafage, ce beau mill\u00e9sime r\u00e9v\u00e8le une bouche ample et des tanins tr\u00e8s souples. Robe rubis \u00e0 reflets noirs, complexit\u00e9 de son bouquet [&hellip;]","og_url":"https:\/\/chateau-la-clyde.fr\/en\/les-vins-rouges-bio-du-chateau-la-clyde\/","og_site_name":"Ch\u00e2teau La CLYDE. Vins de Bordeaux Bio et Biodynamie","article_publisher":"https:\/\/www.facebook.com\/CHATEAULACLYDE","article_modified_time":"2026-01-14T22:12:39+00:00","schema":{"@context":"https:\/\/schema.org","@graph":[{"@type":"WebPage","@id":"https:\/\/chateau-la-clyde.fr\/les-vins-rouges-bio-du-chateau-la-clyde\/","url":"https:\/\/chateau-la-clyde.fr\/les-vins-rouges-bio-du-chateau-la-clyde\/","name":"Les vins rouges bio du Ch\u00e2teau La Clyde - Ch\u00e2teau La CLYDE. Vins de Bordeaux Bio et Biodynamie","isPartOf":{"@id":"https:\/\/chateau-la-clyde.fr\/#website"},"datePublished":"2023-05-19T12:55:30+00:00","dateModified":"2026-01-14T22:12:39+00:00","breadcrumb":{"@id":"https:\/\/chateau-la-clyde.fr\/les-vins-rouges-bio-du-chateau-la-clyde\/#breadcrumb"},"inLanguage":"en-GB","potentialAction":[{"@type":"ReadAction","target":["https:\/\/chateau-la-clyde.fr\/les-vins-rouges-bio-du-chateau-la-clyde\/"]}]},{"@type":"BreadcrumbList","@id":"https:\/\/chateau-la-clyde.fr\/les-vins-rouges-bio-du-chateau-la-clyde\/#breadcrumb","itemListElement":[{"@type":"ListItem","position":1,"name":"Accueil","item":"https:\/\/chateau-la-clyde.fr\/"},{"@type":"ListItem","position":2,"name":"Les vins rouges bio du Ch\u00e2teau La Clyde"}]},{"@type":"WebSite","@id":"https:\/\/chateau-la-clyde.fr\/#website","url":"https:\/\/chateau-la-clyde.fr\/","name":"Ch\u00e2teau La CLYDE. Vins de Bordeaux Bio et Biodynamie","description":"A Must-Have for Your Gourmet Meals","publisher":{"@id":"https:\/\/chateau-la-clyde.fr\/#organization"},"alternateName":"Ch\u00e2teau La Clyde","potentialAction":[{"@type":"SearchAction","target":{"@type":"EntryPoint","urlTemplate":"https:\/\/chateau-la-clyde.fr\/?s={search_term_string}"},"query-input":"required name=search_term_string"}],"inLanguage":"en-GB"},{"@type":"Organization","@id":"https:\/\/chateau-la-clyde.fr\/#organization","name":"Ch\u00e2teau La CLYDE","url":"https:\/\/chateau-la-clyde.fr\/","logo":{"@type":"ImageObject","inLanguage":"en-GB","@id":"https:\/\/chateau-la-clyde.fr\/#\/schema\/logo\/image\/","url":"https:\/\/chateau-la-clyde.fr\/wp-content\/uploads\/2023\/05\/chateau-la-clyde-logo-300.png","contentUrl":"https:\/\/chateau-la-clyde.fr\/wp-content\/uploads\/2023\/05\/chateau-la-clyde-logo-300.png","width":300,"height":300,"caption":"Ch\u00e2teau La CLYDE"},"image":{"@id":"https:\/\/chateau-la-clyde.fr\/#\/schema\/logo\/image\/"},"sameAs":["https:\/\/www.facebook.com\/CHATEAULACLYDE","https:\/\/www.instagram.com\/chateau.la.clyde\/","https:\/\/www.linkedin.com\/company\/chteau-la-clyde\/"]}]}},"_links":{"self":[{"href":"https:\/\/chateau-la-clyde.fr\/en\/wp-json\/wp\/v2\/pages\/10279"}],"collection":[{"href":"https:\/\/chateau-la-clyde.fr\/en\/wp-json\/wp\/v2\/pages"}],"about":[{"href":"https:\/\/chateau-la-clyde.fr\/en\/wp-json\/wp\/v2\/types\/page"}],"author":[{"embeddable":true,"href":"https:\/\/chateau-la-clyde.fr\/en\/wp-json\/wp\/v2\/users\/1"}],"replies":[{"embeddable":true,"href":"https:\/\/chateau-la-clyde.fr\/en\/wp-json\/wp\/v2\/comments?post=10279"}],"version-history":[{"count":42,"href":"https:\/\/chateau-la-clyde.fr\/en\/wp-json\/wp\/v2\/pages\/10279\/revisions"}],"predecessor-version":[{"id":11139,"href":"https:\/\/chateau-la-clyde.fr\/en\/wp-json\/wp\/v2\/pages\/10279\/revisions\/11139"}],"wp:attachment":[{"href":"https:\/\/chateau-la-clyde.fr\/en\/wp-json\/wp\/v2\/media?parent=10279"}],"curies":[{"name":"wp","href":"https:\/\/api.w.org\/{rel}","templated":true}]}}