{"id":10474,"date":"2023-05-24T14:04:24","date_gmt":"2023-05-24T12:04:24","guid":{"rendered":"https:\/\/chateau-la-clyde.fr\/?page_id=10474"},"modified":"2026-01-14T22:37:00","modified_gmt":"2026-01-14T21:37:00","slug":"les-vins-blancs-du-chateau-la-clyde","status":"publish","type":"page","link":"https:\/\/chateau-la-clyde.fr\/en\/les-vins-blancs-du-chateau-la-clyde\/","title":{"rendered":"Les vins blancs du Ch\u00e2teau La Clyde"},"content":{"rendered":"<p>[et_pb_section fb_built=\u00a0\u00bb1&Prime; fullwidth=\u00a0\u00bbon\u00a0\u00bb _builder_version=\u00a0\u00bb4.20.0&Prime; _module_preset=\u00a0\u00bbdefault\u00a0\u00bb custom_margin=\u00a0\u00bb||||false|false\u00a0\u00bb custom_padding=\u00a0\u00bb0px||||false|false\u00a0\u00bb global_colors_info=\u00a0\u00bb{}\u00a0\u00bb][et_pb_fullwidth_header title=\u00a0\u00bbNos vins blancs\u00a0\u00bb text_orientation=\u00a0\u00bbcenter\u00a0\u00bb header_scroll_down=\u00a0\u00bbon\u00a0\u00bb logo_image_url=\u00a0\u00bbhttps:\/\/chateau-la-clyde.fr\/wp-content\/uploads\/2023\/03\/chateau-la-clyde-logos-biodynamie-demeter-ecocert.png\u00a0\u00bb scroll_down_icon_size_tablet=\u00a0\u00bb42px\u00a0\u00bb scroll_down_icon_size_phone=\u00a0\u00bb31px\u00a0\u00bb scroll_down_icon_size_last_edited=\u00a0\u00bbon|desktop\u00a0\u00bb logo_image_url_tablet=\u00a0\u00bbhttps:\/\/chateau-la-clyde.fr\/wp-content\/uploads\/2023\/03\/chateau-la-clyde-logos-biodynamie-demeter-ecocert.png\u00a0\u00bb logo_image_url_phone=\u00a0\u00bbhttps:\/\/chateau-la-clyde.fr\/wp-content\/uploads\/2023\/03\/ecocert-demeter-logos-chateau-la-clyde.png\u00a0\u00bb logo_image_url_last_edited=\u00a0\u00bbon|phone\u00a0\u00bb _builder_version=\u00a0\u00bb4.21.0&Prime; _module_preset=\u00a0\u00bbdefault\u00a0\u00bb title_font=\u00a0\u00bbRoboto|700|||||||\u00a0\u00bb title_text_align=\u00a0\u00bbleft\u00a0\u00bb title_font_size=\u00a0\u00bb44px\u00a0\u00bb content_font=\u00a0\u00bbRoboto|900|||||||\u00a0\u00bb content_text_align=\u00a0\u00bbleft\u00a0\u00bb content_font_size=\u00a0\u00bb17px\u00a0\u00bb background_enable_color=\u00a0\u00bboff\u00a0\u00bb background_image=\u00a0\u00bbhttps:\/\/chateau-la-clyde.fr\/wp-content\/uploads\/2023\/05\/chateau-la-clyde-vin-blanc-bio.jpg\u00a0\u00bb module_alignment=\u00a0\u00bbcenter\u00a0\u00bb custom_margin=\u00a0\u00bb-12px||0px|0px|false|false\u00a0\u00bb custom_margin_tablet=\u00a0\u00bb-12px||0px|0px|false|false\u00a0\u00bb custom_margin_phone=\u00a0\u00bb9px||0px|0px|false|false\u00a0\u00bb custom_margin_last_edited=\u00a0\u00bbon|tablet\u00a0\u00bb custom_padding=\u00a0\u00bb0px|0px|74px|0px|false|false\u00a0\u00bb custom_padding_tablet=\u00a0\u00bb0px|0px|74px|0px|false|false\u00a0\u00bb custom_padding_phone=\u00a0\u00bb||52px||false|false\u00a0\u00bb custom_padding_last_edited=\u00a0\u00bbon|phone\u00a0\u00bb title_font_size_tablet=\u00a0\u00bb40px\u00a0\u00bb title_font_size_phone=\u00a0\u00bb32px\u00a0\u00bb title_font_size_last_edited=\u00a0\u00bbon|tablet\u00a0\u00bb content_font_size_tablet=\u00a0\u00bb17px\u00a0\u00bb content_font_size_phone=\u00a0\u00bb17px\u00a0\u00bb content_font_size_last_edited=\u00a0\u00bbon|phone\u00a0\u00bb subhead_font_size_tablet=\u00a0\u00bb\u00a0\u00bb subhead_font_size_phone=\u00a0\u00bb18px\u00a0\u00bb subhead_font_size_last_edited=\u00a0\u00bbon|phone\u00a0\u00bb title_text_shadow_style=\u00a0\u00bbpreset4&Prime; content_text_shadow_style=\u00a0\u00bbpreset1&Prime; text_shadow_style=\u00a0\u00bbpreset4&Prime; text_shadow_horizontal_length=\u00a0\u00bb0.01em\u00a0\u00bb global_colors_info=\u00a0\u00bb{}\u00a0\u00bb]<\/p>\n<p>Vendanges manuelles , production limit\u00e9e.<br \/>Ni herbicide, ni pesticide.<br \/>Certifications Bio 2021 et Biodynamie 2021 .<\/p>\n<p>[\/et_pb_fullwidth_header][\/et_pb_section][et_pb_section fb_built=\u00a0\u00bb1&Prime; _builder_version=\u00a0\u00bb4.21.0&Prime; _module_preset=\u00a0\u00bbdefault\u00a0\u00bb custom_padding=\u00a0\u00bb13px||13px|||\u00a0\u00bb global_colors_info=\u00a0\u00bb{}\u00a0\u00bb][et_pb_row _builder_version=\u00a0\u00bb4.21.0&Prime; _module_preset=\u00a0\u00bbdefault\u00a0\u00bb custom_padding=\u00a0\u00bb||17px|||\u00a0\u00bb global_colors_info=\u00a0\u00bb{}\u00a0\u00bb][et_pb_column type=\u00a0\u00bb4_4&Prime; _builder_version=\u00a0\u00bb4.21.0&Prime; _module_preset=\u00a0\u00bbdefault\u00a0\u00bb global_colors_info=\u00a0\u00bb{}\u00a0\u00bb][et_pb_text _builder_version=\u00a0\u00bb4.21.0&Prime; _module_preset=\u00a0\u00bbdefault\u00a0\u00bb header_2_font=\u00a0\u00bbRoboto|700|||||||\u00a0\u00bb header_2_text_align=\u00a0\u00bbcenter\u00a0\u00bb header_2_text_color=\u00a0\u00bb#1F3B67&Prime; header_2_font_size=\u00a0\u00bb29px\u00a0\u00bb header_3_font=\u00a0\u00bbRoboto|700|||||||\u00a0\u00bb header_3_text_align=\u00a0\u00bbcenter\u00a0\u00bb header_3_text_color=\u00a0\u00bb#1F3B67&Prime; global_colors_info=\u00a0\u00bb{}\u00a0\u00bb]<\/p>\n<h2>Les vins blancs bio du Ch\u00e2teau La Clyde<\/h2>\n<h3>BORDEAUX BLANC SEC<\/h3>\n<p>[\/et_pb_text][\/et_pb_column][\/et_pb_row][\/et_pb_section][et_pb_section fb_built=\u00a0\u00bb1&Prime; admin_label=\u00a0\u00bbLe Parpagnas\u00a0\u00bb _builder_version=\u00a0\u00bb4.21.0&Prime; _module_preset=\u00a0\u00bbdefault\u00a0\u00bb background_enable_image=\u00a0\u00bboff\u00a0\u00bb custom_padding=\u00a0\u00bb36px||22px|||\u00a0\u00bb collapsed=\u00a0\u00bboff\u00a0\u00bb global_colors_info=\u00a0\u00bb{}\u00a0\u00bb][et_pb_row _builder_version=\u00a0\u00bb4.16&Prime; _module_preset=\u00a0\u00bbdefault\u00a0\u00bb custom_padding=\u00a0\u00bb13px||7px|||\u00a0\u00bb global_colors_info=\u00a0\u00bb{}\u00a0\u00bb][et_pb_column type=\u00a0\u00bb4_4&Prime; _builder_version=\u00a0\u00bb4.16&Prime; _module_preset=\u00a0\u00bbdefault\u00a0\u00bb global_colors_info=\u00a0\u00bb{}\u00a0\u00bb][et_pb_text admin_label=\u00a0\u00bbParpagnas 2018. Collines de la Moure.\u00a0\u00bb _builder_version=\u00a0\u00bb4.21.0&Prime; _module_preset=\u00a0\u00bbdefault\u00a0\u00bb header_3_font=\u00a0\u00bbRoboto||on||||||\u00a0\u00bb header_3_text_align=\u00a0\u00bbcenter\u00a0\u00bb header_3_text_color=\u00a0\u00bb#1F3B67&Prime; global_colors_info=\u00a0\u00bb{}\u00a0\u00bb]<\/p>\n<h3 style=\"text-align: center;\"><strong>2023 &#8211; Blanc Sec<\/strong><\/h3>\n<h3 style=\"text-align: center;\"><strong>\u00a0<\/strong><\/h3>\n<p>[\/et_pb_text][\/et_pb_column][\/et_pb_row][et_pb_row _builder_version=\u00a0\u00bb4.16&Prime; _module_preset=\u00a0\u00bbdefault\u00a0\u00bb custom_padding=\u00a0\u00bb10px||2px|||\u00a0\u00bb global_colors_info=\u00a0\u00bb{}\u00a0\u00bb][et_pb_column type=\u00a0\u00bb4_4&Prime; _builder_version=\u00a0\u00bb4.16&Prime; _module_preset=\u00a0\u00bbdefault\u00a0\u00bb global_colors_info=\u00a0\u00bb{}\u00a0\u00bb][et_pb_divider color=\u00a0\u00bb#1F3B67&Prime; divider_weight=\u00a0\u00bb2px\u00a0\u00bb _builder_version=\u00a0\u00bb4.21.0&Prime; _module_preset=\u00a0\u00bbdefault\u00a0\u00bb width=\u00a0\u00bb25%\u00a0\u00bb module_alignment=\u00a0\u00bbcenter\u00a0\u00bb global_colors_info=\u00a0\u00bb{}\u00a0\u00bb][\/et_pb_divider][\/et_pb_column][\/et_pb_row][et_pb_row column_structure=\u00a0\u00bb1_2,1_2&Prime; _builder_version=\u00a0\u00bb4.21.0&Prime; _module_preset=\u00a0\u00bbdefault\u00a0\u00bb min_height=\u00a0\u00bb708px\u00a0\u00bb height=\u00a0\u00bb750px\u00a0\u00bb max_height=\u00a0\u00bb100px\u00a0\u00bb custom_padding=\u00a0\u00bb12px|||||\u00a0\u00bb global_colors_info=\u00a0\u00bb{}\u00a0\u00bb][et_pb_column type=\u00a0\u00bb1_2&Prime; _builder_version=\u00a0\u00bb4.21.0&Prime; _module_preset=\u00a0\u00bbdefault\u00a0\u00bb custom_padding=\u00a0\u00bb10px||1px||false|false\u00a0\u00bb border_color_all=\u00a0\u00bb#1F3B67&Prime; border_width_right=\u00a0\u00bb3px\u00a0\u00bb border_width_all_tablet=\u00a0\u00bb\u00a0\u00bb border_width_all_phone=\u00a0\u00bb\u00a0\u00bb border_width_all_last_edited=\u00a0\u00bbon|desktop\u00a0\u00bb border_width_right_tablet=\u00a0\u00bb0px\u00a0\u00bb border_width_right_phone=\u00a0\u00bb\u00a0\u00bb border_width_right_last_edited=\u00a0\u00bbon|phone\u00a0\u00bb global_colors_info=\u00a0\u00bb{}\u00a0\u00bb][et_pb_image src=\u00a0\u00bbhttps:\/\/chateau-la-clyde.fr\/wp-content\/uploads\/2024\/11\/Untitled-design-2-e1731518976254.png\u00a0\u00bb title_text=\u00a0\u00bbUntitled design 2&Prime; show_in_lightbox=\u00a0\u00bbon\u00a0\u00bb show_bottom_space=\u00a0\u00bboff\u00a0\u00bb align=\u00a0\u00bbcenter\u00a0\u00bb _builder_version=\u00a0\u00bb4.21.0&Prime; _module_preset=\u00a0\u00bbdefault\u00a0\u00bb width=\u00a0\u00bb83%\u00a0\u00bb module_alignment=\u00a0\u00bbcenter\u00a0\u00bb custom_margin=\u00a0\u00bb-25px|0px|||false|false\u00a0\u00bb custom_padding=\u00a0\u00bb|0px|||false|false\u00a0\u00bb global_colors_info=\u00a0\u00bb{}\u00a0\u00bb][\/et_pb_image][\/et_pb_column][et_pb_column type=\u00a0\u00bb1_2&Prime; _builder_version=\u00a0\u00bb4.16&Prime; _module_preset=\u00a0\u00bbdefault\u00a0\u00bb global_colors_info=\u00a0\u00bb{}\u00a0\u00bb][et_pb_text _builder_version=\u00a0\u00bb4.21.0&Prime; _module_preset=\u00a0\u00bbdefault\u00a0\u00bb text_font=\u00a0\u00bb|600|||||||\u00a0\u00bb text_text_color=\u00a0\u00bb#000000&Prime; header_4_font=\u00a0\u00bbRoboto|700|||||||\u00a0\u00bb header_4_text_color=\u00a0\u00bb#1F3B67&Prime; custom_margin=\u00a0\u00bb||9px|||\u00a0\u00bb custom_margin_tablet=\u00a0\u00bb16px||||false|false\u00a0\u00bb custom_margin_phone=\u00a0\u00bb14px||||false|false\u00a0\u00bb custom_margin_last_edited=\u00a0\u00bbon|tablet\u00a0\u00bb global_colors_info=\u00a0\u00bb{}\u00a0\u00bb]<\/p>\n<h4>COMMENTAIRE DU SOMMELIER<\/h4>\n<p>[\/et_pb_text][et_pb_text _builder_version=\u00a0\u00bb4.21.0&Prime; _module_preset=\u00a0\u00bbdefault\u00a0\u00bb text_font=\u00a0\u00bbRoboto|500|||||||\u00a0\u00bb text_text_color=\u00a0\u00bb#1F3B67&Prime; header_4_text_color=\u00a0\u00bb#1F3B67&Prime; custom_margin=\u00a0\u00bb40px||||false|false\u00a0\u00bb global_colors_info=\u00a0\u00bb{}\u00a0\u00bb]<\/p>\n<p>Le nez est flatteur et printanier.<br \/>De douces notes de fleurs blanches et de Lila.<\/p>\n<p>En revanche la bouche est plus vive, min\u00e9rale, sans pour autant agresser le palais.<br \/>Des notes fraiches qui tirent sur les fruits exotiques avec une acidit\u00e9 franche.<\/p>\n<p>L\u2019\u00e9levage en barrique (l\u00e9ger) relance cette note de fraicheur et accentue la longueur.<\/p>\n<p>Cette longueur nous am\u00e8ne \u00e0 imaginer des plats \u00e0 base de l\u00e9gumes d\u2019\u00e9t\u00e9, des grillades blanches, ou encore une belle plancha (sans viande rouge)<\/p>\n<p>&nbsp;<\/p>\n<p><strong>Accord :<\/strong> Carpaccio de noix de saint-jacques, thym citronn\u00e9 et huile d\u2019olive vierge.\u00a0<\/p>\n<p><strong>C\u00e9page :<\/strong> 100% Muscadelle<\/p>\n<p><strong>Conduite de la vigne :<\/strong> Vendanges manuelles, Bio &amp; Biodynamie<\/p>\n<p><strong>Type d\u2019\u00e9levage :<\/strong> Barriques en ch\u00eane fran\u00e7ais 5 mois<\/p>\n<p>[\/et_pb_text][\/et_pb_column][\/et_pb_row][et_pb_row column_structure=\u00a0\u00bb1_2,1_2&Prime; admin_label=\u00a0\u00bbLigne Tarif \/ Acheter\u00a0\u00bb _builder_version=\u00a0\u00bb4.21.0&Prime; _module_preset=\u00a0\u00bbdefault\u00a0\u00bb custom_margin=\u00a0\u00bb-77px||||false|false\u00a0\u00bb global_colors_info=\u00a0\u00bb{}\u00a0\u00bb][et_pb_column type=\u00a0\u00bb1_2&Prime; _builder_version=\u00a0\u00bb4.16&Prime; _module_preset=\u00a0\u00bbdefault\u00a0\u00bb global_colors_info=\u00a0\u00bb{}\u00a0\u00bb][\/et_pb_column][et_pb_column type=\u00a0\u00bb1_2&Prime; _builder_version=\u00a0\u00bb4.16&Prime; _module_preset=\u00a0\u00bbdefault\u00a0\u00bb global_colors_info=\u00a0\u00bb{}\u00a0\u00bb][et_pb_button button_url=\u00a0\u00bbhttps:\/\/chateau-la-clyde.fr\/acheter-les-vins-bio-du-chateau-la-clyde\/\u00a0\u00bb url_new_window=\u00a0\u00bbon\u00a0\u00bb button_text=\u00a0\u00bbAcheter ce vin\u00a0\u00bb button_alignment=\u00a0\u00bbcenter\u00a0\u00bb _builder_version=\u00a0\u00bb4.21.0&Prime; _module_preset=\u00a0\u00bbdefault\u00a0\u00bb custom_button=\u00a0\u00bbon\u00a0\u00bb button_text_size=\u00a0\u00bb18px\u00a0\u00bb button_bg_color=\u00a0\u00bb#1f3b67&Prime; button_border_width=\u00a0\u00bb0px\u00a0\u00bb button_font=\u00a0\u00bbRoboto||||||||\u00a0\u00bb background_layout=\u00a0\u00bbdark\u00a0\u00bb custom_margin=\u00a0\u00bb-33px|58px||0px|false|false\u00a0\u00bb custom_margin_tablet=\u00a0\u00bb9px|33px|-10px||false|false\u00a0\u00bb custom_margin_phone=\u00a0\u00bb16px|31px||0px|false|false\u00a0\u00bb custom_margin_last_edited=\u00a0\u00bbon|tablet\u00a0\u00bb custom_padding=\u00a0\u00bb5px||||false|false\u00a0\u00bb button_text_size_tablet=\u00a0\u00bb15px\u00a0\u00bb button_text_size_phone=\u00a0\u00bb15px\u00a0\u00bb button_text_size_last_edited=\u00a0\u00bbon|tablet\u00a0\u00bb box_shadow_style=\u00a0\u00bbpreset2&Prime; global_colors_info=\u00a0\u00bb{}\u00a0\u00bb][\/et_pb_button][\/et_pb_column][\/et_pb_row][\/et_pb_section][et_pb_section fb_built=\u00a0\u00bb1&Prime; theme_builder_area=\u00a0\u00bbpost_content\u00a0\u00bb _builder_version=\u00a0\u00bb4.21.0&Prime; _module_preset=\u00a0\u00bbdefault\u00a0\u00bb][\/et_pb_section][et_pb_section fb_built=\u00a0\u00bb1&Prime; admin_label=\u00a0\u00bbLe Parpagnas\u00a0\u00bb _builder_version=\u00a0\u00bb4.21.0&Prime; _module_preset=\u00a0\u00bbdefault\u00a0\u00bb background_enable_image=\u00a0\u00bboff\u00a0\u00bb custom_padding=\u00a0\u00bb36px||22px|||\u00a0\u00bb collapsed=\u00a0\u00bboff\u00a0\u00bb global_colors_info=\u00a0\u00bb{}\u00a0\u00bb locked=\u00a0\u00bboff\u00a0\u00bb theme_builder_area=\u00a0\u00bbpost_content\u00a0\u00bb][et_pb_row _builder_version=\u00a0\u00bb4.16&Prime; _module_preset=\u00a0\u00bbdefault\u00a0\u00bb custom_padding=\u00a0\u00bb13px||7px|||\u00a0\u00bb global_colors_info=\u00a0\u00bb{}\u00a0\u00bb theme_builder_area=\u00a0\u00bbpost_content\u00a0\u00bb][et_pb_column type=\u00a0\u00bb4_4&Prime; _builder_version=\u00a0\u00bb4.16&Prime; _module_preset=\u00a0\u00bbdefault\u00a0\u00bb global_colors_info=\u00a0\u00bb{}\u00a0\u00bb theme_builder_area=\u00a0\u00bbpost_content\u00a0\u00bb][et_pb_text admin_label=\u00a0\u00bbParpagnas 2018. Collines de la Moure.\u00a0\u00bb _builder_version=\u00a0\u00bb4.21.0&Prime; _module_preset=\u00a0\u00bbdefault\u00a0\u00bb header_3_font=\u00a0\u00bbRoboto||on||||||\u00a0\u00bb header_3_text_align=\u00a0\u00bbcenter\u00a0\u00bb header_3_text_color=\u00a0\u00bb#1F3B67&Prime; hover_enabled=\u00a0\u00bb0&Prime; global_colors_info=\u00a0\u00bb{}\u00a0\u00bb theme_builder_area=\u00a0\u00bbpost_content\u00a0\u00bb sticky_enabled=\u00a0\u00bb0&Prime;]<\/p>\n<h3 style=\"text-align: center;\"><strong>2024 &#8211; Blanc Sec<\/strong><\/h3>\n<h3 style=\"text-align: center;\"><strong>\u00a0<\/strong><\/h3>\n<p>[\/et_pb_text][\/et_pb_column][\/et_pb_row][et_pb_row _builder_version=\u00a0\u00bb4.16&Prime; _module_preset=\u00a0\u00bbdefault\u00a0\u00bb custom_padding=\u00a0\u00bb10px||2px|||\u00a0\u00bb global_colors_info=\u00a0\u00bb{}\u00a0\u00bb theme_builder_area=\u00a0\u00bbpost_content\u00a0\u00bb][et_pb_column type=\u00a0\u00bb4_4&Prime; _builder_version=\u00a0\u00bb4.16&Prime; _module_preset=\u00a0\u00bbdefault\u00a0\u00bb global_colors_info=\u00a0\u00bb{}\u00a0\u00bb theme_builder_area=\u00a0\u00bbpost_content\u00a0\u00bb][et_pb_divider color=\u00a0\u00bb#1F3B67&Prime; divider_weight=\u00a0\u00bb2px\u00a0\u00bb _builder_version=\u00a0\u00bb4.21.0&Prime; _module_preset=\u00a0\u00bbdefault\u00a0\u00bb width=\u00a0\u00bb25%\u00a0\u00bb module_alignment=\u00a0\u00bbcenter\u00a0\u00bb global_colors_info=\u00a0\u00bb{}\u00a0\u00bb theme_builder_area=\u00a0\u00bbpost_content\u00a0\u00bb][\/et_pb_divider][\/et_pb_column][\/et_pb_row][et_pb_row column_structure=\u00a0\u00bb1_2,1_2&Prime; _builder_version=\u00a0\u00bb4.21.0&Prime; _module_preset=\u00a0\u00bbdefault\u00a0\u00bb min_height=\u00a0\u00bb708px\u00a0\u00bb height=\u00a0\u00bb750px\u00a0\u00bb max_height=\u00a0\u00bb100px\u00a0\u00bb custom_padding=\u00a0\u00bb12px|||||\u00a0\u00bb global_colors_info=\u00a0\u00bb{}\u00a0\u00bb theme_builder_area=\u00a0\u00bbpost_content\u00a0\u00bb][et_pb_column type=\u00a0\u00bb1_2&Prime; _builder_version=\u00a0\u00bb4.21.0&Prime; _module_preset=\u00a0\u00bbdefault\u00a0\u00bb custom_padding=\u00a0\u00bb10px||1px||false|false\u00a0\u00bb border_color_all=\u00a0\u00bb#1F3B67&Prime; border_width_right=\u00a0\u00bb3px\u00a0\u00bb border_width_all_tablet=\u00a0\u00bb\u00a0\u00bb border_width_all_phone=\u00a0\u00bb\u00a0\u00bb border_width_all_last_edited=\u00a0\u00bbon|desktop\u00a0\u00bb border_width_right_tablet=\u00a0\u00bb0px\u00a0\u00bb border_width_right_phone=\u00a0\u00bb\u00a0\u00bb border_width_right_last_edited=\u00a0\u00bbon|phone\u00a0\u00bb global_colors_info=\u00a0\u00bb{}\u00a0\u00bb theme_builder_area=\u00a0\u00bbpost_content\u00a0\u00bb][et_pb_image src=\u00a0\u00bbhttps:\/\/chateau-la-clyde.fr\/wp-content\/uploads\/2026\/01\/Image-14-01-2026-a-21.58.heic\u00a0\u00bb title_text=\u00a0\u00bbImage 14-01-2026 \u00e0 21.58&Prime; show_in_lightbox=\u00a0\u00bbon\u00a0\u00bb show_bottom_space=\u00a0\u00bboff\u00a0\u00bb align=\u00a0\u00bbcenter\u00a0\u00bb _builder_version=\u00a0\u00bb4.21.0&Prime; _module_preset=\u00a0\u00bbdefault\u00a0\u00bb width=\u00a0\u00bb83%\u00a0\u00bb module_alignment=\u00a0\u00bbcenter\u00a0\u00bb custom_margin=\u00a0\u00bb-25px|0px|||false|false\u00a0\u00bb custom_padding=\u00a0\u00bb|0px|||false|false\u00a0\u00bb hover_enabled=\u00a0\u00bb0&Prime; global_colors_info=\u00a0\u00bb{}\u00a0\u00bb theme_builder_area=\u00a0\u00bbpost_content\u00a0\u00bb sticky_enabled=\u00a0\u00bb0&Prime;][\/et_pb_image][\/et_pb_column][et_pb_column type=\u00a0\u00bb1_2&Prime; _builder_version=\u00a0\u00bb4.16&Prime; _module_preset=\u00a0\u00bbdefault\u00a0\u00bb global_colors_info=\u00a0\u00bb{}\u00a0\u00bb theme_builder_area=\u00a0\u00bbpost_content\u00a0\u00bb][et_pb_text _builder_version=\u00a0\u00bb4.21.0&Prime; _module_preset=\u00a0\u00bbdefault\u00a0\u00bb text_font=\u00a0\u00bb|600|||||||\u00a0\u00bb text_text_color=\u00a0\u00bb#000000&Prime; header_4_font=\u00a0\u00bbRoboto|700|||||||\u00a0\u00bb header_4_text_color=\u00a0\u00bb#1F3B67&Prime; custom_margin=\u00a0\u00bb||9px|||\u00a0\u00bb custom_margin_tablet=\u00a0\u00bb16px||||false|false\u00a0\u00bb custom_margin_phone=\u00a0\u00bb14px||||false|false\u00a0\u00bb custom_margin_last_edited=\u00a0\u00bbon|tablet\u00a0\u00bb global_colors_info=\u00a0\u00bb{}\u00a0\u00bb theme_builder_area=\u00a0\u00bbpost_content\u00a0\u00bb]<\/p>\n<h4>COMMENTAIRE DU SOMMELIER<\/h4>\n<p>[\/et_pb_text][et_pb_text _builder_version=\u00a0\u00bb4.21.0&Prime; _module_preset=\u00a0\u00bbdefault\u00a0\u00bb text_font=\u00a0\u00bbRoboto|500|||||||\u00a0\u00bb text_text_color=\u00a0\u00bb#1F3B67&Prime; header_4_text_color=\u00a0\u00bb#1F3B67&Prime; custom_margin=\u00a0\u00bb40px||||false|false\u00a0\u00bb hover_enabled=\u00a0\u00bb0&Prime; global_colors_info=\u00a0\u00bb{}\u00a0\u00bb theme_builder_area=\u00a0\u00bbpost_content\u00a0\u00bb custom_padding=\u00a0\u00bb1px|||||\u00a0\u00bb sticky_enabled=\u00a0\u00bb0&Prime;]<\/p>\n<p><span>Tendu et lumineux, port\u00e9 par une belle fra\u00eecheur. <\/span><\/p>\n<p><span>Notes florales d\u00e9licates, finale saline.<\/span><\/p>\n<p>Tr\u00e8s pr\u00e9cis, acidit\u00e9 franche. Vinification et \u00e9levage en barrique tr\u00e8s court.<\/p>\n<p><span><\/span><\/p>\n<p><strong>Accord :<\/strong> <span>Parfait \u00e0 l\u2019ap\u00e9ritif, avec des hu\u00eetres ou des poissons fins.<\/span><\/p>\n<p><strong>C\u00e9page :<\/strong> 100% Muscadelle<\/p>\n<p><strong>Conduite de la vigne :<\/strong> Vendanges manuelles, Bio &amp; Biodynamie<\/p>\n<p><strong>Type d\u2019\u00e9levage :<\/strong> Barriques en ch\u00eane fran\u00e7ais 5 mois<\/p>\n<p>[\/et_pb_text][\/et_pb_column][\/et_pb_row][et_pb_row column_structure=\u00a0\u00bb1_2,1_2&Prime; admin_label=\u00a0\u00bbLigne Tarif \/ Acheter\u00a0\u00bb _builder_version=\u00a0\u00bb4.21.0&Prime; _module_preset=\u00a0\u00bbdefault\u00a0\u00bb custom_margin=\u00a0\u00bb-77px||||false|false\u00a0\u00bb global_colors_info=\u00a0\u00bb{}\u00a0\u00bb theme_builder_area=\u00a0\u00bbpost_content\u00a0\u00bb][et_pb_column type=\u00a0\u00bb1_2&Prime; _builder_version=\u00a0\u00bb4.16&Prime; _module_preset=\u00a0\u00bbdefault\u00a0\u00bb global_colors_info=\u00a0\u00bb{}\u00a0\u00bb theme_builder_area=\u00a0\u00bbpost_content\u00a0\u00bb][\/et_pb_column][et_pb_column type=\u00a0\u00bb1_2&Prime; _builder_version=\u00a0\u00bb4.16&Prime; _module_preset=\u00a0\u00bbdefault\u00a0\u00bb global_colors_info=\u00a0\u00bb{}\u00a0\u00bb theme_builder_area=\u00a0\u00bbpost_content\u00a0\u00bb][et_pb_button button_url=\u00a0\u00bbhttps:\/\/chateau-la-clyde.fr\/acheter-les-vins-bio-du-chateau-la-clyde\/\u00a0\u00bb url_new_window=\u00a0\u00bbon\u00a0\u00bb button_text=\u00a0\u00bbAcheter ce vin\u00a0\u00bb button_alignment=\u00a0\u00bbcenter\u00a0\u00bb _builder_version=\u00a0\u00bb4.21.0&Prime; _module_preset=\u00a0\u00bbdefault\u00a0\u00bb custom_button=\u00a0\u00bbon\u00a0\u00bb button_text_size=\u00a0\u00bb18px\u00a0\u00bb button_bg_color=\u00a0\u00bb#1f3b67&Prime; button_border_width=\u00a0\u00bb0px\u00a0\u00bb button_font=\u00a0\u00bbRoboto||||||||\u00a0\u00bb background_layout=\u00a0\u00bbdark\u00a0\u00bb custom_margin=\u00a0\u00bb-33px|58px||0px|false|false\u00a0\u00bb custom_margin_tablet=\u00a0\u00bb9px|33px|-10px||false|false\u00a0\u00bb custom_margin_phone=\u00a0\u00bb16px|31px||0px|false|false\u00a0\u00bb custom_margin_last_edited=\u00a0\u00bbon|tablet\u00a0\u00bb custom_padding=\u00a0\u00bb5px||||false|false\u00a0\u00bb button_text_size_tablet=\u00a0\u00bb15px\u00a0\u00bb button_text_size_phone=\u00a0\u00bb15px\u00a0\u00bb button_text_size_last_edited=\u00a0\u00bbon|tablet\u00a0\u00bb box_shadow_style=\u00a0\u00bbpreset2&Prime; global_colors_info=\u00a0\u00bb{}\u00a0\u00bb theme_builder_area=\u00a0\u00bbpost_content\u00a0\u00bb][\/et_pb_button][\/et_pb_column][\/et_pb_row][\/et_pb_section]<\/p>\n","protected":false},"excerpt":{"rendered":"<p>Vendanges manuelles , production limit\u00e9e.Ni herbicide, ni pesticide.Certifications Bio 2021 et Biodynamie 2021 .Les vins blancs bio du Ch\u00e2teau La Clyde BORDEAUX BLANC SEC2023 &#8211; Blanc Sec \u00a0COMMENTAIRE DU SOMMELIERLe nez est flatteur et printanier.De douces notes de fleurs blanches et de Lila. En revanche la bouche est plus vive, min\u00e9rale, sans pour autant agresser [&hellip;]<\/p>\n","protected":false},"author":1,"featured_media":0,"parent":0,"menu_order":0,"comment_status":"closed","ping_status":"closed","template":"","meta":{"_et_pb_use_builder":"on","_et_pb_old_content":"","_et_gb_content_width":""},"yoast_head":"<!-- This site is optimized with the Yoast SEO plugin v21.8.1 - https:\/\/yoast.com\/wordpress\/plugins\/seo\/ -->\n<title>Les vins blancs du Ch\u00e2teau La Clyde - Ch\u00e2teau La CLYDE. Vins de Bordeaux Bio et Biodynamie<\/title>\n<meta name=\"robots\" content=\"index, follow, max-snippet:-1, max-image-preview:large, max-video-preview:-1\" \/>\n<link rel=\"canonical\" href=\"https:\/\/chateau-la-clyde.fr\/en\/les-vins-blancs-du-chateau-la-clyde\/\" \/>\n<meta property=\"og:locale\" content=\"en_GB\" \/>\n<meta property=\"og:type\" content=\"article\" \/>\n<meta property=\"og:title\" content=\"Les vins blancs du Ch\u00e2teau La Clyde - Ch\u00e2teau La CLYDE. Vins de Bordeaux Bio et Biodynamie\" \/>\n<meta property=\"og:description\" content=\"Vendanges manuelles , production limit\u00e9e.Ni herbicide, ni pesticide.Certifications Bio 2021 et Biodynamie 2021 .Les vins blancs bio du Ch\u00e2teau La Clyde BORDEAUX BLANC SEC2023 - Blanc Sec \u00a0COMMENTAIRE DU SOMMELIERLe nez est flatteur et printanier.De douces notes de fleurs blanches et de Lila. En revanche la bouche est plus vive, min\u00e9rale, sans pour autant agresser [&hellip;]\" \/>\n<meta property=\"og:url\" content=\"https:\/\/chateau-la-clyde.fr\/en\/les-vins-blancs-du-chateau-la-clyde\/\" \/>\n<meta property=\"og:site_name\" content=\"Ch\u00e2teau La CLYDE. Vins de Bordeaux Bio et Biodynamie\" \/>\n<meta property=\"article:publisher\" content=\"https:\/\/www.facebook.com\/CHATEAULACLYDE\" \/>\n<meta property=\"article:modified_time\" content=\"2026-01-14T21:37:00+00:00\" \/>\n<script type=\"application\/ld+json\" class=\"yoast-schema-graph\">{\"@context\":\"https:\/\/schema.org\",\"@graph\":[{\"@type\":\"WebPage\",\"@id\":\"https:\/\/chateau-la-clyde.fr\/les-vins-blancs-du-chateau-la-clyde\/\",\"url\":\"https:\/\/chateau-la-clyde.fr\/les-vins-blancs-du-chateau-la-clyde\/\",\"name\":\"Les vins blancs du Ch\u00e2teau La Clyde - Ch\u00e2teau La CLYDE. Vins de Bordeaux Bio et Biodynamie\",\"isPartOf\":{\"@id\":\"https:\/\/chateau-la-clyde.fr\/#website\"},\"datePublished\":\"2023-05-24T12:04:24+00:00\",\"dateModified\":\"2026-01-14T21:37:00+00:00\",\"breadcrumb\":{\"@id\":\"https:\/\/chateau-la-clyde.fr\/les-vins-blancs-du-chateau-la-clyde\/#breadcrumb\"},\"inLanguage\":\"en-GB\",\"potentialAction\":[{\"@type\":\"ReadAction\",\"target\":[\"https:\/\/chateau-la-clyde.fr\/les-vins-blancs-du-chateau-la-clyde\/\"]}]},{\"@type\":\"BreadcrumbList\",\"@id\":\"https:\/\/chateau-la-clyde.fr\/les-vins-blancs-du-chateau-la-clyde\/#breadcrumb\",\"itemListElement\":[{\"@type\":\"ListItem\",\"position\":1,\"name\":\"Accueil\",\"item\":\"https:\/\/chateau-la-clyde.fr\/\"},{\"@type\":\"ListItem\",\"position\":2,\"name\":\"Les vins blancs du Ch\u00e2teau La Clyde\"}]},{\"@type\":\"WebSite\",\"@id\":\"https:\/\/chateau-la-clyde.fr\/#website\",\"url\":\"https:\/\/chateau-la-clyde.fr\/\",\"name\":\"Ch\u00e2teau La CLYDE. Vins de Bordeaux Bio et Biodynamie\",\"description\":\"Le complice indispensable de vos repas gastronomiques\",\"publisher\":{\"@id\":\"https:\/\/chateau-la-clyde.fr\/#organization\"},\"alternateName\":\"Ch\u00e2teau La Clyde\",\"potentialAction\":[{\"@type\":\"SearchAction\",\"target\":{\"@type\":\"EntryPoint\",\"urlTemplate\":\"https:\/\/chateau-la-clyde.fr\/?s={search_term_string}\"},\"query-input\":\"required name=search_term_string\"}],\"inLanguage\":\"en-GB\"},{\"@type\":\"Organization\",\"@id\":\"https:\/\/chateau-la-clyde.fr\/#organization\",\"name\":\"Ch\u00e2teau La CLYDE\",\"url\":\"https:\/\/chateau-la-clyde.fr\/\",\"logo\":{\"@type\":\"ImageObject\",\"inLanguage\":\"en-GB\",\"@id\":\"https:\/\/chateau-la-clyde.fr\/#\/schema\/logo\/image\/\",\"url\":\"https:\/\/chateau-la-clyde.fr\/wp-content\/uploads\/2023\/05\/chateau-la-clyde-logo-300.png\",\"contentUrl\":\"https:\/\/chateau-la-clyde.fr\/wp-content\/uploads\/2023\/05\/chateau-la-clyde-logo-300.png\",\"width\":300,\"height\":300,\"caption\":\"Ch\u00e2teau La CLYDE\"},\"image\":{\"@id\":\"https:\/\/chateau-la-clyde.fr\/#\/schema\/logo\/image\/\"},\"sameAs\":[\"https:\/\/www.facebook.com\/CHATEAULACLYDE\",\"https:\/\/www.instagram.com\/chateau.la.clyde\/\",\"https:\/\/www.linkedin.com\/company\/chteau-la-clyde\/\"]}]}<\/script>\n<!-- \/ Yoast SEO plugin. -->","yoast_head_json":{"title":"Les vins blancs du Ch\u00e2teau La Clyde - Ch\u00e2teau La CLYDE. Vins de Bordeaux Bio et Biodynamie","robots":{"index":"index","follow":"follow","max-snippet":"max-snippet:-1","max-image-preview":"max-image-preview:large","max-video-preview":"max-video-preview:-1"},"canonical":"https:\/\/chateau-la-clyde.fr\/en\/les-vins-blancs-du-chateau-la-clyde\/","og_locale":"en_GB","og_type":"article","og_title":"Les vins blancs du Ch\u00e2teau La Clyde - Ch\u00e2teau La CLYDE. Vins de Bordeaux Bio et Biodynamie","og_description":"Vendanges manuelles , production limit\u00e9e.Ni herbicide, ni pesticide.Certifications Bio 2021 et Biodynamie 2021 .Les vins blancs bio du Ch\u00e2teau La Clyde BORDEAUX BLANC SEC2023 - Blanc Sec \u00a0COMMENTAIRE DU SOMMELIERLe nez est flatteur et printanier.De douces notes de fleurs blanches et de Lila. En revanche la bouche est plus vive, min\u00e9rale, sans pour autant agresser [&hellip;]","og_url":"https:\/\/chateau-la-clyde.fr\/en\/les-vins-blancs-du-chateau-la-clyde\/","og_site_name":"Ch\u00e2teau La CLYDE. Vins de Bordeaux Bio et Biodynamie","article_publisher":"https:\/\/www.facebook.com\/CHATEAULACLYDE","article_modified_time":"2026-01-14T21:37:00+00:00","schema":{"@context":"https:\/\/schema.org","@graph":[{"@type":"WebPage","@id":"https:\/\/chateau-la-clyde.fr\/les-vins-blancs-du-chateau-la-clyde\/","url":"https:\/\/chateau-la-clyde.fr\/les-vins-blancs-du-chateau-la-clyde\/","name":"Les vins blancs du Ch\u00e2teau La Clyde - Ch\u00e2teau La CLYDE. Vins de Bordeaux Bio et Biodynamie","isPartOf":{"@id":"https:\/\/chateau-la-clyde.fr\/#website"},"datePublished":"2023-05-24T12:04:24+00:00","dateModified":"2026-01-14T21:37:00+00:00","breadcrumb":{"@id":"https:\/\/chateau-la-clyde.fr\/les-vins-blancs-du-chateau-la-clyde\/#breadcrumb"},"inLanguage":"en-GB","potentialAction":[{"@type":"ReadAction","target":["https:\/\/chateau-la-clyde.fr\/les-vins-blancs-du-chateau-la-clyde\/"]}]},{"@type":"BreadcrumbList","@id":"https:\/\/chateau-la-clyde.fr\/les-vins-blancs-du-chateau-la-clyde\/#breadcrumb","itemListElement":[{"@type":"ListItem","position":1,"name":"Accueil","item":"https:\/\/chateau-la-clyde.fr\/"},{"@type":"ListItem","position":2,"name":"Les vins blancs du Ch\u00e2teau La Clyde"}]},{"@type":"WebSite","@id":"https:\/\/chateau-la-clyde.fr\/#website","url":"https:\/\/chateau-la-clyde.fr\/","name":"Ch\u00e2teau La CLYDE. Vins de Bordeaux Bio et Biodynamie","description":"A Must-Have for Your Gourmet Meals","publisher":{"@id":"https:\/\/chateau-la-clyde.fr\/#organization"},"alternateName":"Ch\u00e2teau La Clyde","potentialAction":[{"@type":"SearchAction","target":{"@type":"EntryPoint","urlTemplate":"https:\/\/chateau-la-clyde.fr\/?s={search_term_string}"},"query-input":"required name=search_term_string"}],"inLanguage":"en-GB"},{"@type":"Organization","@id":"https:\/\/chateau-la-clyde.fr\/#organization","name":"Ch\u00e2teau La CLYDE","url":"https:\/\/chateau-la-clyde.fr\/","logo":{"@type":"ImageObject","inLanguage":"en-GB","@id":"https:\/\/chateau-la-clyde.fr\/#\/schema\/logo\/image\/","url":"https:\/\/chateau-la-clyde.fr\/wp-content\/uploads\/2023\/05\/chateau-la-clyde-logo-300.png","contentUrl":"https:\/\/chateau-la-clyde.fr\/wp-content\/uploads\/2023\/05\/chateau-la-clyde-logo-300.png","width":300,"height":300,"caption":"Ch\u00e2teau La CLYDE"},"image":{"@id":"https:\/\/chateau-la-clyde.fr\/#\/schema\/logo\/image\/"},"sameAs":["https:\/\/www.facebook.com\/CHATEAULACLYDE","https:\/\/www.instagram.com\/chateau.la.clyde\/","https:\/\/www.linkedin.com\/company\/chteau-la-clyde\/"]}]}},"_links":{"self":[{"href":"https:\/\/chateau-la-clyde.fr\/en\/wp-json\/wp\/v2\/pages\/10474"}],"collection":[{"href":"https:\/\/chateau-la-clyde.fr\/en\/wp-json\/wp\/v2\/pages"}],"about":[{"href":"https:\/\/chateau-la-clyde.fr\/en\/wp-json\/wp\/v2\/types\/page"}],"author":[{"embeddable":true,"href":"https:\/\/chateau-la-clyde.fr\/en\/wp-json\/wp\/v2\/users\/1"}],"replies":[{"embeddable":true,"href":"https:\/\/chateau-la-clyde.fr\/en\/wp-json\/wp\/v2\/comments?post=10474"}],"version-history":[{"count":6,"href":"https:\/\/chateau-la-clyde.fr\/en\/wp-json\/wp\/v2\/pages\/10474\/revisions"}],"predecessor-version":[{"id":11129,"href":"https:\/\/chateau-la-clyde.fr\/en\/wp-json\/wp\/v2\/pages\/10474\/revisions\/11129"}],"wp:attachment":[{"href":"https:\/\/chateau-la-clyde.fr\/en\/wp-json\/wp\/v2\/media?parent=10474"}],"curies":[{"name":"wp","href":"https:\/\/api.w.org\/{rel}","templated":true}]}}