{"id":10703,"date":"2023-05-31T13:27:08","date_gmt":"2023-05-31T11:27:08","guid":{"rendered":"https:\/\/chateau-la-clyde.fr\/?page_id=10703"},"modified":"2023-05-31T15:20:33","modified_gmt":"2023-05-31T13:20:33","slug":"notre-politique-de-confidentialite","status":"publish","type":"page","link":"https:\/\/chateau-la-clyde.fr\/en\/notre-politique-de-confidentialite\/","title":{"rendered":"Notre Politique de Confidentialit\u00e9"},"content":{"rendered":"<p>[et_pb_section fb_built=\u00a0\u00bb1&Prime; custom_padding_last_edited=\u00a0\u00bbon|tablet\u00a0\u00bb _builder_version=\u00a0\u00bb4.21.0&Prime; _module_preset=\u00a0\u00bbdefault\u00a0\u00bb background_color=\u00a0\u00bb#1F3B67&Prime; max_height_tablet=\u00a0\u00bb\u00a0\u00bb max_height_phone=\u00a0\u00bb821px\u00a0\u00bb max_height_last_edited=\u00a0\u00bbon|phone\u00a0\u00bb custom_margin=\u00a0\u00bb||||false|false\u00a0\u00bb custom_margin_tablet=\u00a0\u00bb||||false|false\u00a0\u00bb custom_margin_phone=\u00a0\u00bb-50px||||false|false\u00a0\u00bb custom_margin_last_edited=\u00a0\u00bbon|tablet\u00a0\u00bb custom_padding=\u00a0\u00bb||||false|false\u00a0\u00bb custom_padding_tablet=\u00a0\u00bb\u00a0\u00bb custom_padding_phone=\u00a0\u00bb109px||||false|false\u00a0\u00bb global_colors_info=\u00a0\u00bb{}\u00a0\u00bb][et_pb_row _builder_version=\u00a0\u00bb4.21.0&Prime; custom_margin=\u00a0\u00bb0.1%|auto|-14px|auto|false|false\u00a0\u00bb custom_margin_tablet=\u00a0\u00bb-0.1%|auto|-14px|auto|false|false\u00a0\u00bb custom_margin_phone=\u00a0\u00bb-4.6%|auto|-44px|auto|false|false\u00a0\u00bb custom_margin_last_edited=\u00a0\u00bbon|phone\u00a0\u00bb custom_padding=\u00a0\u00bb4px||0px||false|false\u00a0\u00bb global_colors_info=\u00a0\u00bb{}\u00a0\u00bb][et_pb_column type=\u00a0\u00bb4_4&Prime; _builder_version=\u00a0\u00bb4.16&Prime; global_colors_info=\u00a0\u00bb{}\u00a0\u00bb][et_pb_text _builder_version=\u00a0\u00bb4.21.0&Prime; text_font=\u00a0\u00bbMontserrat|300|||||||\u00a0\u00bb text_text_color=\u00a0\u00bb#171717&Prime; text_font_size=\u00a0\u00bb16px\u00a0\u00bb header_font=\u00a0\u00bbRoboto||on||||||\u00a0\u00bb header_text_align=\u00a0\u00bbcenter\u00a0\u00bb header_text_color=\u00a0\u00bb#ffffff\u00a0\u00bb header_font_size=\u00a0\u00bb35px\u00a0\u00bb header_2_font=\u00a0\u00bbPlayfair Display||on||||||\u00a0\u00bb header_2_text_align=\u00a0\u00bbleft\u00a0\u00bb header_2_text_color=\u00a0\u00bb#171717&Prime; header_2_font_size=\u00a0\u00bb28px\u00a0\u00bb header_2_line_height=\u00a0\u00bb1.3em\u00a0\u00bb text_orientation=\u00a0\u00bbcenter\u00a0\u00bb custom_margin=\u00a0\u00bb||25px||false|false\u00a0\u00bb custom_padding=\u00a0\u00bb||||false|false\u00a0\u00bb header_font_size_tablet=\u00a0\u00bb\u00a0\u00bb header_font_size_phone=\u00a0\u00bb25px\u00a0\u00bb header_font_size_last_edited=\u00a0\u00bbon|phone\u00a0\u00bb header_text_shadow_style=\u00a0\u00bbpreset1&Prime; global_colors_info=\u00a0\u00bb{}\u00a0\u00bb]<\/p>\n<h1>Politique de confidentialit\u00e9<\/h1>\n<p>[\/et_pb_text][et_pb_image src=\u00a0\u00bbhttps:\/\/chateau-la-clyde.fr\/wp-content\/uploads\/2023\/05\/chateau-la-clyde-logo-300-gris.png\u00a0\u00bb title_text=\u00a0\u00bbchateau-la-clyde-logo-300-gris\u00a0\u00bb align=\u00a0\u00bbcenter\u00a0\u00bb _builder_version=\u00a0\u00bb4.21.0&Prime; _module_preset=\u00a0\u00bbdefault\u00a0\u00bb height_tablet=\u00a0\u00bb\u00a0\u00bb height_phone=\u00a0\u00bb100px\u00a0\u00bb height_last_edited=\u00a0\u00bbon|phone\u00a0\u00bb max_height=\u00a0\u00bb119px\u00a0\u00bb max_height_tablet=\u00a0\u00bb119px\u00a0\u00bb max_height_phone=\u00a0\u00bb100px\u00a0\u00bb max_height_last_edited=\u00a0\u00bbon|phone\u00a0\u00bb global_colors_info=\u00a0\u00bb{}\u00a0\u00bb][\/et_pb_image][\/et_pb_column][\/et_pb_row][\/et_pb_section][et_pb_section fb_built=\u00a0\u00bb1&Prime; _builder_version=\u00a0\u00bb4.16&Prime; background_enable_image=\u00a0\u00bboff\u00a0\u00bb background_size=\u00a0\u00bbinitial\u00a0\u00bb background_position=\u00a0\u00bbtop_left\u00a0\u00bb module_alignment=\u00a0\u00bbcenter\u00a0\u00bb custom_margin=\u00a0\u00bb0px||0px||false|false\u00a0\u00bb custom_padding=\u00a0\u00bb0px||||false|false\u00a0\u00bb locked=\u00a0\u00bboff\u00a0\u00bb global_colors_info=\u00a0\u00bb{}\u00a0\u00bb][et_pb_row _builder_version=\u00a0\u00bb4.16&Prime; _module_preset=\u00a0\u00bbdefault\u00a0\u00bb global_colors_info=\u00a0\u00bb{}\u00a0\u00bb][et_pb_column type=\u00a0\u00bb4_4&Prime; _builder_version=\u00a0\u00bb4.16&Prime; _module_preset=\u00a0\u00bbdefault\u00a0\u00bb global_colors_info=\u00a0\u00bb{}\u00a0\u00bb][et_pb_text _builder_version=\u00a0\u00bb4.21.0&Prime; text_font=\u00a0\u00bbOpen Sans|600|||||||\u00a0\u00bb text_text_color=\u00a0\u00bb#222222&Prime; text_line_height=\u00a0\u00bb1em\u00a0\u00bb custom_margin=\u00a0\u00bb0px||||false|false\u00a0\u00bb custom_padding=\u00a0\u00bb0px||||false|false\u00a0\u00bb global_colors_info=\u00a0\u00bb{}\u00a0\u00bb]<\/p>\n<p>Mis \u00e0 jour au 31\/05\/2023<\/p>\n<p>[\/et_pb_text][et_pb_text _builder_version=\u00a0\u00bb4.16&Prime; text_font=\u00a0\u00bbOpen Sans|600|||||||\u00a0\u00bb text_text_color=\u00a0\u00bb#222222&Prime; text_line_height=\u00a0\u00bb1.2em\u00a0\u00bb custom_margin=\u00a0\u00bb0px||||false|false\u00a0\u00bb custom_padding=\u00a0\u00bb0px||||false|false\u00a0\u00bb custom_css_main_element=\u00a0\u00bbfont-weight: 300 !important;\u00a0\u00bb global_colors_info=\u00a0\u00bb{}\u00a0\u00bb]<\/p>\n<p>chateau-la-clyde.fr<br \/>\nFlorence JOUNY <\/p>\n<p>Type de site : e-commerce\n<\/p>\n<p>[\/et_pb_text][\/et_pb_column][\/et_pb_row][et_pb_row column_structure=\u00a0\u00bb2_3,1_3&Prime; use_custom_gutter=\u00a0\u00bbon\u00a0\u00bb gutter_width=\u00a0\u00bb4&Prime; make_equal=\u00a0\u00bbon\u00a0\u00bb _builder_version=\u00a0\u00bb4.16&Prime; custom_margin=\u00a0\u00bb20px||||false|false\u00a0\u00bb custom_padding=\u00a0\u00bb0px||||false|false\u00a0\u00bb global_colors_info=\u00a0\u00bb{}\u00a0\u00bb][et_pb_column type=\u00a0\u00bb2_3&Prime; _builder_version=\u00a0\u00bb4.16&Prime; global_colors_info=\u00a0\u00bb{}\u00a0\u00bb][et_pb_accordion icon_color=\u00a0\u00bb#893e30&Prime; module_class=\u00a0\u00bbtogglegeneral\u00a0\u00bb _builder_version=\u00a0\u00bb4.16&Prime; toggle_font=\u00a0\u00bbOpen Sans||||||||\u00a0\u00bb closed_toggle_font=\u00a0\u00bbOpen Sans||||||||\u00a0\u00bb body_font=\u00a0\u00bbOpen Sans||||||||\u00a0\u00bb border_color_all=\u00a0\u00bb#1b1c1e\u00a0\u00bb global_colors_info=\u00a0\u00bb{}\u00a0\u00bb][et_pb_accordion_item title=\u00a0\u00bb1. Article &#8211; Le but de cette politique de confidentialit\u00e9  \u00a0\u00bb open=\u00a0\u00bbon\u00a0\u00bb open_toggle_text_color=\u00a0\u00bb#2c2e3e\u00a0\u00bb open_toggle_background_color=\u00a0\u00bbrgba(0,0,0,0)\u00a0\u00bb closed_toggle_text_color=\u00a0\u00bb#2c2e3e\u00a0\u00bb closed_toggle_background_color=\u00a0\u00bbrgba(0,0,0,0)\u00a0\u00bb icon_color=\u00a0\u00bb#651d32&Prime; _builder_version=\u00a0\u00bb4.16&Prime; body_font=\u00a0\u00bbMartel Sans|300|||||||\u00a0\u00bb body_text_color=\u00a0\u00bb#2c2e3e\u00a0\u00bb custom_css_main_element=\u00a0\u00bbmargin-bottom: 2% !important;\u00a0\u00bb global_colors_info=\u00a0\u00bb{}\u00a0\u00bb toggle_text_color=\u00a0\u00bb#2c2e3e\u00a0\u00bb toggle_font=\u00a0\u00bbMartel Sans||||||||\u00a0\u00bb closed_toggle_font=\u00a0\u00bbMartel Sans||||||||\u00a0\u00bb]<\/p>\n<p>Le but de cette politique de confidentialit\u00e9 est d&rsquo;informer les utilisateurs de notre site des donn\u00e9es personnelles que nous recueillerons ainsi que les informations suivantes, le cas \u00e9ch\u00e9ant :<br \/>\na.\tLes donn\u00e9es personnelles que nous recueillerons<br \/>\nb.\tL\u2019utilisation des donn\u00e9es recueillies<br \/>\nc.\tQui a acc\u00e8s aux donn\u00e9es recueillies<br \/>\nd.\tLes droits des utilisateurs du site<br \/>\ne.\tLa politique de cookies du site<br \/>\nCette politique de confidentialit\u00e9 fonctionne parall\u00e8lement aux conditions g\u00e9n\u00e9rales d\u2019utilisation de notre site.\n<\/p>\n<p>[\/et_pb_accordion_item][et_pb_accordion_item title=\u00a0\u00bb2. Article  &#8211; Lois applicables\u00a0\u00bb open_toggle_text_color=\u00a0\u00bb#2c2e3e\u00a0\u00bb open_toggle_background_color=\u00a0\u00bbrgba(0,0,0,0)\u00a0\u00bb closed_toggle_text_color=\u00a0\u00bb#2c2e3e\u00a0\u00bb closed_toggle_background_color=\u00a0\u00bbrgba(0,0,0,0)\u00a0\u00bb icon_color=\u00a0\u00bb#651d32&Prime; _builder_version=\u00a0\u00bb4.16&Prime; body_font=\u00a0\u00bbMartel Sans|300|||||||\u00a0\u00bb body_text_color=\u00a0\u00bb#2c2e3e\u00a0\u00bb custom_css_main_element=\u00a0\u00bbmargin-bottom: 2% !important;\u00a0\u00bb global_colors_info=\u00a0\u00bb{}\u00a0\u00bb toggle_text_color=\u00a0\u00bb#2c2e3e\u00a0\u00bb toggle_font=\u00a0\u00bbMartel Sans||||||||\u00a0\u00bb closed_toggle_font=\u00a0\u00bbMartel Sans||||||||\u00a0\u00bb open=\u00a0\u00bboff\u00a0\u00bb]<\/p>\n<p>Conform\u00e9ment au R\u00e8glement g\u00e9n\u00e9ral sur la protection des donn\u00e9es (RGPD), cette politique de confidentialit\u00e9 est conforme aux r\u00e8glements suivants.<\/p>\n<p>Les donn\u00e9es \u00e0 caract\u00e8re personnel doivent \u00eatre :<br \/>\na.\ttrait\u00e9es de mani\u00e8re licite, loyale et transparente au regard de la personne concern\u00e9e (lic\u00e9it\u00e9, loyaut\u00e9, transparence) ;<br \/>\nPage 1 de 8<br \/>\nb.\tcollect\u00e9es pour des finalit\u00e9s d\u00e9termin\u00e9es, explicites et l\u00e9gitimes, et ne pas \u00eatre trait\u00e9es ult\u00e9rieurement d&rsquo;une mani\u00e8re incompatible avec ces finalit\u00e9s; le traitement ult\u00e9rieur \u00e0 des fins archivistiques dans l&rsquo;int\u00e9r\u00eat public, \u00e0 des fins de recherche scientifique ou historique ou \u00e0 des fins statistiques n&rsquo;est pas consid\u00e9r\u00e9, conform\u00e9ment \u00e0 l&rsquo;article 89, paragraphe 1, comme incompatible avec les finalit\u00e9s initiales (limitation des finalit\u00e9s) ;<br \/>\nc.\tad\u00e9quates, pertinentes et limit\u00e9es \u00e0 ce qui est n\u00e9cessaire au regard des finalit\u00e9s pour lesquelles elles sont trait\u00e9es (minimisation des donn\u00e9es) ;<br \/>\nd.\texactes et, si n\u00e9cessaire, tenues \u00e0 jour; toutes les mesures raisonnables doivent \u00eatre prises pour que les donn\u00e9es \u00e0 caract\u00e8re personnel qui sont inexactes, eu \u00e9gard aux finalit\u00e9s pour lesquelles elles sont trait\u00e9es, soient effac\u00e9es ou rectifi\u00e9es sans tarder (exactitude) ;<br \/>\ne.\tconserv\u00e9es sous une forme permettant l&rsquo;identification des personnes concern\u00e9es pendant une dur\u00e9e n&rsquo;exc\u00e9dant pas celle n\u00e9cessaire au regard des finalit\u00e9s pour lesquelles elles sont trait\u00e9es; les donn\u00e9es \u00e0 caract\u00e8re personnel peuvent \u00eatre conserv\u00e9es pour des dur\u00e9es plus longues dans la mesure o\u00f9 elles seront trait\u00e9es exclusivement \u00e0 des fins archivistiques dans l&rsquo;int\u00e9r\u00eat public, \u00e0 des fins de recherche scientifique ou historique ou \u00e0 des fins statistiques conform\u00e9ment \u00e0 l&rsquo;article 89, paragraphe 1, pour autant que soient mises en \u0153uvre les mesures techniques et organisationnelles appropri\u00e9es requises par le r\u00e8glement afin de garantir les droits et libert\u00e9s de la personne concern\u00e9e (limitation de la conservation) ;<br \/>\nf.\ttrait\u00e9es de fa\u00e7on \u00e0 garantir une s\u00e9curit\u00e9 appropri\u00e9e des donn\u00e9es \u00e0 caract\u00e8re personnel, y compris la protection contre le traitement non autoris\u00e9 ou illicite et contre la perte, la destruction ou les d\u00e9g\u00e2ts d&rsquo;origine accidentelle, \u00e0 l&rsquo;aide de mesures techniques ou organisationnelles appropri\u00e9es (int\u00e9grit\u00e9 et confidentialit\u00e9).<\/p>\n<p>Le traitement n&rsquo;est licite que si, et dans la mesure o\u00f9, au moins une des conditions suivantes est remplie :<br \/>\na.\tla personne concern\u00e9e a consenti au traitement de ses donn\u00e9es \u00e0 caract\u00e8re personnel pour une ou plusieurs finalit\u00e9s sp\u00e9cifiques ;<br \/>\nb.\tle traitement est n\u00e9cessaire \u00e0 l&rsquo;ex\u00e9cution d&rsquo;un contrat auquel la personne concern\u00e9e est partie ou \u00e0 l&rsquo;ex\u00e9cution de mesures pr\u00e9contractuelles prises \u00e0 la demande de celle-ci ;<br \/>\nc.\tle traitement est n\u00e9cessaire au respect d&rsquo;une obligation l\u00e9gale \u00e0 laquelle le responsable du traitement est soumis ;<br \/>\nd.\tle traitement est n\u00e9cessaire \u00e0 la sauvegarde des int\u00e9r\u00eats vitaux de la personne concern\u00e9e ou d&rsquo;une autre personne physique ;<br \/>\ne.\tle traitement est n\u00e9cessaire \u00e0 l&rsquo;ex\u00e9cution d&rsquo;une mission d&rsquo;int\u00e9r\u00eat public ou relevant de l&rsquo;exercice de l&rsquo;autorit\u00e9 publique dont est investi le responsable du traitement ;<br \/>\nf.\tle traitement est n\u00e9cessaire aux fins des int\u00e9r\u00eats l\u00e9gitimes poursuivis par le responsable du traitement ou par un tiers, \u00e0 moins que ne pr\u00e9valent les int\u00e9r\u00eats ou les libert\u00e9s et droits fondamentaux de la personne concern\u00e9e qui exigent une protection des donn\u00e9es \u00e0 caract\u00e8re personnel, notamment lorsque la personne concern\u00e9e est un enfant.<br \/>\nPour les r\u00e9sidents de l\u2019\u00c9tat de Californie, cette politique de confidentialit\u00e9 vise \u00e0 se conformer \u00e0 la California Consumer Privacy Act (CCPA). S\u2019il y a des incoh\u00e9rences entre ce document et la CCPA, la l\u00e9gislation de l\u2019\u00c9tat s\u2019appliquera. Si nous constatons des incoh\u00e9rences, nous modifierons notre politique pour nous conformer \u00e0 la loi pertinente.\n <\/p>\n<p>[\/et_pb_accordion_item][et_pb_accordion_item title=\u00a0\u00bb3. Article \u2013 Consentement \u00a0\u00bb open_toggle_text_color=\u00a0\u00bb#2c2e3e\u00a0\u00bb open_toggle_background_color=\u00a0\u00bbrgba(0,0,0,0)\u00a0\u00bb closed_toggle_text_color=\u00a0\u00bb#2c2e3e\u00a0\u00bb closed_toggle_background_color=\u00a0\u00bbrgba(0,0,0,0)\u00a0\u00bb icon_color=\u00a0\u00bb#651d32&Prime; _builder_version=\u00a0\u00bb4.16&Prime; body_font=\u00a0\u00bbMartel Sans|300|||||||\u00a0\u00bb body_text_color=\u00a0\u00bb#2c2e3e\u00a0\u00bb custom_css_main_element=\u00a0\u00bbmargin-bottom: 2% !important;\u00a0\u00bb global_colors_info=\u00a0\u00bb{}\u00a0\u00bb toggle_text_color=\u00a0\u00bb#2c2e3e\u00a0\u00bb toggle_font=\u00a0\u00bbMartel Sans||||||||\u00a0\u00bb closed_toggle_font=\u00a0\u00bbMartel Sans||||||||\u00a0\u00bb open=\u00a0\u00bboff\u00a0\u00bb]<\/p>\n<p>Les utilisateurs conviennent qu\u2019en utilisant notre site, ils consentent \u00e0 :<br \/>\na.\tles conditions \u00e9nonc\u00e9es dans la pr\u00e9sente politique de confidentialit\u00e9 et<br \/>\nb.\tla collecte, l\u2019utilisation et la conservation des donn\u00e9es \u00e9num\u00e9r\u00e9es dans la pr\u00e9sente politique.<br \/>\nDonn\u00e9es personnelles que nous collectons<br \/>\nDonn\u00e9es collect\u00e9es automatiquement<br \/>\nNous ne collectons aucune donn\u00e9e automatiquement sur notre site.<br \/>\nDonn\u00e9es recueillies de fa\u00e7on non automatique<br \/>\nNous pouvons \u00e9galement collecter les donn\u00e9es suivantes lorsque vous effectuez certaines fonctions sur notre site :<br \/>\na.\tPr\u00e9nom et nom<br \/>\nb.\tEmail<br \/>\nc.\tNum\u00e9ro de t\u00e9l\u00e9phone<br \/>\nd.\tDomicile<br \/>\nCes donn\u00e9es peuvent \u00eatre recueillies au moyen des m\u00e9thodes suivantes :<br \/>\nenregistrement d&rsquo;un compte<br \/>\nVeuillez noter que nous ne collectons que les donn\u00e9es qui nous aident \u00e0 atteindre l\u2019objectif \u00e9nonc\u00e9 dans cette politique de confidentialit\u00e9. Nous ne recueillerons pas de donn\u00e9es suppl\u00e9mentaires sans vous en informer au pr\u00e9alable.\n<\/p>\n<p>[\/et_pb_accordion_item][et_pb_accordion_item title=\u00a0\u00bb4. Article- Comment nous utilisons les donn\u00e9es personnelles \u00a0\u00bb open_toggle_text_color=\u00a0\u00bb#2c2e3e\u00a0\u00bb open_toggle_background_color=\u00a0\u00bbrgba(0,0,0,0)\u00a0\u00bb closed_toggle_text_color=\u00a0\u00bb#2c2e3e\u00a0\u00bb closed_toggle_background_color=\u00a0\u00bbrgba(0,0,0,0)\u00a0\u00bb icon_color=\u00a0\u00bb#651d32&Prime; _builder_version=\u00a0\u00bb4.16&Prime; body_font=\u00a0\u00bbMartel Sans|300|||||||\u00a0\u00bb body_text_color=\u00a0\u00bb#2c2e3e\u00a0\u00bb custom_css_main_element=\u00a0\u00bbmargin-bottom: 2% !important;\u00a0\u00bb global_colors_info=\u00a0\u00bb{}\u00a0\u00bb toggle_text_color=\u00a0\u00bb#2c2e3e\u00a0\u00bb toggle_font=\u00a0\u00bbMartel Sans||||||||\u00a0\u00bb closed_toggle_font=\u00a0\u00bbMartel Sans||||||||\u00a0\u00bb open=\u00a0\u00bboff\u00a0\u00bb]<\/p>\n<p>Les donn\u00e9es personnelles recueillies sur notre site seront utilis\u00e9es uniquement aux fins pr\u00e9cis\u00e9es dans la pr\u00e9sente politique ou indiqu\u00e9es sur les pages pertinentes de notre site. Nous n\u2019utiliserons pas vos donn\u00e9es au-del\u00e0 de ce que nous divulguerons.<br \/>\nLes donn\u00e9es que nous recueillons lorsque l\u2019utilisateur ex\u00e9cute certaines fonctions peuvent \u00eatre utilis\u00e9es aux fins suivantes :<br \/>\na.\tfichier client\n<\/p>\n<p>[\/et_pb_accordion_item][et_pb_accordion_item title=\u00a0\u00bb5. Article -Avec qui nous partageons les donn\u00e9es personnelles\u00a0\u00bb open_toggle_text_color=\u00a0\u00bb#2c2e3e\u00a0\u00bb open_toggle_background_color=\u00a0\u00bbrgba(0,0,0,0)\u00a0\u00bb closed_toggle_text_color=\u00a0\u00bb#2c2e3e\u00a0\u00bb closed_toggle_background_color=\u00a0\u00bbrgba(0,0,0,0)\u00a0\u00bb icon_color=\u00a0\u00bb#651d32&Prime; _builder_version=\u00a0\u00bb4.16&Prime; body_font=\u00a0\u00bbMartel Sans|300|||||||\u00a0\u00bb body_text_color=\u00a0\u00bb#2c2e3e\u00a0\u00bb custom_css_main_element=\u00a0\u00bbmargin-bottom: 2% !important;\u00a0\u00bb global_colors_info=\u00a0\u00bb{}\u00a0\u00bb toggle_text_color=\u00a0\u00bb#2c2e3e\u00a0\u00bb toggle_font=\u00a0\u00bbMartel Sans||||||||\u00a0\u00bb closed_toggle_font=\u00a0\u00bbMartel Sans||||||||\u00a0\u00bb open=\u00a0\u00bboff\u00a0\u00bb]<\/p>\n<p>Employ\u00e9s<br \/>Nous pouvons divulguer \u00e0 tout membre de notre organisation les donn\u00e9es utilisateur dont il a raisonnablement besoin pour r\u00e9aliser les objectifs \u00e9nonc\u00e9s dans la pr\u00e9sente politique.<br \/>Tierces parties<br \/>Nous pouvons partager les donn\u00e9es utilisateur avec les tiers suivants :<br \/>Des entreprises de transport de vin.<br \/>Les tiers ne seront pas en mesure d\u2019acc\u00e9der aux donn\u00e9es des utilisateurs au-del\u00e0 de ce qui est raisonnablement n\u00e9cessaire<\/p>\n<p>.<\/p>\n<p>[\/et_pb_accordion_item][et_pb_accordion_item title=\u00a0\u00bb6. Article &#8211; Autres divulgations\u00a0\u00bb open_toggle_text_color=\u00a0\u00bb#2c2e3e\u00a0\u00bb open_toggle_background_color=\u00a0\u00bbrgba(0,0,0,0)\u00a0\u00bb closed_toggle_text_color=\u00a0\u00bb#2c2e3e\u00a0\u00bb closed_toggle_background_color=\u00a0\u00bbrgba(0,0,0,0)\u00a0\u00bb icon_color=\u00a0\u00bb#651d32&Prime; _builder_version=\u00a0\u00bb4.16&Prime; body_font=\u00a0\u00bbMartel Sans|300|||||||\u00a0\u00bb body_text_color=\u00a0\u00bb#2c2e3e\u00a0\u00bb custom_css_main_element=\u00a0\u00bbmargin-bottom: 2% !important;\u00a0\u00bb global_colors_info=\u00a0\u00bb{}\u00a0\u00bb toggle_text_color=\u00a0\u00bb#2c2e3e\u00a0\u00bb toggle_font=\u00a0\u00bbMartel Sans||||||||\u00a0\u00bb closed_toggle_font=\u00a0\u00bbMartel Sans||||||||\u00a0\u00bb open=\u00a0\u00bboff\u00a0\u00bb]<\/p>\n<p>Nous nous engageons \u00e0 ne pas vendre ou partager vos donn\u00e9es avec des tiers, sauf dans les cas suivants :<br \/>\na.\tsi la loi l&rsquo;exige<br \/>\nb.\tsi elle est requise pour toute proc\u00e9dure judiciaire<br \/>\nc.\tpour prouver ou prot\u00e9ger nos droits l\u00e9gaux<br \/>\nd.\t\u00e0 des acheteurs ou des acheteurs potentiels de cette soci\u00e9t\u00e9 dans le cas o\u00f9 nous cherchons \u00e0 la vendre la soci\u00e9t\u00e9<br \/>\nSi vous suivez des hyperliens de notre site vers un autre site, veuillez noter que nous ne sommes pas responsables et n\u2019avons pas de contr\u00f4le sur leurs politiques et pratiques de confidentialit\u00e9.\n<\/p>\n<p>[\/et_pb_accordion_item][et_pb_accordion_item title=\u00a0\u00bb7. Article &#8211; Combien de temps nous stockons les donn\u00e9es personnelles \u00a0\u00bb open_toggle_text_color=\u00a0\u00bb#2c2e3e\u00a0\u00bb open_toggle_background_color=\u00a0\u00bbrgba(0,0,0,0)\u00a0\u00bb closed_toggle_text_color=\u00a0\u00bb#2c2e3e\u00a0\u00bb closed_toggle_background_color=\u00a0\u00bbrgba(0,0,0,0)\u00a0\u00bb icon_color=\u00a0\u00bb#651d32&Prime; _builder_version=\u00a0\u00bb4.16&Prime; body_font=\u00a0\u00bbMartel Sans|300|||||||\u00a0\u00bb body_text_color=\u00a0\u00bb#2c2e3e\u00a0\u00bb custom_css_main_element=\u00a0\u00bbmargin-bottom: 2% !important;\u00a0\u00bb global_colors_info=\u00a0\u00bb{}\u00a0\u00bb toggle_text_color=\u00a0\u00bb#2c2e3e\u00a0\u00bb toggle_font=\u00a0\u00bbMartel Sans||||||||\u00a0\u00bb closed_toggle_font=\u00a0\u00bbMartel Sans||||||||\u00a0\u00bb open=\u00a0\u00bboff\u00a0\u00bb]Nous ne conservons pas les donn\u00e9es des utilisateurs au-del\u00e0 de ce qui est n\u00e9cessaire pour atteindre les fins pour lesquelles elles sont recueillies.[\/et_pb_accordion_item][et_pb_accordion_item title=\u00a0\u00bb8. Article &#8211; Comment nous prot\u00e9geons vos donn\u00e9es personnelles \u00a0\u00bb open_toggle_text_color=\u00a0\u00bb#2c2e3e\u00a0\u00bb open_toggle_background_color=\u00a0\u00bbrgba(0,0,0,0)\u00a0\u00bb closed_toggle_text_color=\u00a0\u00bb#2c2e3e\u00a0\u00bb closed_toggle_background_color=\u00a0\u00bbrgba(0,0,0,0)\u00a0\u00bb icon_color=\u00a0\u00bb#651d32&Prime; _builder_version=\u00a0\u00bb4.16&Prime; body_font=\u00a0\u00bbMartel Sans|300|||||||\u00a0\u00bb body_text_color=\u00a0\u00bb#2c2e3e\u00a0\u00bb custom_css_main_element=\u00a0\u00bbmargin-bottom: 2% !important;\u00a0\u00bb global_colors_info=\u00a0\u00bb{}\u00a0\u00bb toggle_text_color=\u00a0\u00bb#2c2e3e\u00a0\u00bb toggle_font=\u00a0\u00bbMartel Sans||||||||\u00a0\u00bb closed_toggle_font=\u00a0\u00bbMartel Sans||||||||\u00a0\u00bb open=\u00a0\u00bboff\u00a0\u00bb]Toutes les donn\u00e9es stock\u00e9es dans notre syst\u00e8me sont bien s\u00e9curis\u00e9es et ne sont accessibles qu\u2019au responsable de l&rsquo;entreprise <\/p>\n<p>Alors que nous prenons toutes les pr\u00e9cautions raisonnables pour nous assurer que nos donn\u00e9es d\u2019utilisateur sont s\u00e9curis\u00e9es et que les utilisateurs sont prot\u00e9g\u00e9s, il reste toujours du risque de pr\u00e9judice. L\u2019Internet en sa totalit\u00e9 peut \u00eatre, parfois, peu s\u00fbr et donc nous sommes incapables de garantir la s\u00e9curit\u00e9 des donn\u00e9es des utilisateurs au-del\u00e0 de ce qui est raisonnablement pratique[\/et_pb_accordion_item][et_pb_accordion_item title=\u00a0\u00bb9. Article &#8211; Mineurs\u00a0\u00bb open_toggle_text_color=\u00a0\u00bb#2c2e3e\u00a0\u00bb open_toggle_background_color=\u00a0\u00bbrgba(0,0,0,0)\u00a0\u00bb closed_toggle_text_color=\u00a0\u00bb#2c2e3e\u00a0\u00bb closed_toggle_background_color=\u00a0\u00bbrgba(0,0,0,0)\u00a0\u00bb icon_color=\u00a0\u00bb#651d32&Prime; _builder_version=\u00a0\u00bb4.16&Prime; body_font=\u00a0\u00bbMartel Sans|300|||||||\u00a0\u00bb body_text_color=\u00a0\u00bb#2c2e3e\u00a0\u00bb custom_css_main_element=\u00a0\u00bbmargin-bottom: 2% !important;\u00a0\u00bb global_colors_info=\u00a0\u00bb{}\u00a0\u00bb toggle_text_color=\u00a0\u00bb#2c2e3e\u00a0\u00bb toggle_font=\u00a0\u00bbMartel Sans||||||||\u00a0\u00bb closed_toggle_font=\u00a0\u00bbMartel Sans||||||||\u00a0\u00bb open=\u00a0\u00bboff\u00a0\u00bb]Le RGPD pr\u00e9cise que les personnes de moins de 15 ans sont consid\u00e9r\u00e9es comme des mineurs aux fins de la collecte de donn\u00e9es. Les mineurs doivent avoir le consentement d\u2019un repr\u00e9sentant l\u00e9gal pour que leurs donn\u00e9es soient recueillies, trait\u00e9es et utilis\u00e9es.<br \/>\nNous n\u2019avons pas l\u2019intention de recueillir ou d\u2019utiliser des donn\u00e9es aupr\u00e8s d\u2019utilisateurs mineurs. Si nous d\u00e9couvrons que nous avons recueilli des donn\u00e9es d\u2019un mineur, ces donn\u00e9es seront supprim\u00e9es imm\u00e9diatement.[\/et_pb_accordion_item][et_pb_accordion_item title=\u00a0\u00bb10. Article &#8211; Vos droits en tant qu\u2019utilisateur\u00a0\u00bb open_toggle_text_color=\u00a0\u00bb#2c2e3e\u00a0\u00bb open_toggle_background_color=\u00a0\u00bbrgba(0,0,0,0)\u00a0\u00bb closed_toggle_text_color=\u00a0\u00bb#2c2e3e\u00a0\u00bb closed_toggle_background_color=\u00a0\u00bbrgba(0,0,0,0)\u00a0\u00bb icon_color=\u00a0\u00bb#651d32&Prime; _builder_version=\u00a0\u00bb4.16&Prime; body_font=\u00a0\u00bbMartel Sans|300|||||||\u00a0\u00bb body_text_color=\u00a0\u00bb#2c2e3e\u00a0\u00bb custom_css_main_element=\u00a0\u00bbmargin-bottom: 2% !important;\u00a0\u00bb global_colors_info=\u00a0\u00bb{}\u00a0\u00bb toggle_text_color=\u00a0\u00bb#2c2e3e\u00a0\u00bb toggle_font=\u00a0\u00bbMartel Sans||||||||\u00a0\u00bb closed_toggle_font=\u00a0\u00bbMartel Sans||||||||\u00a0\u00bb open=\u00a0\u00bboff\u00a0\u00bb]En vertu du RGPD, les utilisateurs ont les droits suivants en tant que personnes concern\u00e9es : a.\tdroit d\u2019acc\u00e8s<br \/>\nb.\tdroit de rectification<br \/>\nc.\tdroit \u00e0 l\u2019effacement<br \/>\nd.\tdroit de restreindre le traitement<br \/>\ne.\tdroit \u00e0 la portabilit\u00e9 des donn\u00e9es<br \/>\nf.\tdroit d&rsquo;objection<br \/>\nVous trouverez de plus amples informations sur ces droits au chapitre 3 (art 12-23) du RGPD.[\/et_pb_accordion_item][et_pb_accordion_item title=\u00a0\u00bb11. Article &#8211; Comment modifier, supprimer ou contester les donn\u00e9es recueillies \u00a0\u00bb open_toggle_text_color=\u00a0\u00bb#2c2e3e\u00a0\u00bb open_toggle_background_color=\u00a0\u00bbrgba(0,0,0,0)\u00a0\u00bb closed_toggle_text_color=\u00a0\u00bb#2c2e3e\u00a0\u00bb closed_toggle_background_color=\u00a0\u00bbrgba(0,0,0,0)\u00a0\u00bb icon_color=\u00a0\u00bb#651d32&Prime; _builder_version=\u00a0\u00bb4.16&Prime; body_font=\u00a0\u00bbMartel Sans|300|||||||\u00a0\u00bb body_text_color=\u00a0\u00bb#2c2e3e\u00a0\u00bb custom_css_main_element=\u00a0\u00bbmargin-bottom: 2% !important;\u00a0\u00bb global_colors_info=\u00a0\u00bb{}\u00a0\u00bb toggle_text_color=\u00a0\u00bb#2c2e3e\u00a0\u00bb toggle_font=\u00a0\u00bbMartel Sans||||||||\u00a0\u00bb closed_toggle_font=\u00a0\u00bbMartel Sans||||||||\u00a0\u00bb open=\u00a0\u00bboff\u00a0\u00bb]Si vous souhaitez que vos renseignements soient supprim\u00e9s ou modifi\u00e9s d\u2019une fa\u00e7on ou d\u2019une autre, veuillez communiquer avec notre agent de protection de la vie priv\u00e9e ici :<br \/>\n__________ laclyde@orange.fr[\/et_pb_accordion_item][et_pb_accordion_item title=\u00a0\u00bb12. Article- Politique sur les cookies \u00a0\u00bb open_toggle_text_color=\u00a0\u00bb#2c2e3e\u00a0\u00bb open_toggle_background_color=\u00a0\u00bbrgba(0,0,0,0)\u00a0\u00bb closed_toggle_text_color=\u00a0\u00bb#2c2e3e\u00a0\u00bb closed_toggle_background_color=\u00a0\u00bbrgba(0,0,0,0)\u00a0\u00bb icon_color=\u00a0\u00bb#651d32&Prime; _builder_version=\u00a0\u00bb4.16&Prime; body_font=\u00a0\u00bbMartel Sans|300|||||||\u00a0\u00bb body_text_color=\u00a0\u00bb#2c2e3e\u00a0\u00bb custom_css_main_element=\u00a0\u00bbmargin-bottom: 2% !important;\u00a0\u00bb global_colors_info=\u00a0\u00bb{}\u00a0\u00bb toggle_text_color=\u00a0\u00bb#2c2e3e\u00a0\u00bb toggle_font=\u00a0\u00bbMartel Sans||||||||\u00a0\u00bb closed_toggle_font=\u00a0\u00bbMartel Sans||||||||\u00a0\u00bb open=\u00a0\u00bboff\u00a0\u00bb]<\/p>\n<p>Un cookie est un petit fichier, stock\u00e9 sur le disque dur d\u2019un utilisateur par le site Web. Son but est de recueillir des donn\u00e9es relatives aux habitudes de navigation de l\u2019utilisateur.<br \/>\nNous utilisons les types de cookies suivants sur notre site :<br \/>\na.\tCookies fonctionnels<br \/>\nNous les utilisons pour m\u00e9moriser toutes les s\u00e9lections que vous faites sur notre site afin qu\u2019elles soient sauvegard\u00e9es pour vos prochaines visites.<br \/>\n Vous pouvez choisir d\u2019\u00eatre averti chaque fois qu\u2019un cookie est transmis. Vous pouvez \u00e9galement choisir de d\u00e9sactiver les cookies enti\u00e8rement dans votre navigateur Internet, mais cela peut diminuer la qualit\u00e9 de votre exp\u00e9rience d\u2019utilisation.<\/p>\n<p>[\/et_pb_accordion_item][et_pb_accordion_item title=\u00a0\u00bb13. Contact\u00a0\u00bb open_toggle_text_color=\u00a0\u00bb#2c2e3e\u00a0\u00bb open_toggle_background_color=\u00a0\u00bbrgba(0,0,0,0)\u00a0\u00bb closed_toggle_text_color=\u00a0\u00bb#2c2e3e\u00a0\u00bb closed_toggle_background_color=\u00a0\u00bbrgba(0,0,0,0)\u00a0\u00bb icon_color=\u00a0\u00bb#651d32&Prime; _builder_version=\u00a0\u00bb4.16&Prime; body_font=\u00a0\u00bbMartel Sans|300|||||||\u00a0\u00bb body_text_color=\u00a0\u00bb#2c2e3e\u00a0\u00bb custom_css_main_element=\u00a0\u00bbmargin-bottom: 2% !important;\u00a0\u00bb global_colors_info=\u00a0\u00bb{}\u00a0\u00bb toggle_text_color=\u00a0\u00bb#2c2e3e\u00a0\u00bb toggle_font=\u00a0\u00bbMartel Sans||||||||\u00a0\u00bb closed_toggle_font=\u00a0\u00bbMartel Sans||||||||\u00a0\u00bb open=\u00a0\u00bboff\u00a0\u00bb]Si vous avez des questions \u00e0 nous poser, n\u2019h\u00e9sitez pas \u00e0 communiquer avec nous en utilisant ce qui suit :<br \/>\n06 14 27 66 83 laclyde@orange.fr<br \/>\n55 place Miatte 33550 TABANAC<\/p>\n<p>Date d\u2019entr\u00e9e en vigueur : le 1 avril 2021Si vous avez des questions \u00e0 nous poser, n\u2019h\u00e9sitez pas \u00e0 communiquer avec nous en utilisant ce qui suit :<br \/>\n06 14 27 66 83 laclyde@orange.fr<br \/>\n55 place Miatte 33550 TABANAC<\/p>\n<p>Date d\u2019entr\u00e9e en vigueur : le 1 avril 2021[\/et_pb_accordion_item][\/et_pb_accordion][\/et_pb_column][et_pb_column type=\u00a0\u00bb1_3&Prime; _builder_version=\u00a0\u00bb4.16&Prime; background_color=\u00a0\u00bb#f6f1f0&Prime; background_enable_image=\u00a0\u00bboff\u00a0\u00bb background_size=\u00a0\u00bbinitial\u00a0\u00bb background_position=\u00a0\u00bbbottom_right\u00a0\u00bb background_blend=\u00a0\u00bbscreen\u00a0\u00bb custom_padding=\u00a0\u00bb3%|2%||3%|false|false\u00a0\u00bb global_colors_info=\u00a0\u00bb{}\u00a0\u00bb][et_pb_text _builder_version=\u00a0\u00bb4.21.0&Prime; text_font=\u00a0\u00bbMontserrat|300|||||||\u00a0\u00bb text_text_color=\u00a0\u00bb#171717&Prime; text_font_size=\u00a0\u00bb16px\u00a0\u00bb header_text_color=\u00a0\u00bb#75341f\u00a0\u00bb header_2_font=\u00a0\u00bbRoboto|||on|||||\u00a0\u00bb header_2_text_align=\u00a0\u00bbleft\u00a0\u00bb header_2_text_color=\u00a0\u00bb#1b1c1e\u00a0\u00bb header_2_font_size=\u00a0\u00bb20px\u00a0\u00bb header_2_line_height=\u00a0\u00bb1.3em\u00a0\u00bb text_orientation=\u00a0\u00bbcenter\u00a0\u00bb custom_margin=\u00a0\u00bb||5px||false|false\u00a0\u00bb custom_padding=\u00a0\u00bb||||false|false\u00a0\u00bb global_colors_info=\u00a0\u00bb{}\u00a0\u00bb]<\/p>\n<h2>Besoin d&rsquo;aide ?<\/h2>\n<p>[\/et_pb_text][et_pb_text _builder_version=\u00a0\u00bb4.21.0&Prime; text_font=\u00a0\u00bbRoboto|300|||||||\u00a0\u00bb text_text_color=\u00a0\u00bb#222222&Prime; text_font_size_tablet=\u00a0\u00bb\u00a0\u00bb text_font_size_phone=\u00a0\u00bb14px\u00a0\u00bb text_font_size_last_edited=\u00a0\u00bbon|phone\u00a0\u00bb global_colors_info=\u00a0\u00bb{}\u00a0\u00bb]<\/p>\n<p>&nbsp;<\/p>\n<p>Vous pouvez nous contacter par e-mail via le :<br \/><strong><a href=\"https:\/\/chateau-la-clyde.fr\/contact\/\" target=\"_blank\" rel=\"noopener\">formulaire de contact<\/a>.<br \/><\/strong><\/p>\n<p><strong>\u00a0<\/strong><\/p>\n<p>[\/et_pb_text][\/et_pb_column][\/et_pb_row][\/et_pb_section]<\/p>\n","protected":false},"excerpt":{"rendered":"<p>Politique de confidentialit\u00e9Mis \u00e0 jour au 31\/05\/2023chateau-la-clyde.fr Florence JOUNY Type de site : e-commerce Le but de cette politique de confidentialit\u00e9 est d&rsquo;informer les utilisateurs de notre site des donn\u00e9es personnelles que nous recueillerons ainsi que les informations suivantes, le cas \u00e9ch\u00e9ant : a. Les donn\u00e9es personnelles que nous recueillerons b. L\u2019utilisation des donn\u00e9es recueillies [&hellip;]<\/p>\n","protected":false},"author":1,"featured_media":0,"parent":0,"menu_order":0,"comment_status":"closed","ping_status":"closed","template":"","meta":{"_et_pb_use_builder":"on","_et_pb_old_content":"","_et_gb_content_width":""},"yoast_head":"<!-- This site is optimized with the Yoast SEO plugin v21.8.1 - https:\/\/yoast.com\/wordpress\/plugins\/seo\/ -->\n<title>Notre Politique de Confidentialit\u00e9 - Ch\u00e2teau La CLYDE. Vins de Bordeaux Bio et Biodynamie<\/title>\n<meta name=\"robots\" content=\"index, follow, max-snippet:-1, max-image-preview:large, max-video-preview:-1\" \/>\n<link rel=\"canonical\" href=\"https:\/\/chateau-la-clyde.fr\/en\/notre-politique-de-confidentialite\/\" \/>\n<meta property=\"og:locale\" content=\"en_GB\" \/>\n<meta property=\"og:type\" content=\"article\" \/>\n<meta property=\"og:title\" content=\"Notre Politique de Confidentialit\u00e9 - Ch\u00e2teau La CLYDE. Vins de Bordeaux Bio et Biodynamie\" \/>\n<meta property=\"og:description\" content=\"Politique de confidentialit\u00e9Mis \u00e0 jour au 31\/05\/2023chateau-la-clyde.fr Florence JOUNY Type de site : e-commerce Le but de cette politique de confidentialit\u00e9 est d&#039;informer les utilisateurs de notre site des donn\u00e9es personnelles que nous recueillerons ainsi que les informations suivantes, le cas \u00e9ch\u00e9ant : a. Les donn\u00e9es personnelles que nous recueillerons b. L\u2019utilisation des donn\u00e9es recueillies [&hellip;]\" \/>\n<meta property=\"og:url\" content=\"https:\/\/chateau-la-clyde.fr\/en\/notre-politique-de-confidentialite\/\" \/>\n<meta property=\"og:site_name\" content=\"Ch\u00e2teau La CLYDE. Vins de Bordeaux Bio et Biodynamie\" \/>\n<meta property=\"article:publisher\" content=\"https:\/\/www.facebook.com\/CHATEAULACLYDE\" \/>\n<meta property=\"article:modified_time\" content=\"2023-05-31T13:20:33+00:00\" \/>\n<script type=\"application\/ld+json\" class=\"yoast-schema-graph\">{\"@context\":\"https:\/\/schema.org\",\"@graph\":[{\"@type\":\"WebPage\",\"@id\":\"https:\/\/chateau-la-clyde.fr\/notre-politique-de-confidentialite\/\",\"url\":\"https:\/\/chateau-la-clyde.fr\/notre-politique-de-confidentialite\/\",\"name\":\"Notre Politique de Confidentialit\u00e9 - Ch\u00e2teau La CLYDE. Vins de Bordeaux Bio et Biodynamie\",\"isPartOf\":{\"@id\":\"https:\/\/chateau-la-clyde.fr\/#website\"},\"datePublished\":\"2023-05-31T11:27:08+00:00\",\"dateModified\":\"2023-05-31T13:20:33+00:00\",\"breadcrumb\":{\"@id\":\"https:\/\/chateau-la-clyde.fr\/notre-politique-de-confidentialite\/#breadcrumb\"},\"inLanguage\":\"en-GB\",\"potentialAction\":[{\"@type\":\"ReadAction\",\"target\":[\"https:\/\/chateau-la-clyde.fr\/notre-politique-de-confidentialite\/\"]}]},{\"@type\":\"BreadcrumbList\",\"@id\":\"https:\/\/chateau-la-clyde.fr\/notre-politique-de-confidentialite\/#breadcrumb\",\"itemListElement\":[{\"@type\":\"ListItem\",\"position\":1,\"name\":\"Accueil\",\"item\":\"https:\/\/chateau-la-clyde.fr\/\"},{\"@type\":\"ListItem\",\"position\":2,\"name\":\"Notre Politique de Confidentialit\u00e9\"}]},{\"@type\":\"WebSite\",\"@id\":\"https:\/\/chateau-la-clyde.fr\/#website\",\"url\":\"https:\/\/chateau-la-clyde.fr\/\",\"name\":\"Ch\u00e2teau La CLYDE. Vins de Bordeaux Bio et Biodynamie\",\"description\":\"Le complice indispensable de vos repas gastronomiques\",\"publisher\":{\"@id\":\"https:\/\/chateau-la-clyde.fr\/#organization\"},\"alternateName\":\"Ch\u00e2teau La Clyde\",\"potentialAction\":[{\"@type\":\"SearchAction\",\"target\":{\"@type\":\"EntryPoint\",\"urlTemplate\":\"https:\/\/chateau-la-clyde.fr\/?s={search_term_string}\"},\"query-input\":\"required name=search_term_string\"}],\"inLanguage\":\"en-GB\"},{\"@type\":\"Organization\",\"@id\":\"https:\/\/chateau-la-clyde.fr\/#organization\",\"name\":\"Ch\u00e2teau La CLYDE\",\"url\":\"https:\/\/chateau-la-clyde.fr\/\",\"logo\":{\"@type\":\"ImageObject\",\"inLanguage\":\"en-GB\",\"@id\":\"https:\/\/chateau-la-clyde.fr\/#\/schema\/logo\/image\/\",\"url\":\"https:\/\/chateau-la-clyde.fr\/wp-content\/uploads\/2023\/05\/chateau-la-clyde-logo-300.png\",\"contentUrl\":\"https:\/\/chateau-la-clyde.fr\/wp-content\/uploads\/2023\/05\/chateau-la-clyde-logo-300.png\",\"width\":300,\"height\":300,\"caption\":\"Ch\u00e2teau La CLYDE\"},\"image\":{\"@id\":\"https:\/\/chateau-la-clyde.fr\/#\/schema\/logo\/image\/\"},\"sameAs\":[\"https:\/\/www.facebook.com\/CHATEAULACLYDE\",\"https:\/\/www.instagram.com\/chateau.la.clyde\/\",\"https:\/\/www.linkedin.com\/company\/chteau-la-clyde\/\"]}]}<\/script>\n<!-- \/ Yoast SEO plugin. -->","yoast_head_json":{"title":"Notre Politique de Confidentialit\u00e9 - Ch\u00e2teau La CLYDE. Vins de Bordeaux Bio et Biodynamie","robots":{"index":"index","follow":"follow","max-snippet":"max-snippet:-1","max-image-preview":"max-image-preview:large","max-video-preview":"max-video-preview:-1"},"canonical":"https:\/\/chateau-la-clyde.fr\/en\/notre-politique-de-confidentialite\/","og_locale":"en_GB","og_type":"article","og_title":"Notre Politique de Confidentialit\u00e9 - Ch\u00e2teau La CLYDE. Vins de Bordeaux Bio et Biodynamie","og_description":"Politique de confidentialit\u00e9Mis \u00e0 jour au 31\/05\/2023chateau-la-clyde.fr Florence JOUNY Type de site : e-commerce Le but de cette politique de confidentialit\u00e9 est d'informer les utilisateurs de notre site des donn\u00e9es personnelles que nous recueillerons ainsi que les informations suivantes, le cas \u00e9ch\u00e9ant : a. Les donn\u00e9es personnelles que nous recueillerons b. L\u2019utilisation des donn\u00e9es recueillies [&hellip;]","og_url":"https:\/\/chateau-la-clyde.fr\/en\/notre-politique-de-confidentialite\/","og_site_name":"Ch\u00e2teau La CLYDE. Vins de Bordeaux Bio et Biodynamie","article_publisher":"https:\/\/www.facebook.com\/CHATEAULACLYDE","article_modified_time":"2023-05-31T13:20:33+00:00","schema":{"@context":"https:\/\/schema.org","@graph":[{"@type":"WebPage","@id":"https:\/\/chateau-la-clyde.fr\/notre-politique-de-confidentialite\/","url":"https:\/\/chateau-la-clyde.fr\/notre-politique-de-confidentialite\/","name":"Notre Politique de Confidentialit\u00e9 - Ch\u00e2teau La CLYDE. Vins de Bordeaux Bio et Biodynamie","isPartOf":{"@id":"https:\/\/chateau-la-clyde.fr\/#website"},"datePublished":"2023-05-31T11:27:08+00:00","dateModified":"2023-05-31T13:20:33+00:00","breadcrumb":{"@id":"https:\/\/chateau-la-clyde.fr\/notre-politique-de-confidentialite\/#breadcrumb"},"inLanguage":"en-GB","potentialAction":[{"@type":"ReadAction","target":["https:\/\/chateau-la-clyde.fr\/notre-politique-de-confidentialite\/"]}]},{"@type":"BreadcrumbList","@id":"https:\/\/chateau-la-clyde.fr\/notre-politique-de-confidentialite\/#breadcrumb","itemListElement":[{"@type":"ListItem","position":1,"name":"Accueil","item":"https:\/\/chateau-la-clyde.fr\/"},{"@type":"ListItem","position":2,"name":"Notre Politique de Confidentialit\u00e9"}]},{"@type":"WebSite","@id":"https:\/\/chateau-la-clyde.fr\/#website","url":"https:\/\/chateau-la-clyde.fr\/","name":"Ch\u00e2teau La CLYDE. Vins de Bordeaux Bio et Biodynamie","description":"A Must-Have for Your Gourmet Meals","publisher":{"@id":"https:\/\/chateau-la-clyde.fr\/#organization"},"alternateName":"Ch\u00e2teau La Clyde","potentialAction":[{"@type":"SearchAction","target":{"@type":"EntryPoint","urlTemplate":"https:\/\/chateau-la-clyde.fr\/?s={search_term_string}"},"query-input":"required name=search_term_string"}],"inLanguage":"en-GB"},{"@type":"Organization","@id":"https:\/\/chateau-la-clyde.fr\/#organization","name":"Ch\u00e2teau La CLYDE","url":"https:\/\/chateau-la-clyde.fr\/","logo":{"@type":"ImageObject","inLanguage":"en-GB","@id":"https:\/\/chateau-la-clyde.fr\/#\/schema\/logo\/image\/","url":"https:\/\/chateau-la-clyde.fr\/wp-content\/uploads\/2023\/05\/chateau-la-clyde-logo-300.png","contentUrl":"https:\/\/chateau-la-clyde.fr\/wp-content\/uploads\/2023\/05\/chateau-la-clyde-logo-300.png","width":300,"height":300,"caption":"Ch\u00e2teau La CLYDE"},"image":{"@id":"https:\/\/chateau-la-clyde.fr\/#\/schema\/logo\/image\/"},"sameAs":["https:\/\/www.facebook.com\/CHATEAULACLYDE","https:\/\/www.instagram.com\/chateau.la.clyde\/","https:\/\/www.linkedin.com\/company\/chteau-la-clyde\/"]}]}},"_links":{"self":[{"href":"https:\/\/chateau-la-clyde.fr\/en\/wp-json\/wp\/v2\/pages\/10703"}],"collection":[{"href":"https:\/\/chateau-la-clyde.fr\/en\/wp-json\/wp\/v2\/pages"}],"about":[{"href":"https:\/\/chateau-la-clyde.fr\/en\/wp-json\/wp\/v2\/types\/page"}],"author":[{"embeddable":true,"href":"https:\/\/chateau-la-clyde.fr\/en\/wp-json\/wp\/v2\/users\/1"}],"replies":[{"embeddable":true,"href":"https:\/\/chateau-la-clyde.fr\/en\/wp-json\/wp\/v2\/comments?post=10703"}],"version-history":[{"count":6,"href":"https:\/\/chateau-la-clyde.fr\/en\/wp-json\/wp\/v2\/pages\/10703\/revisions"}],"predecessor-version":[{"id":10717,"href":"https:\/\/chateau-la-clyde.fr\/en\/wp-json\/wp\/v2\/pages\/10703\/revisions\/10717"}],"wp:attachment":[{"href":"https:\/\/chateau-la-clyde.fr\/en\/wp-json\/wp\/v2\/media?parent=10703"}],"curies":[{"name":"wp","href":"https:\/\/api.w.org\/{rel}","templated":true}]}}