{"id":10724,"date":"2023-05-31T15:39:00","date_gmt":"2023-05-31T13:39:00","guid":{"rendered":"https:\/\/chateau-la-clyde.fr\/?page_id=10724"},"modified":"2023-05-31T15:46:19","modified_gmt":"2023-05-31T13:46:19","slug":"conditions-generales-de-vente","status":"publish","type":"page","link":"https:\/\/chateau-la-clyde.fr\/en\/conditions-generales-de-vente\/","title":{"rendered":"General Terms and Conditions of Sale"},"content":{"rendered":"<p>[et_pb_section fb_built=\u00a0\u00bb1&Prime; custom_padding_last_edited=\u00a0\u00bbon|tablet\u00a0\u00bb _builder_version=\u00a0\u00bb4.21.0&Prime; _module_preset=\u00a0\u00bbdefault\u00a0\u00bb background_color=\u00a0\u00bb#1F3B67&Prime; max_height_tablet=\u00a0\u00bb\u00a0\u00bb max_height_phone=\u00a0\u00bb821px\u00a0\u00bb max_height_last_edited=\u00a0\u00bbon|phone\u00a0\u00bb custom_margin=\u00a0\u00bb||||false|false\u00a0\u00bb custom_margin_tablet=\u00a0\u00bb||||false|false\u00a0\u00bb custom_margin_phone=\u00a0\u00bb-50px||||false|false\u00a0\u00bb custom_margin_last_edited=\u00a0\u00bbon|tablet\u00a0\u00bb custom_padding=\u00a0\u00bb||||false|false\u00a0\u00bb custom_padding_tablet=\u00a0\u00bb\u00a0\u00bb custom_padding_phone=\u00a0\u00bb109px||||false|false\u00a0\u00bb global_colors_info=\u00a0\u00bb{}\u00a0\u00bb][et_pb_row _builder_version=\u00a0\u00bb4.21.0&Prime; custom_margin=\u00a0\u00bb0.1%|auto|-14px|auto|false|false\u00a0\u00bb custom_margin_tablet=\u00a0\u00bb-0.1%|auto|-14px|auto|false|false\u00a0\u00bb custom_margin_phone=\u00a0\u00bb-4.6%|auto|-44px|auto|false|false\u00a0\u00bb custom_margin_last_edited=\u00a0\u00bbon|phone\u00a0\u00bb custom_padding=\u00a0\u00bb4px||0px||false|false\u00a0\u00bb global_colors_info=\u00a0\u00bb{}\u00a0\u00bb][et_pb_column type=\u00a0\u00bb4_4&Prime; _builder_version=\u00a0\u00bb4.16&Prime; global_colors_info=\u00a0\u00bb{}\u00a0\u00bb][et_pb_text _builder_version=\u00a0\u00bb4.21.0&Prime; text_font=\u00a0\u00bbMontserrat|300|||||||\u00a0\u00bb text_text_color=\u00a0\u00bb#171717&Prime; text_font_size=\u00a0\u00bb16px\u00a0\u00bb header_font=\u00a0\u00bbRoboto||on||||||\u00a0\u00bb header_text_align=\u00a0\u00bbcenter\u00a0\u00bb header_text_color=\u00a0\u00bb#ffffff\u00a0\u00bb header_font_size=\u00a0\u00bb35px\u00a0\u00bb header_2_font=\u00a0\u00bbPlayfair Display||on||||||\u00a0\u00bb header_2_text_align=\u00a0\u00bbleft\u00a0\u00bb header_2_text_color=\u00a0\u00bb#171717&Prime; header_2_font_size=\u00a0\u00bb28px\u00a0\u00bb header_2_line_height=\u00a0\u00bb1.3em\u00a0\u00bb text_orientation=\u00a0\u00bbcenter\u00a0\u00bb custom_margin=\u00a0\u00bb||25px||false|false\u00a0\u00bb custom_padding=\u00a0\u00bb||||false|false\u00a0\u00bb header_font_size_tablet=\u00a0\u00bb\u00a0\u00bb header_font_size_phone=\u00a0\u00bb25px\u00a0\u00bb header_font_size_last_edited=\u00a0\u00bbon|phone\u00a0\u00bb header_text_shadow_style=\u00a0\u00bbpreset1&Prime; global_colors_info=\u00a0\u00bb{}\u00a0\u00bb]<\/p>\n<h1>Conditions G\u00e9n\u00e9rales de Vente<\/h1>\n<p>[\/et_pb_text][et_pb_image src=\u00a0\u00bbhttps:\/\/chateau-la-clyde.fr\/wp-content\/uploads\/2023\/05\/chateau-la-clyde-logo-300-gris.png\u00a0\u00bb title_text=\u00a0\u00bbchateau-la-clyde-logo-300-gris\u00a0\u00bb align=\u00a0\u00bbcenter\u00a0\u00bb _builder_version=\u00a0\u00bb4.21.0&Prime; _module_preset=\u00a0\u00bbdefault\u00a0\u00bb height_tablet=\u00a0\u00bb\u00a0\u00bb height_phone=\u00a0\u00bb100px\u00a0\u00bb height_last_edited=\u00a0\u00bbon|phone\u00a0\u00bb max_height=\u00a0\u00bb119px\u00a0\u00bb max_height_tablet=\u00a0\u00bb119px\u00a0\u00bb max_height_phone=\u00a0\u00bb100px\u00a0\u00bb max_height_last_edited=\u00a0\u00bbon|phone\u00a0\u00bb global_colors_info=\u00a0\u00bb{}\u00a0\u00bb][\/et_pb_image][\/et_pb_column][\/et_pb_row][\/et_pb_section][et_pb_section fb_built=\u00a0\u00bb1&Prime; _builder_version=\u00a0\u00bb4.16&Prime; background_enable_image=\u00a0\u00bboff\u00a0\u00bb background_size=\u00a0\u00bbinitial\u00a0\u00bb background_position=\u00a0\u00bbtop_left\u00a0\u00bb module_alignment=\u00a0\u00bbcenter\u00a0\u00bb custom_margin=\u00a0\u00bb0px||0px||false|false\u00a0\u00bb custom_padding=\u00a0\u00bb0px||||false|false\u00a0\u00bb locked=\u00a0\u00bboff\u00a0\u00bb global_colors_info=\u00a0\u00bb{}\u00a0\u00bb][et_pb_row _builder_version=\u00a0\u00bb4.16&Prime; _module_preset=\u00a0\u00bbdefault\u00a0\u00bb global_colors_info=\u00a0\u00bb{}\u00a0\u00bb][et_pb_column type=\u00a0\u00bb4_4&Prime; _builder_version=\u00a0\u00bb4.16&Prime; _module_preset=\u00a0\u00bbdefault\u00a0\u00bb global_colors_info=\u00a0\u00bb{}\u00a0\u00bb][et_pb_text _builder_version=\u00a0\u00bb4.21.0&Prime; text_font=\u00a0\u00bbOpen Sans|600|||||||\u00a0\u00bb text_text_color=\u00a0\u00bb#222222&Prime; text_line_height=\u00a0\u00bb1em\u00a0\u00bb custom_margin=\u00a0\u00bb0px||||false|false\u00a0\u00bb custom_padding=\u00a0\u00bb0px||||false|false\u00a0\u00bb global_colors_info=\u00a0\u00bb{}\u00a0\u00bb]<\/p>\n<p>Mis \u00e0 jour au 31\/05\/2023<\/p>\n<p>[\/et_pb_text][et_pb_text _builder_version=\u00a0\u00bb4.16&Prime; text_font=\u00a0\u00bbOpen Sans|600|||||||\u00a0\u00bb text_text_color=\u00a0\u00bb#222222&Prime; text_line_height=\u00a0\u00bb1.2em\u00a0\u00bb custom_margin=\u00a0\u00bb0px||||false|false\u00a0\u00bb custom_padding=\u00a0\u00bb0px||||false|false\u00a0\u00bb custom_css_main_element=\u00a0\u00bbfont-weight: 300 !important;\u00a0\u00bb global_colors_info=\u00a0\u00bb{}\u00a0\u00bb]<\/p>\n<p>Les pr\u00e9sentes conditions g\u00e9n\u00e9rales de vente s&rsquo;appliquent \u00e0 toutes les ventes conclues sur le site Internet <strong>chateau-la-clyde.fr<\/strong> sous r\u00e9serve des conditions particuli\u00e8res indiqu\u00e9es dans la pr\u00e9sentation des produits.<\/p>\n<p>[\/et_pb_text][\/et_pb_column][\/et_pb_row][et_pb_row column_structure=\u00a0\u00bb2_3,1_3&Prime; use_custom_gutter=\u00a0\u00bbon\u00a0\u00bb gutter_width=\u00a0\u00bb4&Prime; make_equal=\u00a0\u00bbon\u00a0\u00bb _builder_version=\u00a0\u00bb4.16&Prime; custom_margin=\u00a0\u00bb20px||||false|false\u00a0\u00bb custom_padding=\u00a0\u00bb0px||||false|false\u00a0\u00bb global_colors_info=\u00a0\u00bb{}\u00a0\u00bb][et_pb_column type=\u00a0\u00bb2_3&Prime; _builder_version=\u00a0\u00bb4.16&Prime; global_colors_info=\u00a0\u00bb{}\u00a0\u00bb][et_pb_accordion icon_color=\u00a0\u00bb#893e30&Prime; module_class=\u00a0\u00bbtogglegeneral\u00a0\u00bb _builder_version=\u00a0\u00bb4.16&Prime; toggle_font=\u00a0\u00bbOpen Sans||||||||\u00a0\u00bb closed_toggle_font=\u00a0\u00bbOpen Sans||||||||\u00a0\u00bb body_font=\u00a0\u00bbOpen Sans||||||||\u00a0\u00bb border_color_all=\u00a0\u00bb#1b1c1e\u00a0\u00bb global_colors_info=\u00a0\u00bb{}\u00a0\u00bb][et_pb_accordion_item title=\u00a0\u00bb1. Article &#8211; Champ d&rsquo;application\u00a0\u00bb open=\u00a0\u00bbon\u00a0\u00bb open_toggle_text_color=\u00a0\u00bb#2c2e3e\u00a0\u00bb open_toggle_background_color=\u00a0\u00bbrgba(0,0,0,0)\u00a0\u00bb closed_toggle_text_color=\u00a0\u00bb#2c2e3e\u00a0\u00bb closed_toggle_background_color=\u00a0\u00bbrgba(0,0,0,0)\u00a0\u00bb icon_color=\u00a0\u00bb#651d32&Prime; _builder_version=\u00a0\u00bb4.16&Prime; body_font=\u00a0\u00bbMartel Sans|300|||||||\u00a0\u00bb body_text_color=\u00a0\u00bb#2c2e3e\u00a0\u00bb custom_css_main_element=\u00a0\u00bbmargin-bottom: 2% !important;\u00a0\u00bb global_colors_info=\u00a0\u00bb{}\u00a0\u00bb toggle_text_color=\u00a0\u00bb#2c2e3e\u00a0\u00bb toggle_font=\u00a0\u00bbMartel Sans||||||||\u00a0\u00bb closed_toggle_font=\u00a0\u00bbMartel Sans||||||||\u00a0\u00bb]<\/p>\n<p>Les pr\u00e9sentes Conditions G\u00e9n\u00e9rales de Vente (dites \u00ab CGV \u00bb) s&rsquo;appliquent, sans restriction ni r\u00e9serve \u00e0 l&rsquo;ensemble des ventes conclues par le Vendeur aupr\u00e8s d&rsquo;acheteurs non professionnels (\u00ab Les Clients ou le Client \u00bb), d\u00e9sirant acqu\u00e9rir les produits propos\u00e9s \u00e0 la vente (\u00ab Les Produits \u00bb) par le Vendeur sur le site www.chateau-la-clyde.fr. Les Produits propos\u00e9s \u00e0 la vente sur le site sont les suivants :<\/p>\n<p> Bouteilles de VIN<\/p>\n<p>Les caract\u00e9ristiques principales des Produits et notamment les sp\u00e9cifications, illustrations et indications de dimensions ou de capacit\u00e9 des Produits, sont pr\u00e9sent\u00e9es sur le site www.chateau-la-clyde.fr ce dont le client est tenu de prendre connaissance avant de commander.<br \/>\nLe choix et l&rsquo;achat d&rsquo;un Produit sont de la seule responsabilit\u00e9 du Client.<br \/>\nLes offres de Produits s&rsquo;entendent dans la limite des stocks disponibles, tels que pr\u00e9cis\u00e9s lors de la passation de la commande.<\/p>\n<p>Ces CGV sont accessibles \u00e0 tout moment sur le site www.chateau-la-clyde.fr  et pr\u00e9vaudront sur toute autre document.<br \/>\nLe Client d\u00e9clare avoir pris connaissance des pr\u00e9sentes CGV et les avoir accept\u00e9es en cochant la case pr\u00e9vue \u00e0 cet effet avant la mise en \u0153uvre de la proc\u00e9dure de commande en ligne du site www.chateau-la-clyde.fr.<br \/>\nSauf preuve contraire, les donn\u00e9es enregistr\u00e9es dans le syst\u00e8me informatique du Vendeur constituent la preuve de l&rsquo;ensemble des transactions conclues avec le Client.<\/p>\n<p>Les coordonn\u00e9es du Vendeur sont les suivantes :<\/p>\n<p>CHATEAU LA CLYDE, Entreprise Individuelle <\/p>\n<p>Immatricul\u00e9 : num\u00e9ro SIRET  342 093 325 00021<\/p>\n<p>55 PLACE MIATTE 33550 TABANAC<br \/>\nEmail : laclyde@orange.fr<br \/>\nT\u00e9l\u00e9phone : 06 14 27 66 83<br \/>\nNum\u00e9ro de TVA Intracommunautaire   FR 05 342093325<br \/>\n.<\/p>\n<p>[\/et_pb_accordion_item][et_pb_accordion_item title=\u00a0\u00bb2. Article  &#8211; Prix\u00a0\u00bb open_toggle_text_color=\u00a0\u00bb#2c2e3e\u00a0\u00bb open_toggle_background_color=\u00a0\u00bbrgba(0,0,0,0)\u00a0\u00bb closed_toggle_text_color=\u00a0\u00bb#2c2e3e\u00a0\u00bb closed_toggle_background_color=\u00a0\u00bbrgba(0,0,0,0)\u00a0\u00bb icon_color=\u00a0\u00bb#651d32&Prime; _builder_version=\u00a0\u00bb4.16&Prime; body_font=\u00a0\u00bbMartel Sans|300|||||||\u00a0\u00bb body_text_color=\u00a0\u00bb#2c2e3e\u00a0\u00bb custom_css_main_element=\u00a0\u00bbmargin-bottom: 2% !important;\u00a0\u00bb global_colors_info=\u00a0\u00bb{}\u00a0\u00bb toggle_text_color=\u00a0\u00bb#2c2e3e\u00a0\u00bb toggle_font=\u00a0\u00bbMartel Sans||||||||\u00a0\u00bb closed_toggle_font=\u00a0\u00bbMartel Sans||||||||\u00a0\u00bb open=\u00a0\u00bboff\u00a0\u00bb]<\/p>\n<p>Les Produits sont fournis aux tarifs en vigueur figurant sur le site www.chateau-la-clyde.fr, lors de l&rsquo;enregistrement de la commande par le Vendeur.<br \/>\nLes prix sont exprim\u00e9s en Euros, HT et TTC.<br \/>\nLes tarifs tiennent compte d&rsquo;\u00e9ventuelles r\u00e9ductions qui seraient consenties par le Vendeur sur le site www.chateau-la-clyde.fr.<br \/>\nCes tarifs sont fermes et non r\u00e9visables pendant leur p\u00e9riode de validit\u00e9 mais le Vendeur se r\u00e9serve le droit, hors p\u00e9riode de validit\u00e9, d\u2019en modifier les prix \u00e0 tout moment.<\/p>\n<p>Les prix ne comprennent pas les frais de traitement, d&rsquo;exp\u00e9dition, de transport et de livraison, qui sont factur\u00e9s en suppl\u00e9ment, dans les conditions indiqu\u00e9es sur le site et calcul\u00e9s pr\u00e9alablement \u00e0 la passation de la commande.<br \/>\nLe paiement demand\u00e9 au Client correspond au montant total de l&rsquo;achat, y compris ces frais.<br \/>\nUne facture est \u00e9tablie par le Vendeur et remise au Client lors de la livraison des Produits command\u00e9s.\n <\/p>\n<p>[\/et_pb_accordion_item][et_pb_accordion_item title=\u00a0\u00bb3. Article \u2013 Commandes\u00a0\u00bb open_toggle_text_color=\u00a0\u00bb#2c2e3e\u00a0\u00bb open_toggle_background_color=\u00a0\u00bbrgba(0,0,0,0)\u00a0\u00bb closed_toggle_text_color=\u00a0\u00bb#2c2e3e\u00a0\u00bb closed_toggle_background_color=\u00a0\u00bbrgba(0,0,0,0)\u00a0\u00bb icon_color=\u00a0\u00bb#651d32&Prime; _builder_version=\u00a0\u00bb4.16&Prime; body_font=\u00a0\u00bbMartel Sans|300|||||||\u00a0\u00bb body_text_color=\u00a0\u00bb#2c2e3e\u00a0\u00bb custom_css_main_element=\u00a0\u00bbmargin-bottom: 2% !important;\u00a0\u00bb global_colors_info=\u00a0\u00bb{}\u00a0\u00bb toggle_text_color=\u00a0\u00bb#2c2e3e\u00a0\u00bb toggle_font=\u00a0\u00bbMartel Sans||||||||\u00a0\u00bb closed_toggle_font=\u00a0\u00bbMartel Sans||||||||\u00a0\u00bb open=\u00a0\u00bboff\u00a0\u00bb]<\/p>\n<p>Il appartient au Client de s\u00e9lectionner sur le site www.chateau-la-clyde.fr  les Produits qu&rsquo;il d\u00e9sire commander, selon les modalit\u00e9s suivantes :<br \/>\n_______________.<\/p>\n<p>Les offres de Produits sont valables tant qu&rsquo;elles sont visibles sur le site, dans la limite des stocks disponibles.<br \/>\nLa vente ne sera consid\u00e9r\u00e9e comme valide qu\u2019apr\u00e8s paiement int\u00e9gral du prix. Il appartient au Client de v\u00e9rifier l&rsquo;exactitude de la commande et de signaler imm\u00e9diatement toute erreur.<br \/>\nToute commande pass\u00e9e sur le site www.chateau-la-clyde.fr constitue la formation d&rsquo;un contrat conclu \u00e0 distance entre le Client et le Vendeur.<br \/>\nLe Vendeur se r\u00e9serve le droit d&rsquo;annuler ou de refuser toute commande d&rsquo;un Client avec lequel il existerait un litige relatif au paiement d&rsquo;une commande ant\u00e9rieure.<br \/>\nLe Client pourra suivre l&rsquo;\u00e9volution de sa commande sur le site.<br \/>\n.<\/p>\n<p>[\/et_pb_accordion_item][et_pb_accordion_item title=\u00a0\u00bb4. Article- Conditions de paiement\u00a0\u00bb open_toggle_text_color=\u00a0\u00bb#2c2e3e\u00a0\u00bb open_toggle_background_color=\u00a0\u00bbrgba(0,0,0,0)\u00a0\u00bb closed_toggle_text_color=\u00a0\u00bb#2c2e3e\u00a0\u00bb closed_toggle_background_color=\u00a0\u00bbrgba(0,0,0,0)\u00a0\u00bb icon_color=\u00a0\u00bb#651d32&Prime; _builder_version=\u00a0\u00bb4.16&Prime; body_font=\u00a0\u00bbMartel Sans|300|||||||\u00a0\u00bb body_text_color=\u00a0\u00bb#2c2e3e\u00a0\u00bb custom_css_main_element=\u00a0\u00bbmargin-bottom: 2% !important;\u00a0\u00bb global_colors_info=\u00a0\u00bb{}\u00a0\u00bb toggle_text_color=\u00a0\u00bb#2c2e3e\u00a0\u00bb toggle_font=\u00a0\u00bbMartel Sans||||||||\u00a0\u00bb closed_toggle_font=\u00a0\u00bbMartel Sans||||||||\u00a0\u00bb open=\u00a0\u00bboff\u00a0\u00bb]<\/p>\n<p>Le prix est pay\u00e9 par voie de paiement s\u00e9curis\u00e9, selon les modalit\u00e9s suivantes :<br \/>\n\u2022\tpaiement par carte bancaire<br \/>\n\u2022\tou paiement par virement bancaire sur le compte bancaire du Vendeur (dont les coordonn\u00e9es sont communiqu\u00e9es au Client lors de la passation de la commande)<\/p>\n<p>Le prix est payable comptant par le Client, en totalit\u00e9 au jour de la pasation de la commande.<\/p>\n<p>Les donn\u00e9es de paiement sont \u00e9chang\u00e9es en mode crypt\u00e9 gr\u00e2ce au protocole d\u00e9fini par le prestataire de paiement agr\u00e9\u00e9 intervenant pour les transactions bancaires r\u00e9alis\u00e9e sur le site www.chateau-la-clyde.fr.<\/p>\n<p>Les paiements effectu\u00e9s par le Client ne seront consid\u00e9r\u00e9s comme d\u00e9finitifs qu&rsquo;apr\u00e8s encaissement effectif par le Vendeur des sommes dues.<br \/>\nLe Vendeur ne sera pas tenu de proc\u00e9der \u00e0 la d\u00e9livrance des Produits command\u00e9s par le Client si celui-ci ne lui en paye pas le prix en totalit\u00e9 dans les conditions ci-dessus indiqu\u00e9es.\n<\/p>\n<p>[\/et_pb_accordion_item][et_pb_accordion_item title=\u00a0\u00bb5. Article &#8211; Livraisons\u00a0\u00bb open_toggle_text_color=\u00a0\u00bb#2c2e3e\u00a0\u00bb open_toggle_background_color=\u00a0\u00bbrgba(0,0,0,0)\u00a0\u00bb closed_toggle_text_color=\u00a0\u00bb#2c2e3e\u00a0\u00bb closed_toggle_background_color=\u00a0\u00bbrgba(0,0,0,0)\u00a0\u00bb icon_color=\u00a0\u00bb#651d32&Prime; _builder_version=\u00a0\u00bb4.16&Prime; body_font=\u00a0\u00bbMartel Sans|300|||||||\u00a0\u00bb body_text_color=\u00a0\u00bb#2c2e3e\u00a0\u00bb custom_css_main_element=\u00a0\u00bbmargin-bottom: 2% !important;\u00a0\u00bb global_colors_info=\u00a0\u00bb{}\u00a0\u00bb toggle_text_color=\u00a0\u00bb#2c2e3e\u00a0\u00bb toggle_font=\u00a0\u00bbMartel Sans||||||||\u00a0\u00bb closed_toggle_font=\u00a0\u00bbMartel Sans||||||||\u00a0\u00bb open=\u00a0\u00bboff\u00a0\u00bb]<\/p>\n<p>Les Produits command\u00e9s par le Client seront livr\u00e9s en France m\u00e9tropolitaine.<\/p>\n<p>Les livraisons interviennent dans un d\u00e9lai de tributaire du transporteur \u00e0 l&rsquo;adresse indiqu\u00e9e par le Client lors de sa commande sur le site.<br \/>\nLa livraison est constitu\u00e9e par le transfert au Client de la possession physique ou du contr\u00f4le du Produit. Sauf cas particulier ou indisponibilit\u00e9 d&rsquo;un ou plusieurs Produits, les Produits command\u00e9s seront livr\u00e9s en une seule fois.<br \/>\nLe Vendeur s&rsquo;engage \u00e0 faire ses meilleurs efforts pour livrer les produits command\u00e9s par le Client dans les d\u00e9lais ci-dessus pr\u00e9cis\u00e9s.<\/p>\n<p>Si les Produits command\u00e9s n&rsquo;ont pas \u00e9t\u00e9 livr\u00e9s dans un d\u00e9lai de 15 jours  apr\u00e8s la date indicative de livraison, pour toute autre cause que la force majeure ou le fait du Client, la vente pourra \u00eatre r\u00e9solue \u00e0 la demande \u00e9crite du Client dans les conditions pr\u00e9vues aux articles L 216-2, L 216-3 et L241-4 du Code de la consommation. Les sommes vers\u00e9es par le Client lui seront alors restitu\u00e9es au plus tard dans les quatorze jours qui suivent la date de d\u00e9nonciation du contrat, \u00e0 l&rsquo;exclusion de toute indemnisation ou retenue.<\/p>\n<p>Les livraisons sont assur\u00e9es par un transporteur ind\u00e9pendant, \u00e0 l&rsquo;adresse mentionn\u00e9e par le Client lors de la commande et \u00e0 laquelle le transporteur pourra facilement acc\u00e9der.<br \/>\nLorsque le Client s&rsquo;est lui-m\u00eame charg\u00e9 de faire appel \u00e0 un transporteur qu&rsquo;il choisit lui-m\u00eame, la livraison est r\u00e9put\u00e9e effectu\u00e9e d\u00e8s la remise des Produits command\u00e9s par le Vendeur au transporteur qui les a accept\u00e9s sans r\u00e9serves. Le Client reconna\u00eet donc que c&rsquo;est au transporteur qu&rsquo;il appartient d&rsquo;effectuer la livraison et ne dispose d&rsquo;aucun recours en garantie contre le Vendeur en cas de d\u00e9faut de livraison des marchandises transport\u00e9es.<br \/>\nLes d\u00e9lais de livraisons sont tributaires du transporteur auquel vous devez imp\u00e9rativement faire notifier tout probl\u00e8me \u00e0 la reception des cartons .<br \/>\nLe Client est tenu de v\u00e9rifier l&rsquo;\u00e9tat des produits livr\u00e9s. Il dispose d&rsquo;un d\u00e9lai maximal 8 jours pour  effectuer une reclamation \u00e0 compter de la livraison pour formuler des r\u00e9clamations par _ \u00e9crit  accompagn\u00e9es de tous les justificatifs y aff\u00e9rents (photos notamment). Pass\u00e9 ce d\u00e9lai et \u00e0 d\u00e9faut d&rsquo;avoir respect\u00e9 ces formalit\u00e9s, les Produits seront r\u00e9put\u00e9s conformes et exempts de tout vice apparent et aucune r\u00e9clamation ne pourra \u00eatre valablement accept\u00e9e par le Vendeur.<br \/>\nLe Vendeur remboursera ou remplacera dans les plus brefs d\u00e9lais et \u00e0 ses frais, les Produits livr\u00e9s dont les d\u00e9fauts de conformit\u00e9 ou les vices apparents ou cach\u00e9s auront \u00e9t\u00e9 d\u00fbment prouv\u00e9s par le Client, dans les conditions pr\u00e9vues aux articles L 217-4 et suivants du Code de la consommation et celles pr\u00e9vues aux pr\u00e9sentes CGV.<\/p>\n<p>Le transfert des risques de perte et de d\u00e9t\u00e9rioration s&rsquo;y rapportant, ne sera r\u00e9alis\u00e9 qu&rsquo;au moment o\u00f9 le Client prendra physiquement possession des Produits. Les Produits voyagent donc aux risques et p\u00e9rils du Vendeur sauf lorsque le Client aura lui-m\u00eame choisi le transporteur. A ce titre, les risques sont transf\u00e9r\u00e9s au moment de la remise du bien au transporteur.<\/p>\n<p>.<\/p>\n<p>[\/et_pb_accordion_item][et_pb_accordion_item title=\u00a0\u00bb6. Article &#8211; Transfert de propri\u00e9t\u00e9\u00a0\u00bb open_toggle_text_color=\u00a0\u00bb#2c2e3e\u00a0\u00bb open_toggle_background_color=\u00a0\u00bbrgba(0,0,0,0)\u00a0\u00bb closed_toggle_text_color=\u00a0\u00bb#2c2e3e\u00a0\u00bb closed_toggle_background_color=\u00a0\u00bbrgba(0,0,0,0)\u00a0\u00bb icon_color=\u00a0\u00bb#651d32&Prime; _builder_version=\u00a0\u00bb4.16&Prime; body_font=\u00a0\u00bbMartel Sans|300|||||||\u00a0\u00bb body_text_color=\u00a0\u00bb#2c2e3e\u00a0\u00bb custom_css_main_element=\u00a0\u00bbmargin-bottom: 2% !important;\u00a0\u00bb global_colors_info=\u00a0\u00bb{}\u00a0\u00bb toggle_text_color=\u00a0\u00bb#2c2e3e\u00a0\u00bb toggle_font=\u00a0\u00bbMartel Sans||||||||\u00a0\u00bb closed_toggle_font=\u00a0\u00bbMartel Sans||||||||\u00a0\u00bb open=\u00a0\u00bboff\u00a0\u00bb]<\/p>\n<p>Le transfert de propri\u00e9t\u00e9 des Produits du Vendeur au Client ne sera r\u00e9alis\u00e9 qu&rsquo;apr\u00e8s complet paiement du prix par ce dernier, et ce quelle que soit la date de livraison des dits Produits.<\/p>\n<p>[\/et_pb_accordion_item][et_pb_accordion_item title=\u00a0\u00bb7. Article &#8211; Droit de r\u00e9tractation\u00a0\u00bb open_toggle_text_color=\u00a0\u00bb#2c2e3e\u00a0\u00bb open_toggle_background_color=\u00a0\u00bbrgba(0,0,0,0)\u00a0\u00bb closed_toggle_text_color=\u00a0\u00bb#2c2e3e\u00a0\u00bb closed_toggle_background_color=\u00a0\u00bbrgba(0,0,0,0)\u00a0\u00bb icon_color=\u00a0\u00bb#651d32&Prime; _builder_version=\u00a0\u00bb4.16&Prime; body_font=\u00a0\u00bbMartel Sans|300|||||||\u00a0\u00bb body_text_color=\u00a0\u00bb#2c2e3e\u00a0\u00bb custom_css_main_element=\u00a0\u00bbmargin-bottom: 2% !important;\u00a0\u00bb global_colors_info=\u00a0\u00bb{}\u00a0\u00bb toggle_text_color=\u00a0\u00bb#2c2e3e\u00a0\u00bb toggle_font=\u00a0\u00bbMartel Sans||||||||\u00a0\u00bb closed_toggle_font=\u00a0\u00bbMartel Sans||||||||\u00a0\u00bb open=\u00a0\u00bboff\u00a0\u00bb]Selon les modalit\u00e9s de l\u2019article L221-18 du Code de la Consommation \u00ab<br \/>\nPour les contrats pr\u00e9voyant la livraison r\u00e9guli\u00e8re de biens pendant une p\u00e9riode d\u00e9finie, le d\u00e9lai court \u00e0 compter de la r\u00e9ception du premier bien. \u00bb<br \/>\nLe droit de r\u00e9tractation peut \u00eatre exerc\u00e9 en ligne, \u00e0 l&rsquo;aide du formulaire de r\u00e9tractation ci-joint et \u00e9galement disponible sur le site ou de toute autre d\u00e9claration, d\u00e9nu\u00e9e d&rsquo;ambigu\u00eft\u00e9, exprimant la volont\u00e9 de se r\u00e9tracter et notamment par courrier postal adress\u00e9 au Vendeur aux coordonn\u00e9es postales ou mail indiqu\u00e9es \u00e0 l\u2019ARTICLE 1 des CGV.<br \/>\nLes retours sont \u00e0 effectuer dans leur \u00e9tat d&rsquo;origine et complets (emballage, accessoires, notice&#8230;) permettant leur recommercialisation \u00e0 l&rsquo;\u00e9tat neuf, accompagn\u00e9s de la facture d&rsquo;achat.<br \/>\nLes Produits endommag\u00e9s, salis ou incomplets ne sont pas repris.<br \/>\nLes frais de retour restant \u00e0 la charge du Client.<br \/>\nL&rsquo;\u00e9change (sous r\u00e9serve de disponibilit\u00e9) ou le remboursement sera effectu\u00e9 dans un d\u00e9lai de 14 jours \u00e0 compter de la r\u00e9ception, par le Vendeur, des Produits retourn\u00e9s par le Client dans les conditions pr\u00e9vues au pr\u00e9sent article.[\/et_pb_accordion_item][et_pb_accordion_item title=\u00a0\u00bb8. Article &#8211; Responsabilit\u00e9 du Vendeur &#8211; Garanties\u00a0\u00bb open_toggle_text_color=\u00a0\u00bb#2c2e3e\u00a0\u00bb open_toggle_background_color=\u00a0\u00bbrgba(0,0,0,0)\u00a0\u00bb closed_toggle_text_color=\u00a0\u00bb#2c2e3e\u00a0\u00bb closed_toggle_background_color=\u00a0\u00bbrgba(0,0,0,0)\u00a0\u00bb icon_color=\u00a0\u00bb#651d32&Prime; _builder_version=\u00a0\u00bb4.16&Prime; body_font=\u00a0\u00bbMartel Sans|300|||||||\u00a0\u00bb body_text_color=\u00a0\u00bb#2c2e3e\u00a0\u00bb custom_css_main_element=\u00a0\u00bbmargin-bottom: 2% !important;\u00a0\u00bb global_colors_info=\u00a0\u00bb{}\u00a0\u00bb toggle_text_color=\u00a0\u00bb#2c2e3e\u00a0\u00bb toggle_font=\u00a0\u00bbMartel Sans||||||||\u00a0\u00bb closed_toggle_font=\u00a0\u00bbMartel Sans||||||||\u00a0\u00bb open=\u00a0\u00bboff\u00a0\u00bb]Les Produits fournis par le Vendeur b\u00e9n\u00e9ficient :<br \/>\n\u2022\tde la garantie l\u00e9gale de conformit\u00e9, pour les Produits d\u00e9fectueux, ab\u00eem\u00e9s ou endommag\u00e9s ou ne correspondant pas \u00e0 la commande,<br \/>\n\u2022\tde la garantie l\u00e9gale contre les vices cach\u00e9s provenant d&rsquo;un d\u00e9faut de mati\u00e8re, de conception ou de fabrication affectant les produits livr\u00e9s et les rendant impropres \u00e0 l&rsquo;utilisation,<\/p>\n<p>Dispositions relatives aux garanties l\u00e9gales<br \/>\nArticle L217-4 du Code de la consommation<br \/>\n\u00ab Le vendeur est tenu de livrer un bien conforme au contrat et r\u00e9pond des d\u00e9fauts de conformit\u00e9 existant lors de la d\u00e9livrance. Il r\u00e9pond \u00e9galement des d\u00e9fauts de conformit\u00e9 r\u00e9sultant de l&#8217;emballage, des instructions de montage ou de l&rsquo;installation lorsque celle-ci a \u00e9t\u00e9 mise \u00e0 sa charge par le contrat ou a \u00e9t\u00e9 r\u00e9alis\u00e9e sous sa responsabilit\u00e9. \u00bb<br \/>\nArticle L217-5 du Code de la consommation<br \/>\n\u00ab Le bien est conforme au contrat :<br \/>\n1\u00b0 S&rsquo;il est propre \u00e0 l&rsquo;usage habituellement attendu d&rsquo;un bien semblable et, le cas \u00e9ch\u00e9ant :<br \/>\n&#8211; s&rsquo;il correspond \u00e0 la description donn\u00e9e par le vendeur et poss\u00e8de les qualit\u00e9s que celui-ci a pr\u00e9sent\u00e9es \u00e0 l&rsquo;acheteur sous forme d&rsquo;\u00e9chantillon ou de mod\u00e8le ;<br \/>\n&#8211; s&rsquo;il pr\u00e9sente les qualit\u00e9s qu&rsquo;un acheteur peut l\u00e9gitimement attendre eu \u00e9gard aux d\u00e9clarations publiques faites par le vendeur, par le producteur ou par son repr\u00e9sentant, notamment dans la publicit\u00e9 ou l&rsquo;\u00e9tiquetage ;<br \/>\n2\u00b0 Ou s&rsquo;il pr\u00e9sente les caract\u00e9ristiques d\u00e9finies d&rsquo;un commun accord par les parties ou est propre \u00e0 tout usage sp\u00e9cial recherch\u00e9 par l&rsquo;acheteur, port\u00e9 \u00e0 la connaissance du vendeur et que ce dernier a accept\u00e9. \u00bb<br \/>\nArticle L217-12 du Code de la consommation<br \/>\n\u00ab L&rsquo;action r\u00e9sultant du d\u00e9faut de conformit\u00e9 se prescrit par deux ans \u00e0 compter de la d\u00e9livrance du bien. \u00bb<br \/>\nArticle 1641 du Code civil.<br \/>\n\u00ab Le vendeur est tenu de la garantie \u00e0 raison des d\u00e9fauts cach\u00e9s de la chose vendue qui la rendent impropre \u00e0 l&rsquo;usage auquel on la destine, ou qui diminuent tellement cet usage, que l&rsquo;acheteur ne l&rsquo;aurait pas acquise, ou n&rsquo;en aurait donn\u00e9 qu&rsquo;un moindre prix, s&rsquo;il les avait connus. \u00bb<br \/>\nArticle 1648 alin\u00e9a 1er du Code civil<br \/>\n\u00ab L&rsquo;action r\u00e9sultant des vices r\u00e9dhibitoires doit \u00eatre intent\u00e9e par l&rsquo;acqu\u00e9reur dans un d\u00e9lai de deux ans \u00e0 compter de la d\u00e9couverte du vice. \u00bb<br \/>\nArticle L217-16 du Code de la consommation.<br \/>\n\u00ab Lorsque l&rsquo;acheteur demande au vendeur, pendant le cours de la garantie commerciale qui lui a \u00e9t\u00e9 consentie lors de l&rsquo;acquisition ou de la r\u00e9paration d&rsquo;un bien meuble, une remise en \u00e9tat couverte par la garantie, toute p\u00e9riode d&rsquo;immobilisation d&rsquo;au moins sept jours vient s&rsquo;ajouter \u00e0 la dur\u00e9e de la garantie qui restait \u00e0 courir. Cette p\u00e9riode court \u00e0 compter de la demande d&rsquo;intervention de l&rsquo;acheteur ou de la mise \u00e0 disposition pour r\u00e9paration du bien en cause, si cette mise \u00e0 disposition est post\u00e9rieure \u00e0 la demande d&rsquo;intervention. \u00bb<br \/>\nAfin de faire valoir ses droits, le Client devra informer le Vendeur, par \u00e9crit (mail ou courrier), de la non-conformit\u00e9 des Produits ou de l&rsquo;existence des vices cach\u00e9s \u00e0 compter de leur d\u00e9couverte.<br \/>\nLe Vendeur remboursera, remplacera ou fera r\u00e9parer les Produits ou pi\u00e8ces sous garantie jug\u00e9s non conformes ou d\u00e9fectueux.<br \/>\nLes frais d&rsquo;envoi seront rembours\u00e9s sur la base du tarif factur\u00e9 et les frais de retour seront rembours\u00e9s sur pr\u00e9sentation des justificatifs.<br \/>\nLes remboursements, remplacements ou r\u00e9parations des Produits jug\u00e9s non conformes ou d\u00e9fectueux seront effectu\u00e9s dans les meilleurs d\u00e9lais et au plus tard dans les  30 jours suivant la constatation par le Vendeur du d\u00e9faut de conformit\u00e9 ou du vice cach\u00e9. Ce remboursement pourra \u00eatre fait par virement ou ch\u00e8que bancaire.<br \/>\nLa responsabilit\u00e9 du Vendeur ne saurait \u00eatre engag\u00e9e dans les cas suivants :<br \/>\n\u2022\tnon respect de la l\u00e9gislation du pays dans lequel les produits sont livr\u00e9s, qu&rsquo;il appartient au Client de v\u00e9rifier,<br \/>\n\u2022\ten cas de mauvaise utilisation, d&rsquo;utilisation \u00e0 des fins professionnelles, n\u00e9gligence ou d\u00e9faut d&rsquo;entretien de la part du Client, comme en cas d&rsquo;usure normale du Produit, d&rsquo;accident ou de force majeure.<br \/>\n\u2022\tLes photographies et graphismes pr\u00e9sent\u00e9s sur le site ne sont pas contractuels et ne sauraient engager la responsabilit\u00e9 du Vendeur.<br \/>\nLa garantie du Vendeur est, en tout \u00e9tat de cause, limit\u00e9e au remplacement ou au remboursement des Produits non conformes ou affect\u00e9s d&rsquo;un vice.[\/et_pb_accordion_item][et_pb_accordion_item title=\u00a0\u00bb9. Article &#8211; Donn\u00e9es personnelles\u00a0\u00bb open_toggle_text_color=\u00a0\u00bb#2c2e3e\u00a0\u00bb open_toggle_background_color=\u00a0\u00bbrgba(0,0,0,0)\u00a0\u00bb closed_toggle_text_color=\u00a0\u00bb#2c2e3e\u00a0\u00bb closed_toggle_background_color=\u00a0\u00bbrgba(0,0,0,0)\u00a0\u00bb icon_color=\u00a0\u00bb#651d32&Prime; _builder_version=\u00a0\u00bb4.16&Prime; body_font=\u00a0\u00bbMartel Sans|300|||||||\u00a0\u00bb body_text_color=\u00a0\u00bb#2c2e3e\u00a0\u00bb custom_css_main_element=\u00a0\u00bbmargin-bottom: 2% !important;\u00a0\u00bb global_colors_info=\u00a0\u00bb{}\u00a0\u00bb toggle_text_color=\u00a0\u00bb#2c2e3e\u00a0\u00bb toggle_font=\u00a0\u00bbMartel Sans||||||||\u00a0\u00bb closed_toggle_font=\u00a0\u00bbMartel Sans||||||||\u00a0\u00bb open=\u00a0\u00bboff\u00a0\u00bb]<\/p>\n<p>Le Client est inform\u00e9 que la collecte de ses donn\u00e9es \u00e0 caract\u00e8re personnel est n\u00e9cessaire \u00e0 la vente des Produits par le Vendeur ainsi qu&rsquo;\u00e0 leur transmission \u00e0 des tiers \u00e0 des fins de livraison des Produits. Ces donn\u00e9es \u00e0 caract\u00e8re personnel sont r\u00e9colt\u00e9es uniquement pour l\u2019ex\u00e9cution du contrat de vente.<\/p>\n<p>9.1 Collecte des donn\u00e9es \u00e0 caract\u00e8re personnel<br \/>Les donn\u00e9es \u00e0 caract\u00e8re personnel qui sont collect\u00e9es sur le site www.chateau-la-clyde.fr sont les suivantes :<\/p>\n<p>Commande de Produits :<br \/>Lors de la commande de Produits par le Client :<br \/>Noms, pr\u00e9noms, adresse postale, num\u00e9ro de t\u00e9l\u00e9phone et adresse e-mail.<\/p>\n<p>Paiement<br \/>Dans le cadre du paiement des Produits propos\u00e9s sur le site www.chateau-la-clyde.fr, celui-ci enregistre des donn\u00e9es financi\u00e8res relatives au compte bancaire ou \u00e0 la carte de cr\u00e9dit du Client \/ utilisateur.<\/p>\n<p>9.2 Destinataires des donn\u00e9es \u00e0 caract\u00e8re personnel<br \/>Les donn\u00e9es \u00e0 caract\u00e8re personnel sont utilis\u00e9es par le Vendeur et ses co-contractants pour l\u2019ex\u00e9cution du contrat et pour assurer l\u2019efficacit\u00e9 de la prestation de vente et de d\u00e9livrance des Produits.<br \/>La ou les cat\u00e9gorie(s) de co-contractant(s) est (sont) :<br \/>\u2022 Les prestataires de transport<\/p>\n<p>9.3 Responsable de traitement<br \/>Le responsable de traitement des donn\u00e9es est le Vendeur, au sens de la loi Informatique et libert\u00e9s et \u00e0 compter du 25 mai 2018 du R\u00e8glement 2016\/679 sur la protection des donn\u00e9es \u00e0 caract\u00e8re personnel.<\/p>\n<p>9.4 limitation du traitement<br \/>Sauf si le Client exprime son accord expr\u00e8s, ses donn\u00e9es \u00e0 caract\u00e8re personnelles ne sont pas utilis\u00e9es \u00e0 des fins publicitaires ou marketing.<\/p>\n<p>9.5 Dur\u00e9e de conservation des donn\u00e9es<br \/>Le Vendeur conservera les donn\u00e9es ainsi recueillies pendant un d\u00e9lai de 5 ans, couvrant le temps de la prescription de la responsabilit\u00e9 civile contractuelle applicable.<\/p>\n<p>9.6 S\u00e9curit\u00e9 et confidentialit\u00e9<br \/>Le Vendeur met en \u0153uvre des mesures organisationnelles, techniques, logicielles et physiques en mati\u00e8re de s\u00e9curit\u00e9 du num\u00e9rique pour prot\u00e9ger les donn\u00e9es personnelles contre les alt\u00e9rations, destructions et acc\u00e8s non autoris\u00e9s. Toutefois il est \u00e0 signaler qu\u2019Internet n\u2019est pas un environnement compl\u00e8tement s\u00e9curis\u00e9 et le Vendeur ne peut garantir la s\u00e9curit\u00e9 de la transmission ou du stockage des informations sur Internet.<\/p>\n<p>9.7 Mise en \u0153uvre des droits des Clients et utilisateurs<br \/>En application de la r\u00e8glementation applicable aux donn\u00e9es \u00e0 caract\u00e8re personnel, les Clients et utilisateurs du site www.chateau-la-clyde.fr disposent des droits suivants :<br \/>\u2022 Ils peuvent mettre \u00e0 jour ou supprimer les donn\u00e9es qui les concernent de la mani\u00e8re suivante :<br \/><a href=\"https:\/\/chateau-la-clyde.fr\/mon-compte\/\">https:\/\/chateau-la-clyde\/mon-compte\/<\/a>.<br \/>\u2022 Ils peuvent supprimer leur compte en \u00e9crivant \u00e0 l\u2019adresse \u00e9lectronique indiqu\u00e9 \u00e0 l\u2019article 9.3 \u00ab Responsable de traitement \u00bb<br \/>\u2022 Ils peuvent exercer leur droit d\u2019acc\u00e8s pour conna\u00eetre les donn\u00e9es personnelles les concernant en \u00e9crivant \u00e0 l\u2019adresse indiqu\u00e9 \u00e0 l\u2019article 9.3 \u00ab Responsable de traitement \u00bb<br \/>\u2022 Si les donn\u00e9es \u00e0 caract\u00e8re personnel d\u00e9tenues par le Vendeur sont inexactes, ils peuvent demander la mise \u00e0 jour des informations des informations en \u00e9crivant \u00e0 l\u2019adresse indiqu\u00e9 \u00e0 l\u2019article 9.3 \u00ab Responsable de traitement \u00bb<br \/>\u2022 Ils peuvent demander la suppression de leurs donn\u00e9es \u00e0 caract\u00e8re personnel, conform\u00e9ment aux lois applicables en mati\u00e8re de protection des donn\u00e9es en \u00e9crivant \u00e0 l\u2019adresse indiqu\u00e9 \u00e0 l\u2019article 9.3 \u00ab Responsable de traitement \u00bb<br \/>\u2022 Ils peuvent \u00e9galement solliciter la portabilit\u00e9 des donn\u00e9es d\u00e9tenues par le Vendeur vers un autre prestataire<br \/>\u2022 Enfin, ils peuvent s\u2019opposer au traitement de leurs donn\u00e9es par le Vendeur<br \/>Ces droits, d\u00e8s lors qu\u2019ils ne s\u2019opposent pas \u00e0 la finalit\u00e9 du traitement, peuvent \u00eatre exerc\u00e9 en adressant une demande par courrier ou par E-mail au Responsable de traitement dont les coordonn\u00e9es sont indiqu\u00e9es ci-dessus.<br \/>Le responsable de traitement doit apporter une r\u00e9ponse dans un d\u00e9lai maximum d\u2019un mois.<br \/>En cas de refus de faire droit \u00e0 la demande du Client, celui-ci doit \u00eatre motiv\u00e9.<br \/>Le Client est inform\u00e9 qu\u2019en cas de refus, il peut introduire une r\u00e9clamation aupr\u00e8s de la CNIL (3 place de Fontenoy, 75007 PARIS) ou saisir une autorit\u00e9 judiciaire.<br \/>Le Client peut \u00eatre invit\u00e9 \u00e0 cocher une case au titre de laquelle il accepte de recevoir des mails \u00e0 caract\u00e8re informatifs et publicitaires de la part du Vendeur. Il aura toujours la possibilit\u00e9 de retirer son accord \u00e0 tout moment en contactant le Vendeur (coordonn\u00e9es ci-dessus) ou en suivant le lien de d\u00e9sabonnement.<\/p>\n<p>[\/et_pb_accordion_item][et_pb_accordion_item title=\u00a0\u00bb10. Article &#8211; Propri\u00e9t\u00e9 intellectuelle\u00a0\u00bb open_toggle_text_color=\u00a0\u00bb#2c2e3e\u00a0\u00bb open_toggle_background_color=\u00a0\u00bbrgba(0,0,0,0)\u00a0\u00bb closed_toggle_text_color=\u00a0\u00bb#2c2e3e\u00a0\u00bb closed_toggle_background_color=\u00a0\u00bbrgba(0,0,0,0)\u00a0\u00bb icon_color=\u00a0\u00bb#651d32&Prime; _builder_version=\u00a0\u00bb4.16&Prime; body_font=\u00a0\u00bbMartel Sans|300|||||||\u00a0\u00bb body_text_color=\u00a0\u00bb#2c2e3e\u00a0\u00bb custom_css_main_element=\u00a0\u00bbmargin-bottom: 2% !important;\u00a0\u00bb global_colors_info=\u00a0\u00bb{}\u00a0\u00bb toggle_text_color=\u00a0\u00bb#2c2e3e\u00a0\u00bb toggle_font=\u00a0\u00bbMartel Sans||||||||\u00a0\u00bb closed_toggle_font=\u00a0\u00bbMartel Sans||||||||\u00a0\u00bb open=\u00a0\u00bboff\u00a0\u00bb]Le contenu du site www.chateau-la-clyde.fr est la propri\u00e9t\u00e9 du Vendeur et de ses partenaires et est prot\u00e9g\u00e9 par les lois fran\u00e7aises et internationales relatives \u00e0 la propri\u00e9t\u00e9 intellectuelle.<br \/>\nToute reproduction totale ou partielle de ce contenu est strictement interdite et est susceptible de constituer un d\u00e9lit de contrefa\u00e7on.[\/et_pb_accordion_item][et_pb_accordion_item title=\u00a0\u00bb11. Article &#8211; Droit applicable &#8211; Langue\u00a0\u00bb open_toggle_text_color=\u00a0\u00bb#2c2e3e\u00a0\u00bb open_toggle_background_color=\u00a0\u00bbrgba(0,0,0,0)\u00a0\u00bb closed_toggle_text_color=\u00a0\u00bb#2c2e3e\u00a0\u00bb closed_toggle_background_color=\u00a0\u00bbrgba(0,0,0,0)\u00a0\u00bb icon_color=\u00a0\u00bb#651d32&Prime; _builder_version=\u00a0\u00bb4.16&Prime; body_font=\u00a0\u00bbMartel Sans|300|||||||\u00a0\u00bb body_text_color=\u00a0\u00bb#2c2e3e\u00a0\u00bb custom_css_main_element=\u00a0\u00bbmargin-bottom: 2% !important;\u00a0\u00bb global_colors_info=\u00a0\u00bb{}\u00a0\u00bb toggle_text_color=\u00a0\u00bb#2c2e3e\u00a0\u00bb toggle_font=\u00a0\u00bbMartel Sans||||||||\u00a0\u00bb closed_toggle_font=\u00a0\u00bbMartel Sans||||||||\u00a0\u00bb open=\u00a0\u00bboff\u00a0\u00bb]Les pr\u00e9sentes CGV et les op\u00e9rations qui en d\u00e9coulent sont r\u00e9gies et soumises au droit fran\u00e7ais.<br \/>\nLes pr\u00e9sentes CGV sont r\u00e9dig\u00e9es en langue fran\u00e7aise. Dans le cas o\u00f9 elles seraient traduites en une ou plusieurs langues \u00e9trang\u00e8res, seul le texte fran\u00e7ais ferait foi en cas de litige.[\/et_pb_accordion_item][et_pb_accordion_item title=\u00a0\u00bb12. Article- Litiges\u00a0\u00bb open_toggle_text_color=\u00a0\u00bb#2c2e3e\u00a0\u00bb open_toggle_background_color=\u00a0\u00bbrgba(0,0,0,0)\u00a0\u00bb closed_toggle_text_color=\u00a0\u00bb#2c2e3e\u00a0\u00bb closed_toggle_background_color=\u00a0\u00bbrgba(0,0,0,0)\u00a0\u00bb icon_color=\u00a0\u00bb#651d32&Prime; _builder_version=\u00a0\u00bb4.16&Prime; body_font=\u00a0\u00bbMartel Sans|300|||||||\u00a0\u00bb body_text_color=\u00a0\u00bb#2c2e3e\u00a0\u00bb custom_css_main_element=\u00a0\u00bbmargin-bottom: 2% !important;\u00a0\u00bb global_colors_info=\u00a0\u00bb{}\u00a0\u00bb toggle_text_color=\u00a0\u00bb#2c2e3e\u00a0\u00bb toggle_font=\u00a0\u00bbMartel Sans||||||||\u00a0\u00bb closed_toggle_font=\u00a0\u00bbMartel Sans||||||||\u00a0\u00bb open=\u00a0\u00bboff\u00a0\u00bb]<\/p>\n<p>Pour toute r\u00e9clamation merci de contacter le service client\u00e8le \u00e0 l\u2019adresse postale ou mail du Vendeur indiqu\u00e9e \u00e0 l\u2019ARTICLE 1 des pr\u00e9sentes CGV.<br \/>\nLe Client est inform\u00e9 qu&rsquo;il peut en tout \u00e9tat de cause recourir \u00e0 une m\u00e9diation conventionnelle, aupr\u00e8s des instances de m\u00e9diation sectorielles existantes ou \u00e0 tout mode alternatif de r\u00e8glement des diff\u00e9rends (conciliation, par exemple) en cas de contestation.<br \/>\nEn l\u2019esp\u00e8ce, le m\u00e9diateur d\u00e9sign\u00e9 est<br \/>\n            En cas de contestation la comp\u00e9tence est strictement reserv\u00e9e au tribunal de Bordeaux.<\/p>\n<p>Le Client est \u00e9galement inform\u00e9 qu\u2019il peut, \u00e9galement recourir \u00e0 la plateforme de R\u00e8glement en Ligne des Litige (RLL) :https:\/\/webgate.ec.europa.eu\/odr\/main\/index.cfm?event=main.home.show<br \/>\nTous les litiges auxquels les op\u00e9rations d&rsquo;achat et de vente conclues en application des pr\u00e9sentes CGV et qui n\u2019auraient pas fait l\u2019objet d\u2019un r\u00e8glement amiable entre le vendeur ou par m\u00e9diation, seront soumis aux tribunaux comp\u00e9tents dans les conditions de droit commun.<\/p>\n<p>R\u00e9alis\u00e9 sur https:\/\/www.legalplace.fr\n<\/p>\n<p>[\/et_pb_accordion_item][et_pb_accordion_item title=\u00a0\u00bb13. ANNEXE I\u00a0\u00bb open_toggle_text_color=\u00a0\u00bb#2c2e3e\u00a0\u00bb open_toggle_background_color=\u00a0\u00bbrgba(0,0,0,0)\u00a0\u00bb closed_toggle_text_color=\u00a0\u00bb#2c2e3e\u00a0\u00bb closed_toggle_background_color=\u00a0\u00bbrgba(0,0,0,0)\u00a0\u00bb icon_color=\u00a0\u00bb#651d32&Prime; _builder_version=\u00a0\u00bb4.16&Prime; body_font=\u00a0\u00bbMartel Sans|300|||||||\u00a0\u00bb body_text_color=\u00a0\u00bb#2c2e3e\u00a0\u00bb custom_css_main_element=\u00a0\u00bbmargin-bottom: 2% !important;\u00a0\u00bb global_colors_info=\u00a0\u00bb{}\u00a0\u00bb toggle_text_color=\u00a0\u00bb#2c2e3e\u00a0\u00bb toggle_font=\u00a0\u00bbMartel Sans||||||||\u00a0\u00bb closed_toggle_font=\u00a0\u00bbMartel Sans||||||||\u00a0\u00bb open=\u00a0\u00bboff\u00a0\u00bb]Formulaire de r\u00e9tractation<\/p>\n<p>Date ______________________<\/p>\n<p>Le pr\u00e9sent formulaire doit \u00eatre compl\u00e9t\u00e9 et renvoy\u00e9 uniquement si le Client souhaite se r\u00e9tracter de la commande pass\u00e9e sur www.chateau-la-clyde.fr sauf exclusions ou limites \u00e0 l&rsquo;exercice du droit de r\u00e9tractation suivant les Conditions G\u00e9n\u00e9rales de Vente applicables.<br \/>\nA l&rsquo;attention de EI, CHATEAU LA CLYDE<br \/>\n55 PLACE MIATTE 33550 TABANAC<br \/>\nJe notifie par la pr\u00e9sente la r\u00e9tractation du contrat portant sur le bien ci-dessous :<br \/>\n&#8211;  Commande du (indiquer la date)<br \/>\n&#8211;  Num\u00e9ro de la commande : &#8230;&#8230;&#8230;&#8230;&#8230;&#8230;&#8230;&#8230;&#8230;&#8230;&#8230;&#8230;&#8230;&#8230;&#8230;&#8230;&#8230;&#8230;&#8230;..<br \/>\n&#8211;  Nom du Client : &#8230;&#8230;&#8230;&#8230;&#8230;&#8230;&#8230;&#8230;&#8230;&#8230;&#8230;&#8230;&#8230;&#8230;&#8230;&#8230;&#8230;&#8230;&#8230;&#8230;&#8230;&#8230;&#8230;&#8230;&#8230;<br \/>\n&#8211;  Adresse du Client : &#8230;&#8230;&#8230;&#8230;&#8230;&#8230;&#8230;&#8230;&#8230;&#8230;&#8230;&#8230;&#8230;&#8230;&#8230;&#8230;&#8230;&#8230;&#8230;&#8230;&#8230;&#8230;&#8230;..<\/p>\n<p>Signature du Client (uniquement en cas de notification du pr\u00e9sent formulaire sur papier)[\/et_pb_accordion_item][\/et_pb_accordion][\/et_pb_column][et_pb_column type=\u00a0\u00bb1_3&Prime; _builder_version=\u00a0\u00bb4.16&Prime; background_color=\u00a0\u00bb#f6f1f0&Prime; background_enable_image=\u00a0\u00bboff\u00a0\u00bb background_size=\u00a0\u00bbinitial\u00a0\u00bb background_position=\u00a0\u00bbbottom_right\u00a0\u00bb background_blend=\u00a0\u00bbscreen\u00a0\u00bb custom_padding=\u00a0\u00bb3%|2%||3%|false|false\u00a0\u00bb global_colors_info=\u00a0\u00bb{}\u00a0\u00bb][et_pb_text _builder_version=\u00a0\u00bb4.16&Prime; text_font=\u00a0\u00bbMontserrat|300|||||||\u00a0\u00bb text_text_color=\u00a0\u00bb#171717&Prime; text_font_size=\u00a0\u00bb16px\u00a0\u00bb header_text_color=\u00a0\u00bb#75341f\u00a0\u00bb header_2_font=\u00a0\u00bbItaliana|||on|||||\u00a0\u00bb header_2_text_align=\u00a0\u00bbleft\u00a0\u00bb header_2_text_color=\u00a0\u00bb#1b1c1e\u00a0\u00bb header_2_font_size=\u00a0\u00bb20px\u00a0\u00bb header_2_line_height=\u00a0\u00bb1.3em\u00a0\u00bb text_orientation=\u00a0\u00bbcenter\u00a0\u00bb custom_margin=\u00a0\u00bb||5px||false|false\u00a0\u00bb custom_padding=\u00a0\u00bb||||false|false\u00a0\u00bb global_colors_info=\u00a0\u00bb{}\u00a0\u00bb]<\/p>\n<h2>Besoin d&rsquo;aide ?<\/h2>\n<p>[\/et_pb_text][et_pb_text _builder_version=\u00a0\u00bb4.21.0&Prime; text_font=\u00a0\u00bbOpen Sans|300|||||||\u00a0\u00bb text_text_color=\u00a0\u00bb#222222&Prime; text_font_size_tablet=\u00a0\u00bb\u00a0\u00bb text_font_size_phone=\u00a0\u00bb14px\u00a0\u00bb text_font_size_last_edited=\u00a0\u00bbon|phone\u00a0\u00bb global_colors_info=\u00a0\u00bb{}\u00a0\u00bb]<\/p>\n<p>&nbsp;<\/p>\n<p>&nbsp;<\/p>\n<p>Vous pouvez aussi nous contacter par e-mail via le :<br \/><strong><a href=\"https:\/\/chateau-la-clyde.fr\/contact\/\" target=\"_blank\" rel=\"noopener\">formulaire de contact<\/a>.<br \/><\/strong><\/p>\n<p><strong>\u00a0<\/strong><\/p>\n<p>[\/et_pb_text][\/et_pb_column][\/et_pb_row][\/et_pb_section]<\/p>\n","protected":false},"excerpt":{"rendered":"<p>Conditions G\u00e9n\u00e9rales de VenteMis \u00e0 jour au 31\/05\/2023Les pr\u00e9sentes conditions g\u00e9n\u00e9rales de vente s&rsquo;appliquent \u00e0 toutes les ventes conclues sur le site Internet chateau-la-clyde.fr sous r\u00e9serve des conditions particuli\u00e8res indiqu\u00e9es dans la pr\u00e9sentation des produits.Les pr\u00e9sentes Conditions G\u00e9n\u00e9rales de Vente (dites \u00ab CGV \u00bb) s&rsquo;appliquent, sans restriction ni r\u00e9serve \u00e0 l&rsquo;ensemble des ventes conclues par [&hellip;]<\/p>\n","protected":false},"author":1,"featured_media":0,"parent":0,"menu_order":0,"comment_status":"closed","ping_status":"closed","template":"","meta":{"_et_pb_use_builder":"on","_et_pb_old_content":"","_et_gb_content_width":""},"yoast_head":"<!-- This site is optimized with the Yoast SEO plugin v21.8.1 - https:\/\/yoast.com\/wordpress\/plugins\/seo\/ -->\n<title>Conditions G\u00e9n\u00e9rales de Vente - Ch\u00e2teau La CLYDE. Vins de Bordeaux Bio et Biodynamie<\/title>\n<meta name=\"robots\" content=\"index, follow, max-snippet:-1, max-image-preview:large, max-video-preview:-1\" \/>\n<link rel=\"canonical\" href=\"https:\/\/chateau-la-clyde.fr\/en\/conditions-generales-de-vente\/\" \/>\n<meta property=\"og:locale\" content=\"en_GB\" \/>\n<meta property=\"og:type\" content=\"article\" \/>\n<meta property=\"og:title\" content=\"Conditions G\u00e9n\u00e9rales de Vente - Ch\u00e2teau La CLYDE. Vins de Bordeaux Bio et Biodynamie\" \/>\n<meta property=\"og:description\" content=\"Conditions G\u00e9n\u00e9rales de VenteMis \u00e0 jour au 31\/05\/2023Les pr\u00e9sentes conditions g\u00e9n\u00e9rales de vente s&#039;appliquent \u00e0 toutes les ventes conclues sur le site Internet chateau-la-clyde.fr sous r\u00e9serve des conditions particuli\u00e8res indiqu\u00e9es dans la pr\u00e9sentation des produits.Les pr\u00e9sentes Conditions G\u00e9n\u00e9rales de Vente (dites \u00ab CGV \u00bb) s&#039;appliquent, sans restriction ni r\u00e9serve \u00e0 l&#039;ensemble des ventes conclues par [&hellip;]\" \/>\n<meta property=\"og:url\" content=\"https:\/\/chateau-la-clyde.fr\/en\/conditions-generales-de-vente\/\" \/>\n<meta property=\"og:site_name\" content=\"Ch\u00e2teau La CLYDE. Vins de Bordeaux Bio et Biodynamie\" \/>\n<meta property=\"article:publisher\" content=\"https:\/\/www.facebook.com\/CHATEAULACLYDE\" \/>\n<meta property=\"article:modified_time\" content=\"2023-05-31T13:46:19+00:00\" \/>\n<script type=\"application\/ld+json\" class=\"yoast-schema-graph\">{\"@context\":\"https:\/\/schema.org\",\"@graph\":[{\"@type\":\"WebPage\",\"@id\":\"https:\/\/chateau-la-clyde.fr\/conditions-generales-de-vente\/\",\"url\":\"https:\/\/chateau-la-clyde.fr\/conditions-generales-de-vente\/\",\"name\":\"Conditions G\u00e9n\u00e9rales de Vente - Ch\u00e2teau La CLYDE. Vins de Bordeaux Bio et Biodynamie\",\"isPartOf\":{\"@id\":\"https:\/\/chateau-la-clyde.fr\/#website\"},\"datePublished\":\"2023-05-31T13:39:00+00:00\",\"dateModified\":\"2023-05-31T13:46:19+00:00\",\"breadcrumb\":{\"@id\":\"https:\/\/chateau-la-clyde.fr\/conditions-generales-de-vente\/#breadcrumb\"},\"inLanguage\":\"en-GB\",\"potentialAction\":[{\"@type\":\"ReadAction\",\"target\":[\"https:\/\/chateau-la-clyde.fr\/conditions-generales-de-vente\/\"]}]},{\"@type\":\"BreadcrumbList\",\"@id\":\"https:\/\/chateau-la-clyde.fr\/conditions-generales-de-vente\/#breadcrumb\",\"itemListElement\":[{\"@type\":\"ListItem\",\"position\":1,\"name\":\"Accueil\",\"item\":\"https:\/\/chateau-la-clyde.fr\/\"},{\"@type\":\"ListItem\",\"position\":2,\"name\":\"Conditions G\u00e9n\u00e9rales de Vente\"}]},{\"@type\":\"WebSite\",\"@id\":\"https:\/\/chateau-la-clyde.fr\/#website\",\"url\":\"https:\/\/chateau-la-clyde.fr\/\",\"name\":\"Ch\u00e2teau La CLYDE. Vins de Bordeaux Bio et Biodynamie\",\"description\":\"Le complice indispensable de vos repas gastronomiques\",\"publisher\":{\"@id\":\"https:\/\/chateau-la-clyde.fr\/#organization\"},\"alternateName\":\"Ch\u00e2teau La Clyde\",\"potentialAction\":[{\"@type\":\"SearchAction\",\"target\":{\"@type\":\"EntryPoint\",\"urlTemplate\":\"https:\/\/chateau-la-clyde.fr\/?s={search_term_string}\"},\"query-input\":\"required name=search_term_string\"}],\"inLanguage\":\"en-GB\"},{\"@type\":\"Organization\",\"@id\":\"https:\/\/chateau-la-clyde.fr\/#organization\",\"name\":\"Ch\u00e2teau La CLYDE\",\"url\":\"https:\/\/chateau-la-clyde.fr\/\",\"logo\":{\"@type\":\"ImageObject\",\"inLanguage\":\"en-GB\",\"@id\":\"https:\/\/chateau-la-clyde.fr\/#\/schema\/logo\/image\/\",\"url\":\"https:\/\/chateau-la-clyde.fr\/wp-content\/uploads\/2023\/05\/chateau-la-clyde-logo-300.png\",\"contentUrl\":\"https:\/\/chateau-la-clyde.fr\/wp-content\/uploads\/2023\/05\/chateau-la-clyde-logo-300.png\",\"width\":300,\"height\":300,\"caption\":\"Ch\u00e2teau La CLYDE\"},\"image\":{\"@id\":\"https:\/\/chateau-la-clyde.fr\/#\/schema\/logo\/image\/\"},\"sameAs\":[\"https:\/\/www.facebook.com\/CHATEAULACLYDE\",\"https:\/\/www.instagram.com\/chateau.la.clyde\/\",\"https:\/\/www.linkedin.com\/company\/chteau-la-clyde\/\"]}]}<\/script>\n<!-- \/ Yoast SEO plugin. -->","yoast_head_json":{"title":"Conditions G\u00e9n\u00e9rales de Vente - Ch\u00e2teau La CLYDE. Vins de Bordeaux Bio et Biodynamie","robots":{"index":"index","follow":"follow","max-snippet":"max-snippet:-1","max-image-preview":"max-image-preview:large","max-video-preview":"max-video-preview:-1"},"canonical":"https:\/\/chateau-la-clyde.fr\/en\/conditions-generales-de-vente\/","og_locale":"en_GB","og_type":"article","og_title":"Conditions G\u00e9n\u00e9rales de Vente - Ch\u00e2teau La CLYDE. Vins de Bordeaux Bio et Biodynamie","og_description":"Conditions G\u00e9n\u00e9rales de VenteMis \u00e0 jour au 31\/05\/2023Les pr\u00e9sentes conditions g\u00e9n\u00e9rales de vente s'appliquent \u00e0 toutes les ventes conclues sur le site Internet chateau-la-clyde.fr sous r\u00e9serve des conditions particuli\u00e8res indiqu\u00e9es dans la pr\u00e9sentation des produits.Les pr\u00e9sentes Conditions G\u00e9n\u00e9rales de Vente (dites \u00ab CGV \u00bb) s'appliquent, sans restriction ni r\u00e9serve \u00e0 l'ensemble des ventes conclues par [&hellip;]","og_url":"https:\/\/chateau-la-clyde.fr\/en\/conditions-generales-de-vente\/","og_site_name":"Ch\u00e2teau La CLYDE. Vins de Bordeaux Bio et Biodynamie","article_publisher":"https:\/\/www.facebook.com\/CHATEAULACLYDE","article_modified_time":"2023-05-31T13:46:19+00:00","schema":{"@context":"https:\/\/schema.org","@graph":[{"@type":"WebPage","@id":"https:\/\/chateau-la-clyde.fr\/conditions-generales-de-vente\/","url":"https:\/\/chateau-la-clyde.fr\/conditions-generales-de-vente\/","name":"Conditions G\u00e9n\u00e9rales de Vente - Ch\u00e2teau La CLYDE. Vins de Bordeaux Bio et Biodynamie","isPartOf":{"@id":"https:\/\/chateau-la-clyde.fr\/#website"},"datePublished":"2023-05-31T13:39:00+00:00","dateModified":"2023-05-31T13:46:19+00:00","breadcrumb":{"@id":"https:\/\/chateau-la-clyde.fr\/conditions-generales-de-vente\/#breadcrumb"},"inLanguage":"en-GB","potentialAction":[{"@type":"ReadAction","target":["https:\/\/chateau-la-clyde.fr\/conditions-generales-de-vente\/"]}]},{"@type":"BreadcrumbList","@id":"https:\/\/chateau-la-clyde.fr\/conditions-generales-de-vente\/#breadcrumb","itemListElement":[{"@type":"ListItem","position":1,"name":"Accueil","item":"https:\/\/chateau-la-clyde.fr\/"},{"@type":"ListItem","position":2,"name":"Conditions G\u00e9n\u00e9rales de Vente"}]},{"@type":"WebSite","@id":"https:\/\/chateau-la-clyde.fr\/#website","url":"https:\/\/chateau-la-clyde.fr\/","name":"Ch\u00e2teau La CLYDE. Vins de Bordeaux Bio et Biodynamie","description":"A Must-Have for Your Gourmet Meals","publisher":{"@id":"https:\/\/chateau-la-clyde.fr\/#organization"},"alternateName":"Ch\u00e2teau La Clyde","potentialAction":[{"@type":"SearchAction","target":{"@type":"EntryPoint","urlTemplate":"https:\/\/chateau-la-clyde.fr\/?s={search_term_string}"},"query-input":"required name=search_term_string"}],"inLanguage":"en-GB"},{"@type":"Organization","@id":"https:\/\/chateau-la-clyde.fr\/#organization","name":"Ch\u00e2teau La CLYDE","url":"https:\/\/chateau-la-clyde.fr\/","logo":{"@type":"ImageObject","inLanguage":"en-GB","@id":"https:\/\/chateau-la-clyde.fr\/#\/schema\/logo\/image\/","url":"https:\/\/chateau-la-clyde.fr\/wp-content\/uploads\/2023\/05\/chateau-la-clyde-logo-300.png","contentUrl":"https:\/\/chateau-la-clyde.fr\/wp-content\/uploads\/2023\/05\/chateau-la-clyde-logo-300.png","width":300,"height":300,"caption":"Ch\u00e2teau La CLYDE"},"image":{"@id":"https:\/\/chateau-la-clyde.fr\/#\/schema\/logo\/image\/"},"sameAs":["https:\/\/www.facebook.com\/CHATEAULACLYDE","https:\/\/www.instagram.com\/chateau.la.clyde\/","https:\/\/www.linkedin.com\/company\/chteau-la-clyde\/"]}]}},"_links":{"self":[{"href":"https:\/\/chateau-la-clyde.fr\/en\/wp-json\/wp\/v2\/pages\/10724"}],"collection":[{"href":"https:\/\/chateau-la-clyde.fr\/en\/wp-json\/wp\/v2\/pages"}],"about":[{"href":"https:\/\/chateau-la-clyde.fr\/en\/wp-json\/wp\/v2\/types\/page"}],"author":[{"embeddable":true,"href":"https:\/\/chateau-la-clyde.fr\/en\/wp-json\/wp\/v2\/users\/1"}],"replies":[{"embeddable":true,"href":"https:\/\/chateau-la-clyde.fr\/en\/wp-json\/wp\/v2\/comments?post=10724"}],"version-history":[{"count":5,"href":"https:\/\/chateau-la-clyde.fr\/en\/wp-json\/wp\/v2\/pages\/10724\/revisions"}],"predecessor-version":[{"id":10732,"href":"https:\/\/chateau-la-clyde.fr\/en\/wp-json\/wp\/v2\/pages\/10724\/revisions\/10732"}],"wp:attachment":[{"href":"https:\/\/chateau-la-clyde.fr\/en\/wp-json\/wp\/v2\/media?parent=10724"}],"curies":[{"name":"wp","href":"https:\/\/api.w.org\/{rel}","templated":true}]}}