{"id":10734,"date":"2023-05-31T15:51:13","date_gmt":"2023-05-31T13:51:13","guid":{"rendered":"https:\/\/chateau-la-clyde.fr\/?page_id=10734"},"modified":"2023-05-31T16:11:15","modified_gmt":"2023-05-31T14:11:15","slug":"mentions-legales","status":"publish","type":"page","link":"https:\/\/chateau-la-clyde.fr\/en\/mentions-legales\/","title":{"rendered":"Mentions L\u00e9gales"},"content":{"rendered":"<p>[et_pb_section fb_built=\u00a0\u00bb1&Prime; custom_padding_last_edited=\u00a0\u00bbon|tablet\u00a0\u00bb _builder_version=\u00a0\u00bb4.21.0&Prime; _module_preset=\u00a0\u00bbdefault\u00a0\u00bb background_color=\u00a0\u00bb#1F3B67&Prime; max_height_tablet=\u00a0\u00bb\u00a0\u00bb max_height_phone=\u00a0\u00bb821px\u00a0\u00bb max_height_last_edited=\u00a0\u00bbon|phone\u00a0\u00bb custom_margin=\u00a0\u00bb||||false|false\u00a0\u00bb custom_margin_tablet=\u00a0\u00bb||||false|false\u00a0\u00bb custom_margin_phone=\u00a0\u00bb-50px||||false|false\u00a0\u00bb custom_margin_last_edited=\u00a0\u00bbon|tablet\u00a0\u00bb custom_padding=\u00a0\u00bb||||false|false\u00a0\u00bb custom_padding_tablet=\u00a0\u00bb\u00a0\u00bb custom_padding_phone=\u00a0\u00bb109px||||false|false\u00a0\u00bb global_colors_info=\u00a0\u00bb{}\u00a0\u00bb][et_pb_row _builder_version=\u00a0\u00bb4.21.0&Prime; custom_margin=\u00a0\u00bb0.1%|auto|-14px|auto|false|false\u00a0\u00bb custom_margin_tablet=\u00a0\u00bb-0.1%|auto|-14px|auto|false|false\u00a0\u00bb custom_margin_phone=\u00a0\u00bb-4.6%|auto|-44px|auto|false|false\u00a0\u00bb custom_margin_last_edited=\u00a0\u00bbon|phone\u00a0\u00bb custom_padding=\u00a0\u00bb4px||0px||false|false\u00a0\u00bb global_colors_info=\u00a0\u00bb{}\u00a0\u00bb][et_pb_column type=\u00a0\u00bb4_4&Prime; _builder_version=\u00a0\u00bb4.16&Prime; global_colors_info=\u00a0\u00bb{}\u00a0\u00bb][et_pb_text _builder_version=\u00a0\u00bb4.21.0&Prime; text_font=\u00a0\u00bbMontserrat|300|||||||\u00a0\u00bb text_text_color=\u00a0\u00bb#171717&Prime; text_font_size=\u00a0\u00bb16px\u00a0\u00bb header_font=\u00a0\u00bbRoboto||on||||||\u00a0\u00bb header_text_align=\u00a0\u00bbcenter\u00a0\u00bb header_text_color=\u00a0\u00bb#ffffff\u00a0\u00bb header_font_size=\u00a0\u00bb35px\u00a0\u00bb header_2_font=\u00a0\u00bbPlayfair Display||on||||||\u00a0\u00bb header_2_text_align=\u00a0\u00bbleft\u00a0\u00bb header_2_text_color=\u00a0\u00bb#171717&Prime; header_2_font_size=\u00a0\u00bb28px\u00a0\u00bb header_2_line_height=\u00a0\u00bb1.3em\u00a0\u00bb text_orientation=\u00a0\u00bbcenter\u00a0\u00bb custom_margin=\u00a0\u00bb||25px||false|false\u00a0\u00bb custom_padding=\u00a0\u00bb||||false|false\u00a0\u00bb header_font_size_tablet=\u00a0\u00bb\u00a0\u00bb header_font_size_phone=\u00a0\u00bb25px\u00a0\u00bb header_font_size_last_edited=\u00a0\u00bbon|phone\u00a0\u00bb header_text_shadow_style=\u00a0\u00bbpreset1&Prime; global_colors_info=\u00a0\u00bb{}\u00a0\u00bb]<\/p>\n<h1>Mentions L\u00e9gales<\/h1>\n<p>[\/et_pb_text][et_pb_image src=\u00a0\u00bbhttps:\/\/chateau-la-clyde.fr\/wp-content\/uploads\/2023\/05\/chateau-la-clyde-logo-300-gris.png\u00a0\u00bb title_text=\u00a0\u00bbchateau-la-clyde-logo-300-gris\u00a0\u00bb align=\u00a0\u00bbcenter\u00a0\u00bb _builder_version=\u00a0\u00bb4.21.0&Prime; _module_preset=\u00a0\u00bbdefault\u00a0\u00bb height_tablet=\u00a0\u00bb\u00a0\u00bb height_phone=\u00a0\u00bb100px\u00a0\u00bb height_last_edited=\u00a0\u00bbon|phone\u00a0\u00bb max_height=\u00a0\u00bb119px\u00a0\u00bb max_height_tablet=\u00a0\u00bb119px\u00a0\u00bb max_height_phone=\u00a0\u00bb100px\u00a0\u00bb max_height_last_edited=\u00a0\u00bbon|phone\u00a0\u00bb global_colors_info=\u00a0\u00bb{}\u00a0\u00bb][\/et_pb_image][\/et_pb_column][\/et_pb_row][\/et_pb_section][et_pb_section fb_built=\u00a0\u00bb1&Prime; _builder_version=\u00a0\u00bb4.16&Prime; background_enable_image=\u00a0\u00bboff\u00a0\u00bb background_size=\u00a0\u00bbinitial\u00a0\u00bb background_position=\u00a0\u00bbtop_left\u00a0\u00bb module_alignment=\u00a0\u00bbcenter\u00a0\u00bb custom_margin=\u00a0\u00bb0px||0px||false|false\u00a0\u00bb custom_padding=\u00a0\u00bb0px||||false|false\u00a0\u00bb locked=\u00a0\u00bboff\u00a0\u00bb global_colors_info=\u00a0\u00bb{}\u00a0\u00bb][et_pb_row _builder_version=\u00a0\u00bb4.16&Prime; _module_preset=\u00a0\u00bbdefault\u00a0\u00bb global_colors_info=\u00a0\u00bb{}\u00a0\u00bb][et_pb_column type=\u00a0\u00bb4_4&Prime; _builder_version=\u00a0\u00bb4.16&Prime; _module_preset=\u00a0\u00bbdefault\u00a0\u00bb global_colors_info=\u00a0\u00bb{}\u00a0\u00bb][et_pb_text _builder_version=\u00a0\u00bb4.21.0&Prime; text_font=\u00a0\u00bbOpen Sans|600|||||||\u00a0\u00bb text_text_color=\u00a0\u00bb#222222&Prime; text_line_height=\u00a0\u00bb1em\u00a0\u00bb custom_margin=\u00a0\u00bb0px||||false|false\u00a0\u00bb custom_padding=\u00a0\u00bb0px||||false|false\u00a0\u00bb global_colors_info=\u00a0\u00bb{}\u00a0\u00bb]<\/p>\n<p>Mis \u00e0 jour au 31\/05\/2023<\/p>\n<p>[\/et_pb_text][et_pb_text _builder_version=\u00a0\u00bb4.21.0&Prime; text_font=\u00a0\u00bbOpen Sans|600|||||||\u00a0\u00bb text_text_color=\u00a0\u00bb#222222&Prime; text_line_height=\u00a0\u00bb1.2em\u00a0\u00bb custom_margin=\u00a0\u00bb0px||||false|false\u00a0\u00bb custom_padding=\u00a0\u00bb0px||||false|false\u00a0\u00bb custom_css_main_element=\u00a0\u00bbfont-weight: 300 !important;\u00a0\u00bb global_colors_info=\u00a0\u00bb{}\u00a0\u00bb]<\/p>\n<p><strong><u>Mentions l\u00e9gales<br \/><\/u><\/strong><\/p>\n<p><span>\u00a0<\/span><\/p>\n<p>Les pr\u00e9sentes mentions l\u00e9gales r\u00e9gissent l\u2019utilisation de ce site chateau-la-clyde.fr.<\/p>\n<p>Ce site appartient et est g\u00e9r\u00e9 par Florence JOUNY<\/p>\n<p>En utilisant ce site, vous indiquez que vous avez lu et compris les conditions d\u2019utilisation et que vous acceptez de les respecter en tout temps.<\/p>\n<p><span>\u00a0<\/span><\/p>\n<p>Type de site : e-commerce<\/p>\n<p>[\/et_pb_text][\/et_pb_column][\/et_pb_row][et_pb_row column_structure=\u00a0\u00bb2_3,1_3&Prime; use_custom_gutter=\u00a0\u00bbon\u00a0\u00bb gutter_width=\u00a0\u00bb4&Prime; make_equal=\u00a0\u00bbon\u00a0\u00bb _builder_version=\u00a0\u00bb4.16&Prime; custom_margin=\u00a0\u00bb20px||||false|false\u00a0\u00bb custom_padding=\u00a0\u00bb0px||||false|false\u00a0\u00bb global_colors_info=\u00a0\u00bb{}\u00a0\u00bb][et_pb_column type=\u00a0\u00bb2_3&Prime; _builder_version=\u00a0\u00bb4.16&Prime; global_colors_info=\u00a0\u00bb{}\u00a0\u00bb][et_pb_accordion icon_color=\u00a0\u00bb#893e30&Prime; module_class=\u00a0\u00bbtogglegeneral\u00a0\u00bb _builder_version=\u00a0\u00bb4.21.0&Prime; toggle_font=\u00a0\u00bbOpen Sans||||||||\u00a0\u00bb closed_toggle_font=\u00a0\u00bbOpen Sans||||||||\u00a0\u00bb body_font=\u00a0\u00bbOpen Sans||||||||\u00a0\u00bb hover_enabled=\u00a0\u00bb0&Prime; border_color_all=\u00a0\u00bb#1b1c1e\u00a0\u00bb global_colors_info=\u00a0\u00bb{}\u00a0\u00bb sticky_enabled=\u00a0\u00bb0&Prime;][et_pb_accordion_item title=\u00a0\u00bb1. Article &#8211; Propri\u00e9t\u00e9 intellectuelle \u00a0\u00bb open=\u00a0\u00bboff\u00a0\u00bb open_toggle_text_color=\u00a0\u00bb#2c2e3e\u00a0\u00bb open_toggle_background_color=\u00a0\u00bbrgba(0,0,0,0)\u00a0\u00bb closed_toggle_text_color=\u00a0\u00bb#2c2e3e\u00a0\u00bb closed_toggle_background_color=\u00a0\u00bbrgba(0,0,0,0)\u00a0\u00bb icon_color=\u00a0\u00bb#651d32&Prime; _builder_version=\u00a0\u00bb4.16&Prime; body_font=\u00a0\u00bbMartel Sans|300|||||||\u00a0\u00bb body_text_color=\u00a0\u00bb#2c2e3e\u00a0\u00bb custom_css_main_element=\u00a0\u00bbmargin-bottom: 2% !important;\u00a0\u00bb global_colors_info=\u00a0\u00bb{}\u00a0\u00bb toggle_text_color=\u00a0\u00bb#2c2e3e\u00a0\u00bb toggle_font=\u00a0\u00bbMartel Sans||||||||\u00a0\u00bb closed_toggle_font=\u00a0\u00bbMartel Sans||||||||\u00a0\u00bb]<\/p>\n<p>Tout contenu publi\u00e9 et mis \u00e0 disposition sur ce site est la propri\u00e9t\u00e9 de EI Florence JOUNY et de ses cr\u00e9ateurs. Cela comprend, mais n\u2019est pas limit\u00e9 aux images, textes, logos, documents, fichiers t\u00e9l\u00e9chargeables et tout ce qui contribue \u00e0 la composition de ce site.<\/p>\n<p>[\/et_pb_accordion_item][et_pb_accordion_item title=\u00a0\u00bb2. Article  &#8211; Restrictions d&rsquo;\u00e2ge \u00a0\u00bb open_toggle_text_color=\u00a0\u00bb#2c2e3e\u00a0\u00bb open_toggle_background_color=\u00a0\u00bbrgba(0,0,0,0)\u00a0\u00bb closed_toggle_text_color=\u00a0\u00bb#2c2e3e\u00a0\u00bb closed_toggle_background_color=\u00a0\u00bbrgba(0,0,0,0)\u00a0\u00bb icon_color=\u00a0\u00bb#651d32&Prime; _builder_version=\u00a0\u00bb4.16&Prime; body_font=\u00a0\u00bbMartel Sans|300|||||||\u00a0\u00bb body_text_color=\u00a0\u00bb#2c2e3e\u00a0\u00bb custom_css_main_element=\u00a0\u00bbmargin-bottom: 2% !important;\u00a0\u00bb global_colors_info=\u00a0\u00bb{}\u00a0\u00bb toggle_text_color=\u00a0\u00bb#2c2e3e\u00a0\u00bb toggle_font=\u00a0\u00bbMartel Sans||||||||\u00a0\u00bb closed_toggle_font=\u00a0\u00bbMartel Sans||||||||\u00a0\u00bb open=\u00a0\u00bboff\u00a0\u00bb]<\/p>\n<p>L\u2019\u00e2ge minimum pour utiliser ce site est de<span>\u00a0 18\u00a0<\/span>ans. Les utilisateurs conviennent qu\u2019en utilisant notre site, ils ont plus de<span>\u00a018\u00a0<\/span>ans. Nous n\u2019assumons aucune responsabilit\u00e9 juridique pour les fausses d\u00e9clarations sur l\u2019\u00e2ge.<\/p>\n<p>[\/et_pb_accordion_item][et_pb_accordion_item title=\u00a0\u00bb3. Article \u2013 Comptes \u00a0\u00bb open_toggle_text_color=\u00a0\u00bb#2c2e3e\u00a0\u00bb open_toggle_background_color=\u00a0\u00bbrgba(0,0,0,0)\u00a0\u00bb closed_toggle_text_color=\u00a0\u00bb#2c2e3e\u00a0\u00bb closed_toggle_background_color=\u00a0\u00bbrgba(0,0,0,0)\u00a0\u00bb icon_color=\u00a0\u00bb#651d32&Prime; _builder_version=\u00a0\u00bb4.16&Prime; body_font=\u00a0\u00bbMartel Sans|300|||||||\u00a0\u00bb body_text_color=\u00a0\u00bb#2c2e3e\u00a0\u00bb custom_css_main_element=\u00a0\u00bbmargin-bottom: 2% !important;\u00a0\u00bb global_colors_info=\u00a0\u00bb{}\u00a0\u00bb toggle_text_color=\u00a0\u00bb#2c2e3e\u00a0\u00bb toggle_font=\u00a0\u00bbMartel Sans||||||||\u00a0\u00bb closed_toggle_font=\u00a0\u00bbMartel Sans||||||||\u00a0\u00bb open=\u00a0\u00bboff\u00a0\u00bb]<\/p>\n<p>Lorsque vous cr\u00e9ez un compte sur notre site, vous acceptez ce qui suit :<\/p>\n<ol>\n<li>que vous \u00eates seul responsable de votre compte et de la s\u00e9curit\u00e9 et la confidentialit\u00e9 de votre compte, y compris les mots de passe ou les renseignements de nature d\u00e9licate joints \u00e0 ce compte, et<\/li>\n<li>que tous les renseignements personnels que vous nous fournissez par l\u2019entremise de votre compte sont \u00e0 jour, exacts et v\u00e9ridiques et que vous mettrez \u00e0 jour vos renseignements personnels s\u2019ils changent.<\/li>\n<\/ol>\n<p>Nous nous r\u00e9servons le droit de suspendre ou de r\u00e9silier votre compte si vous utilisez notre site ill\u00e9galement ou si vous violez les conditions d\u2019utilisation acceptable.<\/p>\n<p>[\/et_pb_accordion_item][et_pb_accordion_item title=\u00a0\u00bb4. Article- Limitation de responsabilit\u00e9 \u00a0\u00bb open_toggle_text_color=\u00a0\u00bb#2c2e3e\u00a0\u00bb open_toggle_background_color=\u00a0\u00bbrgba(0,0,0,0)\u00a0\u00bb closed_toggle_text_color=\u00a0\u00bb#2c2e3e\u00a0\u00bb closed_toggle_background_color=\u00a0\u00bbrgba(0,0,0,0)\u00a0\u00bb icon_color=\u00a0\u00bb#651d32&Prime; _builder_version=\u00a0\u00bb4.16&Prime; body_font=\u00a0\u00bbMartel Sans|300|||||||\u00a0\u00bb body_text_color=\u00a0\u00bb#2c2e3e\u00a0\u00bb custom_css_main_element=\u00a0\u00bbmargin-bottom: 2% !important;\u00a0\u00bb global_colors_info=\u00a0\u00bb{}\u00a0\u00bb toggle_text_color=\u00a0\u00bb#2c2e3e\u00a0\u00bb toggle_font=\u00a0\u00bbMartel Sans||||||||\u00a0\u00bb closed_toggle_font=\u00a0\u00bbMartel Sans||||||||\u00a0\u00bb open=\u00a0\u00bboff\u00a0\u00bb]<\/p>\n<p>Florence JOUNY ou l\u2019un de ses employ\u00e9s sera tenu responsable de tout probl\u00e8me d\u00e9coulant de ce site.<\/p>\n<p>N\u00e9anmoins, Florence JOUNY et ses employ\u00e9s ne seront pas tenus responsables de tout probl\u00e8me d\u00e9coulant de toute utilisation irr\u00e9guli\u00e8re de ce site.<\/p>\n<p>[\/et_pb_accordion_item][et_pb_accordion_item title=\u00a0\u00bb5. Article &#8211; Indemnit\u00e9 \u00a0\u00bb open_toggle_text_color=\u00a0\u00bb#2c2e3e\u00a0\u00bb open_toggle_background_color=\u00a0\u00bbrgba(0,0,0,0)\u00a0\u00bb closed_toggle_text_color=\u00a0\u00bb#2c2e3e\u00a0\u00bb closed_toggle_background_color=\u00a0\u00bbrgba(0,0,0,0)\u00a0\u00bb icon_color=\u00a0\u00bb#651d32&Prime; _builder_version=\u00a0\u00bb4.16&Prime; body_font=\u00a0\u00bbMartel Sans|300|||||||\u00a0\u00bb body_text_color=\u00a0\u00bb#2c2e3e\u00a0\u00bb custom_css_main_element=\u00a0\u00bbmargin-bottom: 2% !important;\u00a0\u00bb global_colors_info=\u00a0\u00bb{}\u00a0\u00bb toggle_text_color=\u00a0\u00bb#2c2e3e\u00a0\u00bb toggle_font=\u00a0\u00bbMartel Sans||||||||\u00a0\u00bb closed_toggle_font=\u00a0\u00bbMartel Sans||||||||\u00a0\u00bb open=\u00a0\u00bboff\u00a0\u00bb]<\/p>\n<p>En tant qu\u2019utilisateur, vous indemnisez par les pr\u00e9sentes EI Florence JOUNY de toute responsabilit\u00e9, de tout co\u00fbt, de toute cause d\u2019action, de tout dommage ou de toute d\u00e9pense d\u00e9coulant de votre utilisation de ce site ou de votre violation de l\u2019une des dispositions \u00e9nonc\u00e9es dans le pr\u00e9sent document.<\/p>\n<p>.<\/p>\n<p>[\/et_pb_accordion_item][et_pb_accordion_item title=\u00a0\u00bb6. Article &#8211; Lois applicables \u00a0\u00bb open_toggle_text_color=\u00a0\u00bb#2c2e3e\u00a0\u00bb open_toggle_background_color=\u00a0\u00bbrgba(0,0,0,0)\u00a0\u00bb closed_toggle_text_color=\u00a0\u00bb#2c2e3e\u00a0\u00bb closed_toggle_background_color=\u00a0\u00bbrgba(0,0,0,0)\u00a0\u00bb icon_color=\u00a0\u00bb#651d32&Prime; _builder_version=\u00a0\u00bb4.16&Prime; body_font=\u00a0\u00bbMartel Sans|300|||||||\u00a0\u00bb body_text_color=\u00a0\u00bb#2c2e3e\u00a0\u00bb custom_css_main_element=\u00a0\u00bbmargin-bottom: 2% !important;\u00a0\u00bb global_colors_info=\u00a0\u00bb{}\u00a0\u00bb toggle_text_color=\u00a0\u00bb#2c2e3e\u00a0\u00bb toggle_font=\u00a0\u00bbMartel Sans||||||||\u00a0\u00bb closed_toggle_font=\u00a0\u00bbMartel Sans||||||||\u00a0\u00bb open=\u00a0\u00bboff\u00a0\u00bb]<\/p>\n<p>Ce document est soumis aux lois applicables en France et vise \u00e0 se conformer \u00e0 ses r\u00e8gles et r\u00e8glements n\u00e9cessaires. Cela inclut la r\u00e9glementation \u00e0 l\u2019\u00e9chelle de l\u2019UE \u00e9nonc\u00e9e dans le RGPD.<\/p>\n<p>[\/et_pb_accordion_item][et_pb_accordion_item title=\u00a0\u00bb7. Article -Divisibilit\u00e9 \u00a0\u00bb open_toggle_text_color=\u00a0\u00bb#2c2e3e\u00a0\u00bb open_toggle_background_color=\u00a0\u00bbrgba(0,0,0,0)\u00a0\u00bb closed_toggle_text_color=\u00a0\u00bb#2c2e3e\u00a0\u00bb closed_toggle_background_color=\u00a0\u00bbrgba(0,0,0,0)\u00a0\u00bb icon_color=\u00a0\u00bb#651d32&Prime; _builder_version=\u00a0\u00bb4.16&Prime; body_font=\u00a0\u00bbMartel Sans|300|||||||\u00a0\u00bb body_text_color=\u00a0\u00bb#2c2e3e\u00a0\u00bb custom_css_main_element=\u00a0\u00bbmargin-bottom: 2% !important;\u00a0\u00bb global_colors_info=\u00a0\u00bb{}\u00a0\u00bb toggle_text_color=\u00a0\u00bb#2c2e3e\u00a0\u00bb toggle_font=\u00a0\u00bbMartel Sans||||||||\u00a0\u00bb closed_toggle_font=\u00a0\u00bbMartel Sans||||||||\u00a0\u00bb open=\u00a0\u00bboff\u00a0\u00bb]<\/p>\n<p>Si, \u00e0 tout moment, l\u2019une des dispositions \u00e9nonc\u00e9es dans le pr\u00e9sent document est jug\u00e9e incompatible ou invalide en vertu des lois applicables, ces dispositions seront consid\u00e9r\u00e9es comme nulles et seront retir\u00e9es du pr\u00e9sent document. Toutes les autres dispositions ne seront pas touch\u00e9es par les lois et le reste du document sera toujours consid\u00e9r\u00e9 comme valide.<\/p>\n<p>[\/et_pb_accordion_item][et_pb_accordion_item title=\u00a0\u00bb8. Article -Modifications \u00a0\u00bb open_toggle_text_color=\u00a0\u00bb#2c2e3e\u00a0\u00bb open_toggle_background_color=\u00a0\u00bbrgba(0,0,0,0)\u00a0\u00bb closed_toggle_text_color=\u00a0\u00bb#2c2e3e\u00a0\u00bb closed_toggle_background_color=\u00a0\u00bbrgba(0,0,0,0)\u00a0\u00bb icon_color=\u00a0\u00bb#651d32&Prime; _builder_version=\u00a0\u00bb4.16&Prime; body_font=\u00a0\u00bbMartel Sans|300|||||||\u00a0\u00bb body_text_color=\u00a0\u00bb#2c2e3e\u00a0\u00bb custom_css_main_element=\u00a0\u00bbmargin-bottom: 2% !important;\u00a0\u00bb global_colors_info=\u00a0\u00bb{}\u00a0\u00bb toggle_text_color=\u00a0\u00bb#2c2e3e\u00a0\u00bb toggle_font=\u00a0\u00bbMartel Sans||||||||\u00a0\u00bb closed_toggle_font=\u00a0\u00bbMartel Sans||||||||\u00a0\u00bb open=\u00a0\u00bboff\u00a0\u00bb]<\/p>\n<p>Ces conditions g\u00e9n\u00e9rales peuvent \u00eatre modifi\u00e9es de temps \u00e0 autre afin de maintenir le respect de la loi et de refl\u00e9ter tout changement \u00e0 la fa\u00e7on dont nous g\u00e9rons notre site et la fa\u00e7on dont nous nous attendons \u00e0 ce que les utilisateurs se comportent sur notre site. Nous recommandons \u00e0 nos utilisateurs de v\u00e9rifier ces conditions g\u00e9n\u00e9rales de temps \u00e0 autre pour s\u2019assurer qu\u2019ils sont inform\u00e9s de toute mise \u00e0 jour. Au besoin, nous informerons les utilisateurs par courriel des changements apport\u00e9s \u00e0 ces conditions ou nous afficherons un avis sur notre site.<\/p>\n<p>[\/et_pb_accordion_item][et_pb_accordion_item title=\u00a0\u00bb9. Article &#8211; H\u00e9bergement, int\u00e9gration\u00a0\u00bb open_toggle_text_color=\u00a0\u00bb#2c2e3e\u00a0\u00bb open_toggle_background_color=\u00a0\u00bbrgba(0,0,0,0)\u00a0\u00bb closed_toggle_text_color=\u00a0\u00bb#2c2e3e\u00a0\u00bb closed_toggle_background_color=\u00a0\u00bbrgba(0,0,0,0)\u00a0\u00bb icon_color=\u00a0\u00bb#651d32&Prime; _builder_version=\u00a0\u00bb4.21.0&Prime; body_font=\u00a0\u00bbMartel Sans|300|||||||\u00a0\u00bb body_text_color=\u00a0\u00bb#2c2e3e\u00a0\u00bb hover_enabled=\u00a0\u00bb0&Prime; custom_css_main_element=\u00a0\u00bbmargin-bottom: 2% !important;\u00a0\u00bb global_colors_info=\u00a0\u00bb{}\u00a0\u00bb toggle_text_color=\u00a0\u00bb#2c2e3e\u00a0\u00bb toggle_font=\u00a0\u00bbMartel Sans||||||||\u00a0\u00bb closed_toggle_font=\u00a0\u00bbMartel Sans||||||||\u00a0\u00bb open=\u00a0\u00bbon\u00a0\u00bb sticky_enabled=\u00a0\u00bb0&Prime;]<\/p>\n<p><strong>H\u00e9bergement du site internet :<\/strong> Mediapluriel\u2013 sur serveur Apache Linux \u00e0 Montpellier ou Clermont-Ferrand (France)<\/p>\n<p><strong>Agence Web, conception, int\u00e9grations:<\/strong> MEDIAPLURIEL<\/p>\n<p><strong>Adresse postale:<\/strong> MEDIAPLURIEL BP 30 002 \u2013 34111 Frontignan \u2013 France<\/p>\n<p><strong>Contact:<\/strong> support[arobas]mediapluriel.fr<\/p>\n<p><strong>T\u00e9l\u00e9phone :<\/strong> 33 (0) 467 485 191<\/p>\n<p>[\/et_pb_accordion_item][et_pb_accordion_item title=\u00a0\u00bb10. Article &#8211; Contact \u00a0\u00bb open_toggle_text_color=\u00a0\u00bb#2c2e3e\u00a0\u00bb open_toggle_background_color=\u00a0\u00bbrgba(0,0,0,0)\u00a0\u00bb closed_toggle_text_color=\u00a0\u00bb#2c2e3e\u00a0\u00bb closed_toggle_background_color=\u00a0\u00bbrgba(0,0,0,0)\u00a0\u00bb icon_color=\u00a0\u00bb#651d32&Prime; _builder_version=\u00a0\u00bb4.21.0&Prime; body_font=\u00a0\u00bbMartel Sans|300|||||||\u00a0\u00bb body_text_color=\u00a0\u00bb#2c2e3e\u00a0\u00bb custom_css_main_element=\u00a0\u00bbmargin-bottom: 2% !important;\u00a0\u00bb global_colors_info=\u00a0\u00bb{}\u00a0\u00bb toggle_text_color=\u00a0\u00bb#2c2e3e\u00a0\u00bb toggle_font=\u00a0\u00bbMartel Sans||||||||\u00a0\u00bb closed_toggle_font=\u00a0\u00bbMartel Sans||||||||\u00a0\u00bb open=\u00a0\u00bboff\u00a0\u00bb]<\/p>\n<p>Veuillez communiquer avec nous si vous avez des questions ou des pr\u00e9occupations. Nos coordonn\u00e9es sont les suivantes :<\/p>\n<p>Ch\u00e2teau LA CLYDE<\/p>\n<p>Florence JOUNY<\/p>\n<p>55 Place Miatte<\/p>\n<p>33 550 \u00a0TABANAC \u00a0FRANCE<\/p>\n<p>[\/et_pb_accordion_item][\/et_pb_accordion][\/et_pb_column][et_pb_column type=\u00a0\u00bb1_3&Prime; _builder_version=\u00a0\u00bb4.16&Prime; background_color=\u00a0\u00bb#f6f1f0&Prime; background_enable_image=\u00a0\u00bboff\u00a0\u00bb background_size=\u00a0\u00bbinitial\u00a0\u00bb background_position=\u00a0\u00bbbottom_right\u00a0\u00bb background_blend=\u00a0\u00bbscreen\u00a0\u00bb custom_padding=\u00a0\u00bb3%|2%||3%|false|false\u00a0\u00bb global_colors_info=\u00a0\u00bb{}\u00a0\u00bb][et_pb_text _builder_version=\u00a0\u00bb4.16&Prime; text_font=\u00a0\u00bbMontserrat|300|||||||\u00a0\u00bb text_text_color=\u00a0\u00bb#171717&Prime; text_font_size=\u00a0\u00bb16px\u00a0\u00bb header_text_color=\u00a0\u00bb#75341f\u00a0\u00bb header_2_font=\u00a0\u00bbItaliana|||on|||||\u00a0\u00bb header_2_text_align=\u00a0\u00bbleft\u00a0\u00bb header_2_text_color=\u00a0\u00bb#1b1c1e\u00a0\u00bb header_2_font_size=\u00a0\u00bb20px\u00a0\u00bb header_2_line_height=\u00a0\u00bb1.3em\u00a0\u00bb text_orientation=\u00a0\u00bbcenter\u00a0\u00bb custom_margin=\u00a0\u00bb||5px||false|false\u00a0\u00bb custom_padding=\u00a0\u00bb||||false|false\u00a0\u00bb global_colors_info=\u00a0\u00bb{}\u00a0\u00bb]<\/p>\n<h2>Besoin d&rsquo;aide ?<\/h2>\n<p>[\/et_pb_text][et_pb_text _builder_version=\u00a0\u00bb4.21.0&Prime; text_font=\u00a0\u00bbOpen Sans|300|||||||\u00a0\u00bb text_text_color=\u00a0\u00bb#222222&Prime; text_font_size_tablet=\u00a0\u00bb\u00a0\u00bb text_font_size_phone=\u00a0\u00bb14px\u00a0\u00bb text_font_size_last_edited=\u00a0\u00bbon|phone\u00a0\u00bb global_colors_info=\u00a0\u00bb{}\u00a0\u00bb]<\/p>\n<p>&nbsp;<\/p>\n<p>Vous pouvez aussi nous contacter par e-mail via le :<br \/><strong><a href=\"https:\/\/chateau-la-clyde.fr\/contact\/\" target=\"_blank\" rel=\"noopener\">formulaire de contact.<\/a><br \/><\/strong><\/p>\n<p><strong>\u00a0<\/strong><\/p>\n<p>[\/et_pb_text][\/et_pb_column][\/et_pb_row][\/et_pb_section]<\/p>\n","protected":false},"excerpt":{"rendered":"<p>Mentions L\u00e9galesMis \u00e0 jour au 31\/05\/2023Mentions l\u00e9gales \u00a0 Les pr\u00e9sentes mentions l\u00e9gales r\u00e9gissent l\u2019utilisation de ce site chateau-la-clyde.fr. Ce site appartient et est g\u00e9r\u00e9 par Florence JOUNY En utilisant ce site, vous indiquez que vous avez lu et compris les conditions d\u2019utilisation et que vous acceptez de les respecter en tout temps. \u00a0 Type de [&hellip;]<\/p>\n","protected":false},"author":1,"featured_media":0,"parent":0,"menu_order":0,"comment_status":"closed","ping_status":"closed","template":"","meta":{"_et_pb_use_builder":"on","_et_pb_old_content":"","_et_gb_content_width":""},"yoast_head":"<!-- This site is optimized with the Yoast SEO plugin v21.8.1 - https:\/\/yoast.com\/wordpress\/plugins\/seo\/ -->\n<title>Mentions L\u00e9gales - Ch\u00e2teau La CLYDE. Vins de Bordeaux Bio et Biodynamie<\/title>\n<meta name=\"robots\" content=\"index, follow, max-snippet:-1, max-image-preview:large, max-video-preview:-1\" \/>\n<link rel=\"canonical\" href=\"https:\/\/chateau-la-clyde.fr\/en\/mentions-legales\/\" \/>\n<meta property=\"og:locale\" content=\"en_GB\" \/>\n<meta property=\"og:type\" content=\"article\" \/>\n<meta property=\"og:title\" content=\"Mentions L\u00e9gales - Ch\u00e2teau La CLYDE. Vins de Bordeaux Bio et Biodynamie\" \/>\n<meta property=\"og:description\" content=\"Mentions L\u00e9galesMis \u00e0 jour au 31\/05\/2023Mentions l\u00e9gales \u00a0 Les pr\u00e9sentes mentions l\u00e9gales r\u00e9gissent l\u2019utilisation de ce site chateau-la-clyde.fr. Ce site appartient et est g\u00e9r\u00e9 par Florence JOUNY En utilisant ce site, vous indiquez que vous avez lu et compris les conditions d\u2019utilisation et que vous acceptez de les respecter en tout temps. \u00a0 Type de [&hellip;]\" \/>\n<meta property=\"og:url\" content=\"https:\/\/chateau-la-clyde.fr\/en\/mentions-legales\/\" \/>\n<meta property=\"og:site_name\" content=\"Ch\u00e2teau La CLYDE. Vins de Bordeaux Bio et Biodynamie\" \/>\n<meta property=\"article:publisher\" content=\"https:\/\/www.facebook.com\/CHATEAULACLYDE\" \/>\n<meta property=\"article:modified_time\" content=\"2023-05-31T14:11:15+00:00\" \/>\n<script type=\"application\/ld+json\" class=\"yoast-schema-graph\">{\"@context\":\"https:\/\/schema.org\",\"@graph\":[{\"@type\":\"WebPage\",\"@id\":\"https:\/\/chateau-la-clyde.fr\/mentions-legales\/\",\"url\":\"https:\/\/chateau-la-clyde.fr\/mentions-legales\/\",\"name\":\"Mentions L\u00e9gales - Ch\u00e2teau La CLYDE. Vins de Bordeaux Bio et Biodynamie\",\"isPartOf\":{\"@id\":\"https:\/\/chateau-la-clyde.fr\/#website\"},\"datePublished\":\"2023-05-31T13:51:13+00:00\",\"dateModified\":\"2023-05-31T14:11:15+00:00\",\"breadcrumb\":{\"@id\":\"https:\/\/chateau-la-clyde.fr\/mentions-legales\/#breadcrumb\"},\"inLanguage\":\"en-GB\",\"potentialAction\":[{\"@type\":\"ReadAction\",\"target\":[\"https:\/\/chateau-la-clyde.fr\/mentions-legales\/\"]}]},{\"@type\":\"BreadcrumbList\",\"@id\":\"https:\/\/chateau-la-clyde.fr\/mentions-legales\/#breadcrumb\",\"itemListElement\":[{\"@type\":\"ListItem\",\"position\":1,\"name\":\"Accueil\",\"item\":\"https:\/\/chateau-la-clyde.fr\/\"},{\"@type\":\"ListItem\",\"position\":2,\"name\":\"Mentions L\u00e9gales\"}]},{\"@type\":\"WebSite\",\"@id\":\"https:\/\/chateau-la-clyde.fr\/#website\",\"url\":\"https:\/\/chateau-la-clyde.fr\/\",\"name\":\"Ch\u00e2teau La CLYDE. Vins de Bordeaux Bio et Biodynamie\",\"description\":\"Le complice indispensable de vos repas gastronomiques\",\"publisher\":{\"@id\":\"https:\/\/chateau-la-clyde.fr\/#organization\"},\"alternateName\":\"Ch\u00e2teau La Clyde\",\"potentialAction\":[{\"@type\":\"SearchAction\",\"target\":{\"@type\":\"EntryPoint\",\"urlTemplate\":\"https:\/\/chateau-la-clyde.fr\/?s={search_term_string}\"},\"query-input\":\"required name=search_term_string\"}],\"inLanguage\":\"en-GB\"},{\"@type\":\"Organization\",\"@id\":\"https:\/\/chateau-la-clyde.fr\/#organization\",\"name\":\"Ch\u00e2teau La CLYDE\",\"url\":\"https:\/\/chateau-la-clyde.fr\/\",\"logo\":{\"@type\":\"ImageObject\",\"inLanguage\":\"en-GB\",\"@id\":\"https:\/\/chateau-la-clyde.fr\/#\/schema\/logo\/image\/\",\"url\":\"https:\/\/chateau-la-clyde.fr\/wp-content\/uploads\/2023\/05\/chateau-la-clyde-logo-300.png\",\"contentUrl\":\"https:\/\/chateau-la-clyde.fr\/wp-content\/uploads\/2023\/05\/chateau-la-clyde-logo-300.png\",\"width\":300,\"height\":300,\"caption\":\"Ch\u00e2teau La CLYDE\"},\"image\":{\"@id\":\"https:\/\/chateau-la-clyde.fr\/#\/schema\/logo\/image\/\"},\"sameAs\":[\"https:\/\/www.facebook.com\/CHATEAULACLYDE\",\"https:\/\/www.instagram.com\/chateau.la.clyde\/\",\"https:\/\/www.linkedin.com\/company\/chteau-la-clyde\/\"]}]}<\/script>\n<!-- \/ Yoast SEO plugin. -->","yoast_head_json":{"title":"Mentions L\u00e9gales - Ch\u00e2teau La CLYDE. Vins de Bordeaux Bio et Biodynamie","robots":{"index":"index","follow":"follow","max-snippet":"max-snippet:-1","max-image-preview":"max-image-preview:large","max-video-preview":"max-video-preview:-1"},"canonical":"https:\/\/chateau-la-clyde.fr\/en\/mentions-legales\/","og_locale":"en_GB","og_type":"article","og_title":"Mentions L\u00e9gales - Ch\u00e2teau La CLYDE. Vins de Bordeaux Bio et Biodynamie","og_description":"Mentions L\u00e9galesMis \u00e0 jour au 31\/05\/2023Mentions l\u00e9gales \u00a0 Les pr\u00e9sentes mentions l\u00e9gales r\u00e9gissent l\u2019utilisation de ce site chateau-la-clyde.fr. Ce site appartient et est g\u00e9r\u00e9 par Florence JOUNY En utilisant ce site, vous indiquez que vous avez lu et compris les conditions d\u2019utilisation et que vous acceptez de les respecter en tout temps. \u00a0 Type de [&hellip;]","og_url":"https:\/\/chateau-la-clyde.fr\/en\/mentions-legales\/","og_site_name":"Ch\u00e2teau La CLYDE. Vins de Bordeaux Bio et Biodynamie","article_publisher":"https:\/\/www.facebook.com\/CHATEAULACLYDE","article_modified_time":"2023-05-31T14:11:15+00:00","schema":{"@context":"https:\/\/schema.org","@graph":[{"@type":"WebPage","@id":"https:\/\/chateau-la-clyde.fr\/mentions-legales\/","url":"https:\/\/chateau-la-clyde.fr\/mentions-legales\/","name":"Mentions L\u00e9gales - Ch\u00e2teau La CLYDE. Vins de Bordeaux Bio et Biodynamie","isPartOf":{"@id":"https:\/\/chateau-la-clyde.fr\/#website"},"datePublished":"2023-05-31T13:51:13+00:00","dateModified":"2023-05-31T14:11:15+00:00","breadcrumb":{"@id":"https:\/\/chateau-la-clyde.fr\/mentions-legales\/#breadcrumb"},"inLanguage":"en-GB","potentialAction":[{"@type":"ReadAction","target":["https:\/\/chateau-la-clyde.fr\/mentions-legales\/"]}]},{"@type":"BreadcrumbList","@id":"https:\/\/chateau-la-clyde.fr\/mentions-legales\/#breadcrumb","itemListElement":[{"@type":"ListItem","position":1,"name":"Accueil","item":"https:\/\/chateau-la-clyde.fr\/"},{"@type":"ListItem","position":2,"name":"Mentions L\u00e9gales"}]},{"@type":"WebSite","@id":"https:\/\/chateau-la-clyde.fr\/#website","url":"https:\/\/chateau-la-clyde.fr\/","name":"Ch\u00e2teau La CLYDE. Vins de Bordeaux Bio et Biodynamie","description":"A Must-Have for Your Gourmet Meals","publisher":{"@id":"https:\/\/chateau-la-clyde.fr\/#organization"},"alternateName":"Ch\u00e2teau La Clyde","potentialAction":[{"@type":"SearchAction","target":{"@type":"EntryPoint","urlTemplate":"https:\/\/chateau-la-clyde.fr\/?s={search_term_string}"},"query-input":"required name=search_term_string"}],"inLanguage":"en-GB"},{"@type":"Organization","@id":"https:\/\/chateau-la-clyde.fr\/#organization","name":"Ch\u00e2teau La CLYDE","url":"https:\/\/chateau-la-clyde.fr\/","logo":{"@type":"ImageObject","inLanguage":"en-GB","@id":"https:\/\/chateau-la-clyde.fr\/#\/schema\/logo\/image\/","url":"https:\/\/chateau-la-clyde.fr\/wp-content\/uploads\/2023\/05\/chateau-la-clyde-logo-300.png","contentUrl":"https:\/\/chateau-la-clyde.fr\/wp-content\/uploads\/2023\/05\/chateau-la-clyde-logo-300.png","width":300,"height":300,"caption":"Ch\u00e2teau La CLYDE"},"image":{"@id":"https:\/\/chateau-la-clyde.fr\/#\/schema\/logo\/image\/"},"sameAs":["https:\/\/www.facebook.com\/CHATEAULACLYDE","https:\/\/www.instagram.com\/chateau.la.clyde\/","https:\/\/www.linkedin.com\/company\/chteau-la-clyde\/"]}]}},"_links":{"self":[{"href":"https:\/\/chateau-la-clyde.fr\/en\/wp-json\/wp\/v2\/pages\/10734"}],"collection":[{"href":"https:\/\/chateau-la-clyde.fr\/en\/wp-json\/wp\/v2\/pages"}],"about":[{"href":"https:\/\/chateau-la-clyde.fr\/en\/wp-json\/wp\/v2\/types\/page"}],"author":[{"embeddable":true,"href":"https:\/\/chateau-la-clyde.fr\/en\/wp-json\/wp\/v2\/users\/1"}],"replies":[{"embeddable":true,"href":"https:\/\/chateau-la-clyde.fr\/en\/wp-json\/wp\/v2\/comments?post=10734"}],"version-history":[{"count":7,"href":"https:\/\/chateau-la-clyde.fr\/en\/wp-json\/wp\/v2\/pages\/10734\/revisions"}],"predecessor-version":[{"id":10744,"href":"https:\/\/chateau-la-clyde.fr\/en\/wp-json\/wp\/v2\/pages\/10734\/revisions\/10744"}],"wp:attachment":[{"href":"https:\/\/chateau-la-clyde.fr\/en\/wp-json\/wp\/v2\/media?parent=10734"}],"curies":[{"name":"wp","href":"https:\/\/api.w.org\/{rel}","templated":true}]}}